{"id":786,"date":"2013-09-17T14:27:51","date_gmt":"2013-09-17T17:27:51","guid":{"rendered":"https:\/\/www.infraestruturameioambiente.sp.gov.br\/pgibt\/?page_id=786"},"modified":"2013-09-17T14:27:51","modified_gmt":"2013-09-17T17:27:51","slug":"2012-pryscilla-denise-almeida-da-silva","status":"publish","type":"page","link":"https:\/\/www.infraestruturameioambiente.sp.gov.br\/pgibt\/dissertacoesteses\/2012-pryscilla-denise-almeida-da-silva\/","title":{"rendered":"Pryscilla Denise Almeida da Silva MS"},"content":{"rendered":"<h2 style=\"text-align: center\"><a href=\"https:\/\/smastr16.blob.core.windows.net\/pgibt\/2015\/02\/faixapos6.jpg\"><img decoding=\"async\" loading=\"lazy\" class=\"aligncenter size-full wp-image-3777\" style=\"border: 0px\" alt=\"faixapos6\" src=\"https:\/\/smastr16.blob.core.windows.net\/pgibt\/2015\/02\/faixapos6.jpg\" width=\"950\" height=\"163\" srcset=\"https:\/\/smastr16.blob.core.windows.net\/pgibt\/2015\/02\/faixapos6.jpg 950w, https:\/\/smastr16.blob.core.windows.net\/pgibt\/2015\/02\/faixapos6-768x131.jpg 768w\" sizes=\"(max-width: 950px) 100vw, 950px\" \/><\/a><\/h2>\n<hr align=\"center\" noshade=\"noshade\" size=\"1\" width=\"100%\" \/>\n<h2 style=\"text-align: center\">Pryscilla Denise Almeida da Silva<\/h2>\n<hr align=\"center\" noshade=\"noshade\" size=\"1\" width=\"100%\" \/>\n<p style=\"text-align: center\">A disserta\u00e7\u00e3o intitulada<br \/>\n<strong>&#8220;Biodiversidade e distribui\u00e7\u00e3o das diatom\u00e1ceas planct\u00f4nicas e de sedimento superficial<br \/>\nnas represas de abastecimento do Sistema Alto Cotia (SP)&#8221;<br \/>\n<\/strong>foi defendida \u00e0s 14:00 do dia 27 de abril de 2012.<br \/>\nA\u00a0banca examinadora foi composta pela\u00a0Prof\u00aa Dr\u00aa Denise C. Bicudo (orientadora\/IBt), Prof\u00aa Dr\u00aa Carla Ferragut (IBt) e Prof\u00aa Dr\u00aa<sup>\u00a0\u00a0<\/sup>Thelma Alvim Veiga Ludwig (UFPR).<\/p>\n<div id=\"attachment_790\" style=\"width: 425px\" class=\"wp-caption aligncenter\"><a href=\"https:\/\/smastr16.blob.core.windows.net\/pgibt\/2013\/09\/Pryscilla_Silva1.jpg\"><img aria-describedby=\"caption-attachment-790\" decoding=\"async\" loading=\"lazy\" class=\" wp-image-790 \" alt=\"Profa Dra Thelma Alvim Veiga Ludwig, MSc. Pryscilla Denise Almeida da Silva,  Prof\u00aa Dr\u00aa Denise C. Bicudo, Prof\u00aa Dr\u00aa Carla Ferragut\" src=\"https:\/\/smastr16.blob.core.windows.net\/pgibt\/2013\/09\/Pryscilla_Silva1.jpg\" width=\"415\" height=\"318\" \/><\/a><p id=\"caption-attachment-790\" class=\"wp-caption-text\">Profa Dra Thelma Alvim Veiga Ludwig, MSc. Pryscilla Denise Almeida da Silva,<br \/>Prof\u00aa Dr\u00aa Denise C. Bicudo, Prof\u00aa Dr\u00aa Carla Ferragut<\/p><\/div>\n<p style=\"text-align: center\">O trabalho avaliou a biodiversidade e distribui\u00e7\u00e3o das diatom\u00e1ceas planct\u00f4nicas e presentes no sedimento<br \/>\nsuperficial das represas do Sistema Produtor Alto Cotia (represas Pedro Beicht e Cachoeira da Gra\u00e7a), contribuindo para a<br \/>\ncaracteriza\u00e7\u00e3o da qualidade ecol\u00f3gica desses ecossistemas e com o conhecimento ecol\u00f3gico das diatom\u00e1ceas<br \/>\nde represas tropicais com baixo impacto antropog\u00eanico. O Sistema Alto Cotia abastece cerca de meio milh\u00e3o de habitantes da Regi\u00e3o Metropolitana de S\u00e3o Paulo (RMSP), est\u00e1 inserido na Reserva Florestal do Morro Grande (RFMG) e \u00e9 considerado refer\u00eancia para o abastecimento da RMSP. Foram estabelecidos sete locais de amostragem, nos quais foram realizadas coletas d\u2019\u00e1gua ao longo do perfil vertical, em per\u00edodos seco e chuvoso, e de sedimentos superficiais, no inverno. As represas foram classificadas como mesotr\u00f3ficas,<br \/>\nsendo caracterizadas por \u00e1guas levemente \u00e1cidas, com baixos valores de condutividade, nutrientes e biomassa algal. As caracter\u00edsticas geoqu\u00edmicas dos sedimentos recentes demonstram elevado teor de mat\u00e9ria org\u00e2nica de origem vegetal vascular al\u00f3ctone.<br \/>\nConjuntamente, tais caracter\u00edsticas sinalizam um processo natural de eutrofiza\u00e7\u00e3o. As comunidades de diatom\u00e1ceas<br \/>\nrefor\u00e7am as caracter\u00edsticas de ambientes ainda com baixo impacto antropog\u00eanico e sem processo cultural de eutrofiza\u00e7\u00e3o.<br \/>\nEm termos de biodiversidade, foram adicionadas tr\u00eas novas ocorr\u00eancias de diatom\u00e1ceas para o Brasil, cinco para o<br \/>\nEstado de S\u00e3o Paulo e de todas as esp\u00e9cies para a RFMG. Finalmente, destaca-se a import\u00e2ncia da RFMG para<br \/>\na manuten\u00e7\u00e3o da qualidade ecol\u00f3gica das represas e de condi\u00e7\u00f5es de refer\u00eancia para os mananciais da RMSP.<\/p>\n<hr align=\"center\" noshade=\"noshade\" size=\"1\" width=\"100%\" \/>\n<h3 style=\"text-align: center\">Biodiversidade e distribui\u00e7\u00e3o das diatom\u00e1ceas planct\u00f4nicas e<br \/>\nde sedimento superficial nas represas de abastecimento do Sistema Alto Cotia (SP)<\/h3>\n<hr align=\"center\" noshade=\"noshade\" size=\"1\" width=\"100%\" \/>\n<h4 style=\"text-align: center\"><strong>RESUMO<\/strong><\/h4>\n<p style=\"text-align: justify\">Este estudo visou avaliar a biodiversidade e a distribui\u00e7\u00e3o temporal e espacial das diatom\u00e1ceas planct\u00f4nicas e presentes nos sedimentos superficiais das represas de abastecimento do Sistema Alto Cotia (represas Pedro Beicht e Cachoeira da Gra\u00e7a), contribuindo para a caracteriza\u00e7\u00e3o da qualidade ecol\u00f3gica destes ecossistemas. Objetivou, tamb\u00e9m, ampliar o conhecimento ecol\u00f3gico das diatom\u00e1ceas de represas tropicais com baixo impacto antropog\u00eanico. Este sistema produtor est\u00e1 inserido na Reserva Florestal do Morro Grande (RFMG) e \u00e9 considerado refer\u00eancia ambiental para a Regi\u00e3o Metropolitana de S\u00e3o Paulo (RMSP). Foram realizadas amostragem em sete esta\u00e7\u00f5es (cinco na represa Pedro Beicht e duas em Cachoeira da Gra\u00e7a). A coleta da \u00e1gua foi realizada ao longo do perfil vertical nos per\u00edodos de inverno (seco) e ver\u00e3o (chuvoso); e a de sedimentos superficiais, no inverno. As an\u00e1lises inclu\u00edram vari\u00e1veis f\u00edsicas, qu\u00edmicas e de diatom\u00e1ceas planct\u00f4nicas e do sedimento. As represas foram classificadas como mesotr\u00f3ficas, sendo caracterizadas por \u00e1guas levemente \u00e1cidas, de baixa condutividade, baixos teores de nutrientes e de clorofila-a. As caracter\u00edsticas geoqu\u00edmicas dos sedimentos recentes (2 cm, ~3,7 anos) demonstram elevado teor de mat\u00e9ria org\u00e2nica de origem vegetal vascular al\u00f3ctone. Conjuntamente, tais caracter\u00edsticas sinalizam um processo natural de eutrofiza\u00e7\u00e3o. Foram encontrados 63 t\u00e1xons espec\u00edficos e infraespec\u00edficos no pl\u00e2ncton e 98 no sedimento. A organiza\u00e7\u00e3o estrutural das diatom\u00e1ceas planct\u00f4nicas foi influenciada pela escala sazonal, bem como pela profundidade das represas. No per\u00edodo de inverno e, principalmente, nos locais mais profundos, tr\u00eas esp\u00e9cies de\u00a0<em>Aulacoseira<\/em>\u00a0foram favorecidas pelo regime de mistura. No per\u00edodo de ver\u00e3o e nas regi\u00f5es mais rasas, a comunidade foi mais diversificada, com maior abund\u00e2ncia de esp\u00e9cies bent\u00f4nicas (<em>Brachysira brebissonii<\/em>,\u00a0<em>B. neoxilis<\/em>,\u00a0<em>Navicula herbstiae<\/em>,\u00a0<em>Stenopterobia delicatissima<\/em>\u00a0e\u00a0<em>S. curvula<\/em>). Duas esp\u00e9cies de\u00a0<em>Aulacoseira<\/em>\u00a0(<em>A.<\/em>\u00a0<em>granulata<\/em>\u00a0e\u00a0<em>A. ambigua<\/em>) foram amplamente distribu\u00eddas e bem representadas nas represas, indicando ambientes turbulentos e com circula\u00e7\u00e3o de \u00e1gua. A distribui\u00e7\u00e3o das esp\u00e9cies no sedimento foi principalmente sens\u00edvel \u00e0 profundidade das represas. Esp\u00e9cies de\u00a0<em>Aulacoseira<\/em>\u00a0contribu\u00edram com 21 a 47% da abund\u00e2ncia, enquanto que v\u00e1rias esp\u00e9cies de\u00a0<em>Eunotia<\/em>\u00a0contribu\u00edram com no m\u00e1ximo 25%. A compara\u00e7\u00e3o entre as diatom\u00e1ceas planct\u00f4nicas e as presentes nos sedimentos destaca que o compartimento dos sedimentos integra informa\u00e7\u00f5es de ambos os per\u00edodos clim\u00e1ticos e de elementos planct\u00f4nicos e bent\u00f4nicos. As comunidades de diatom\u00e1ceas refor\u00e7am as caracter\u00edsticas de ambientes ainda com baixo impacto antropog\u00eanico e sem processo cultural de eutrofiza\u00e7\u00e3o. Todavia, recomenda-se um monitoramento mais intensivo e detalhado no ponto de capta\u00e7\u00e3o da represa Pedro Beicht, que j\u00e1 apresenta teores elevados de biomassa fitoplanct\u00f4nica no per\u00edodo de ver\u00e3o. Finalmente, destaca-se a import\u00e2ncia da RFMG para a manuten\u00e7\u00e3o da qualidade ecol\u00f3gica das represas e de condi\u00e7\u00f5es de refer\u00eancia para os mananciais da RMSP.<\/p>\n<p style=\"text-align: justify\"><strong>Palavras chave:\u00a0<\/strong>diatom\u00e1ceas, estado tr\u00f3fico, fitopl\u00e2ncton, sedimento superficial, represa de abastecimento, RMSP.<\/p>\n\n<hr align=\"center\" noshade=\"noshade\" size=\"1\" width=\"100%\" \/>\n<p style=\"text-align: center\"><a href=\"https:\/\/smastr16.blob.core.windows.net\/pgibt\/2013\/09\/pdf_grande.gif\"><img decoding=\"async\" loading=\"lazy\" class=\"aligncenter size-full wp-image-2313\" style=\"border: 0px\" alt=\"pdf_grande\" src=\"https:\/\/smastr16.blob.core.windows.net\/pgibt\/2013\/09\/pdf_grande.gif\" width=\"60\" height=\"60\" \/><\/a><a href=\"https:\/\/smastr16.blob.core.windows.net\/pgibt\/2013\/09\/Pryscilla_Denise_Almeida_da_Silva_MS.pdf\" target=\"_blank\">Pryscilla Denise Almeida da Silva<br \/>\nBiodiversidade e distribui\u00e7\u00e3o das diatom\u00e1ceas planct\u00f4nicas e de sedimento superficial nas represas de abastecimento do Sistema Alto Cotia (SP)<\/a><\/p>\n<hr align=\"center\" noshade=\"noshade\" size=\"1\" width=\"100%\" \/>\n<p style=\"text-align: center\"><strong>\u00a0<a href=\"https:\/\/www.infraestruturameioambiente.sp.gov.br\/pgibt\/dissertacoesteses\/\">VOLTAR AS DISSERTA\u00c7\u00d5ES E TESES<\/a><\/strong><\/p>\n<hr align=\"center\" noshade=\"noshade\" size=\"1\" width=\"100%\" \/>\n","protected":false},"excerpt":{"rendered":"<p>Pryscilla Denise Almeida da Silva A disserta\u00e7\u00e3o intitulada &#8220;Biodiversidade e distribui\u00e7\u00e3o das diatom\u00e1ceas planct\u00f4nicas e de sedimento superficial nas represas de abastecimento do Sistema Alto Cotia (SP)&#8221; foi defendida \u00e0s 14:00 do dia 27 de abril de 2012. A\u00a0banca examinadora foi composta pela\u00a0Prof\u00aa Dr\u00aa Denise C. Bicudo (orientadora\/IBt), Prof\u00aa Dr\u00aa Carla Ferragut (IBt) e Prof\u00aa [&hellip;]<\/p>\n","protected":false},"author":1,"featured_media":0,"parent":249,"menu_order":0,"comment_status":"closed","ping_status":"closed","template":"fullpage.php","meta":[],"_links":{"self":[{"href":"https:\/\/www.infraestruturameioambiente.sp.gov.br\/pgibt\/wp-json\/wp\/v2\/pages\/786"}],"collection":[{"href":"https:\/\/www.infraestruturameioambiente.sp.gov.br\/pgibt\/wp-json\/wp\/v2\/pages"}],"about":[{"href":"https:\/\/www.infraestruturameioambiente.sp.gov.br\/pgibt\/wp-json\/wp\/v2\/types\/page"}],"author":[{"embeddable":true,"href":"https:\/\/www.infraestruturameioambiente.sp.gov.br\/pgibt\/wp-json\/wp\/v2\/users\/1"}],"replies":[{"embeddable":true,"href":"https:\/\/www.infraestruturameioambiente.sp.gov.br\/pgibt\/wp-json\/wp\/v2\/comments?post=786"}],"version-history":[{"count":0,"href":"https:\/\/www.infraestruturameioambiente.sp.gov.br\/pgibt\/wp-json\/wp\/v2\/pages\/786\/revisions"}],"up":[{"embeddable":true,"href":"https:\/\/www.infraestruturameioambiente.sp.gov.br\/pgibt\/wp-json\/wp\/v2\/pages\/249"}],"wp:attachment":[{"href":"https:\/\/www.infraestruturameioambiente.sp.gov.br\/pgibt\/wp-json\/wp\/v2\/media?parent=786"}],"curies":[{"name":"wp","href":"https:\/\/api.w.org\/{rel}","templated":true}]}}