{"id":9910,"date":"2012-10-07T11:26:20","date_gmt":"2012-10-07T14:26:20","guid":{"rendered":"https:\/\/www.infraestruturameioambiente.sp.gov.br\/institutogeologico\/?page_id=9910"},"modified":"2023-04-27T14:28:34","modified_gmt":"2023-04-27T17:28:34","slug":"regras-editoriais-ig","status":"publish","type":"page","link":"https:\/\/www.infraestruturameioambiente.sp.gov.br\/institutogeologico\/publicacoes\/boletim-ig\/regras-editoriais-ig\/","title":{"rendered":"Regras Editoriais"},"content":{"rendered":"<p><a href=\"https:\/\/www.infraestruturameioambiente.sp.gov.br\/wp-content\/uploads\/sites\/233\/2012\/03\/capa-BoletimIG.jpg\"><img decoding=\"async\" loading=\"lazy\" class=\"aligncenter size-medium wp-image-753\" src=\"https:\/\/www.infraestruturameioambiente.sp.gov.br\/wp-content\/uploads\/sites\/233\/2012\/03\/capa-BoletimIG-212x300.jpg\" alt=\"capa BoletimIG\" width=\"212\" height=\"300\" srcset=\"https:\/\/www.infraestruturameioambiente.sp.gov.br\/institutogeologico\/wp-content\/uploads\/sites\/233\/2012\/03\/capa-BoletimIG-212x300.jpg 212w, https:\/\/www.infraestruturameioambiente.sp.gov.br\/institutogeologico\/wp-content\/uploads\/sites\/233\/2012\/03\/capa-BoletimIG-191x270.jpg 191w, https:\/\/www.infraestruturameioambiente.sp.gov.br\/institutogeologico\/wp-content\/uploads\/sites\/233\/2012\/03\/capa-BoletimIG-109x155.jpg 109w, https:\/\/www.infraestruturameioambiente.sp.gov.br\/institutogeologico\/wp-content\/uploads\/sites\/233\/2012\/03\/capa-BoletimIG-68x97.jpg 68w, https:\/\/www.infraestruturameioambiente.sp.gov.br\/institutogeologico\/wp-content\/uploads\/sites\/233\/2012\/03\/capa-BoletimIG-48x68.jpg 48w, https:\/\/www.infraestruturameioambiente.sp.gov.br\/institutogeologico\/wp-content\/uploads\/sites\/233\/2012\/03\/capa-BoletimIG-142x201.jpg 142w, https:\/\/www.infraestruturameioambiente.sp.gov.br\/institutogeologico\/wp-content\/uploads\/sites\/233\/2012\/03\/capa-BoletimIG-91x129.jpg 91w, https:\/\/www.infraestruturameioambiente.sp.gov.br\/institutogeologico\/wp-content\/uploads\/sites\/233\/2012\/03\/capa-BoletimIG-70x99.jpg 70w, https:\/\/www.infraestruturameioambiente.sp.gov.br\/institutogeologico\/wp-content\/uploads\/sites\/233\/2012\/03\/capa-BoletimIG-49x70.jpg 49w, https:\/\/www.infraestruturameioambiente.sp.gov.br\/institutogeologico\/wp-content\/uploads\/sites\/233\/2012\/03\/capa-BoletimIG.jpg 1294w\" sizes=\"(max-width: 212px) 100vw, 212px\" \/><\/a><\/p>\n<p style=\"text-align: justify\">O Boletim do Instituto Geol\u00f3gico foi um peri\u00f3dico editado em fasc\u00edculos com designa\u00e7\u00e3o num\u00e9rica e\/ou cronol\u00f3gica, em intervalos pr\u00e9-fixados (periodicidade), por tempo indeterminado, com a colabora\u00e7\u00e3o de um ou mais autores, tratando de assuntos sobre Geoci\u00eancias e \u00e1reas correlatas, dentro de uma pol\u00edtica editorial definida e com atribui\u00e7\u00e3o de ISSN. S\u00e3o publica\u00e7\u00f5es de conte\u00fado t\u00e9cnico-cient\u00edfico com informa\u00e7\u00f5es baseadas em resultados experimentais ou n\u00e3o, podendo conter informa\u00e7\u00f5es e\/ou observa\u00e7\u00f5es de cunho cient\u00edfico ou de divulga\u00e7\u00e3o emitindo opini\u00f5es que se apresentam sob a forma de boletim.<\/p>\n<p style=\"text-align: justify\">A Comiss\u00e3o Editorial do Boletim do Instituto Geol\u00f3gico ter\u00e1 como objetivo geral dar cumprimento \u00e0 Pol\u00edtica Editorial do Instituto Geol\u00f3gico (IG), exercendo as seguintes atribui\u00e7\u00f5es:<\/p>\n<p style=\"text-align: justify\">I &#8211; analisar, selecionar, aprovar e providenciar as publica\u00e7\u00f5es a serem editadas pelo Instituto Geol\u00f3gico;<\/p>\n<p style=\"text-align: justify\">II &#8211; fixar o cronograma das propostas aprovadas, estabelecendo prioridades;<\/p>\n<p style=\"text-align: justify\">III &#8211; analisar os originais das publica\u00e7\u00f5es e autorizar sua publica\u00e7\u00e3o digital e ou sua remessa \u00e0 gr\u00e1fica respons\u00e1vel pela impress\u00e3o;<\/p>\n<p style=\"text-align: justify\">IV &#8211; redigir, modificar e divulgar o Regimento Interno e as Regras Editorais da respectiva Comiss\u00e3o Editorial;<\/p>\n<p style=\"text-align: justify\">As publica\u00e7\u00f5es do Instituto Geol\u00f3gico dever\u00e3o ser analisadas, quando previstas na respectiva Regra Editorial, atrav\u00e9s de pareceres de an\u00e1lise de m\u00e9rito solicitados por cada Comiss\u00e3o Editorial, no sistema de an\u00e1lise por pares onde cada publica\u00e7\u00e3o ser\u00e1 analisada por um ou mais pesquisadores da \u00e1rea do conhecimento em quest\u00e3o, na qualidade de assessores ad hoc.<\/p>\n<p style=\"text-align: justify\">Observados os crit\u00e9rios de conveni\u00eancia e respeitadas as formalidades legais vigentes, poder\u00e3o ser designados para composi\u00e7\u00e3o do Corpo Editorial membros com t\u00edtulo de doutor, provenientes da Administra\u00e7\u00e3o Direta e Indireta, Fundacional e demais profissionais.<\/p>\n","protected":false},"excerpt":{"rendered":"<p>O Boletim do Instituto Geol\u00f3gico foi um peri\u00f3dico editado em fasc\u00edculos com designa\u00e7\u00e3o num\u00e9rica e\/ou cronol\u00f3gica, em intervalos pr\u00e9-fixados (periodicidade), por tempo indeterminado, com a colabora\u00e7\u00e3o de um ou mais autores, tratando de assuntos sobre Geoci\u00eancias e \u00e1reas correlatas, dentro de uma pol\u00edtica editorial definida e com atribui\u00e7\u00e3o de ISSN. S\u00e3o publica\u00e7\u00f5es de conte\u00fado t\u00e9cnico-cient\u00edfico [&hellip;]<\/p>\n","protected":false},"author":96,"featured_media":0,"parent":752,"menu_order":0,"comment_status":"closed","ping_status":"open","template":"","meta":[],"_links":{"self":[{"href":"https:\/\/www.infraestruturameioambiente.sp.gov.br\/institutogeologico\/wp-json\/wp\/v2\/pages\/9910"}],"collection":[{"href":"https:\/\/www.infraestruturameioambiente.sp.gov.br\/institutogeologico\/wp-json\/wp\/v2\/pages"}],"about":[{"href":"https:\/\/www.infraestruturameioambiente.sp.gov.br\/institutogeologico\/wp-json\/wp\/v2\/types\/page"}],"author":[{"embeddable":true,"href":"https:\/\/www.infraestruturameioambiente.sp.gov.br\/institutogeologico\/wp-json\/wp\/v2\/users\/96"}],"replies":[{"embeddable":true,"href":"https:\/\/www.infraestruturameioambiente.sp.gov.br\/institutogeologico\/wp-json\/wp\/v2\/comments?post=9910"}],"version-history":[{"count":3,"href":"https:\/\/www.infraestruturameioambiente.sp.gov.br\/institutogeologico\/wp-json\/wp\/v2\/pages\/9910\/revisions"}],"predecessor-version":[{"id":14127,"href":"https:\/\/www.infraestruturameioambiente.sp.gov.br\/institutogeologico\/wp-json\/wp\/v2\/pages\/9910\/revisions\/14127"}],"up":[{"embeddable":true,"href":"https:\/\/www.infraestruturameioambiente.sp.gov.br\/institutogeologico\/wp-json\/wp\/v2\/pages\/752"}],"wp:attachment":[{"href":"https:\/\/www.infraestruturameioambiente.sp.gov.br\/institutogeologico\/wp-json\/wp\/v2\/media?parent=9910"}],"curies":[{"name":"wp","href":"https:\/\/api.w.org\/{rel}","templated":true}]}}