{"id":338,"date":"2012-03-22T15:00:07","date_gmt":"2012-03-22T18:00:07","guid":{"rendered":"https:\/\/www.infraestruturameioambiente.sp.gov.br\/institutogeologico\/?page_id=338"},"modified":"2023-04-27T12:56:25","modified_gmt":"2023-04-27T15:56:25","slug":"laboratorio-paleontologico","status":"publish","type":"page","link":"https:\/\/www.infraestruturameioambiente.sp.gov.br\/institutogeologico\/laboratorio-e-geotecnologia\/laboratorio-paleontologico\/","title":{"rendered":"Laborat\u00f3rio Paleontol\u00f3gico"},"content":{"rendered":"<p style=\"text-align: justify\">O N\u00facleo de Paleontologia e Bioestratigrafia com o objetivo de sistematizar e avaliar a potencialidade dos microf\u00f3sseis para o detalhamento geol\u00f3gico, principalmente no \u00e2mbito crono e bioestratigr\u00e1fico, tem desenvolvido projetos nos Grupos Passa Dois, Bauru e na Bacia de Taubat\u00e9 (Forma\u00e7\u00e3o Trememb\u00e9).<\/p>\n<p style=\"text-align: justify\">No \u00e2mbito da produ\u00e7\u00e3o, sistematiza\u00e7\u00e3o e dissemina\u00e7\u00e3o do conhecimento cient\u00edfico, esse N\u00facleo tem investido no levantamento das pesquisas paleontol\u00f3gicas, com a cont\u00ednua publica\u00e7\u00e3o das s\u00e9ries informativas \u201cBibliografia Anal\u00edtica da Paleontologia do Estado de S\u00e3o Paulo\u201d e \u201cOs F\u00f3sseis do Estado de S\u00e3o Paulo\u201d.<\/p>\n<p style=\"text-align: justify\">No sentido de elaborar pol\u00edticas e estrat\u00e9gias que efetivamente auxiliem na compreens\u00e3o do conhecimento cient\u00edfico, encontra-se em fase de conclus\u00e3o o \u00a0projeto \u201cDissemina\u00e7\u00e3o Cient\u00edfica do \u201cAcervo Paleontol\u00f3gico Dr. S\u00e9rgio Mezzalira\u201d do Instituto Geol\u00f3gico de S\u00e3o Paulo e da Bibliografia Anal\u00edtica da Paleontologia Brasileira, por meio da cataloga\u00e7\u00e3o digital e disponibiliza\u00e7\u00e3o via ambiente WEB\u201d, iniciativa de investiga\u00e7\u00e3o financiada pelo CNPq, \u00a0que tem por objeto a divulga\u00e7\u00e3o cient\u00edfica, atrav\u00e9s de um \u201cSistema Gerenciador de Informa\u00e7\u00f5es Paleontol\u00f3gicas\u201d.<\/p>\n<p style=\"text-align: justify\">Os resultados dessa proposta proporcionar\u00e3o \u00e0 comunidade cient\u00edfica uma operacionalidade extraordinariamente maior na consulta bibliogr\u00e1fica e na avalia\u00e7\u00e3o global e hist\u00f3rica da evolu\u00e7\u00e3o dos conhecimentos paleontol\u00f3gicos n\u00e3o somente no estado de S\u00e3o Paulo como tamb\u00e9m em todo o territ\u00f3rio nacional.<\/p>\n<p style=\"text-align: justify\"><strong>Linhas de Pesquisa:<\/strong>\u00a0Projetos de\u00a0cronoestratigrafia e bioestratigrafia nos Grupos Passa Dois, Bauru e na Bacia de Taubat\u00e9 (Forma\u00e7\u00e3o Trememb\u00e9).<\/p>\n<p style=\"text-align: justify\"><strong>A\u00e7\u00f5es em andamento:<\/strong> O Laborat\u00f3rio Paleontol\u00f3gico Dr. S\u00e9rgio Mezzalira executa identifica\u00e7\u00e3o macrosc\u00f3pica expedita de f\u00f3sseis. Projeto:\u00a0\u201cDissemina\u00e7\u00e3o Cient\u00edfica do \u201cAcervo Paleontol\u00f3gico Dr. S\u00e9rgio Mezzalira\u201d do Instituto Geol\u00f3gico de S\u00e3o Paulo e da Bibliografia Anal\u00edtica da Paleontologia Brasileira, por meio da cataloga\u00e7\u00e3o digital e disponibiliza\u00e7\u00e3o via ambiente WEB\u201d.<\/p>\n","protected":false},"excerpt":{"rendered":"<p>O N\u00facleo de Paleontologia e Bioestratigrafia com o objetivo de sistematizar e avaliar a potencialidade dos microf\u00f3sseis para o detalhamento geol\u00f3gico, principalmente no \u00e2mbito crono e bioestratigr\u00e1fico, tem desenvolvido projetos nos Grupos Passa Dois, Bauru e na Bacia de Taubat\u00e9 (Forma\u00e7\u00e3o Trememb\u00e9). No \u00e2mbito da produ\u00e7\u00e3o, sistematiza\u00e7\u00e3o e dissemina\u00e7\u00e3o do conhecimento cient\u00edfico, esse N\u00facleo tem [&hellip;]<\/p>\n","protected":false},"author":1,"featured_media":0,"parent":35,"menu_order":0,"comment_status":"open","ping_status":"open","template":"","meta":[],"_links":{"self":[{"href":"https:\/\/www.infraestruturameioambiente.sp.gov.br\/institutogeologico\/wp-json\/wp\/v2\/pages\/338"}],"collection":[{"href":"https:\/\/www.infraestruturameioambiente.sp.gov.br\/institutogeologico\/wp-json\/wp\/v2\/pages"}],"about":[{"href":"https:\/\/www.infraestruturameioambiente.sp.gov.br\/institutogeologico\/wp-json\/wp\/v2\/types\/page"}],"author":[{"embeddable":true,"href":"https:\/\/www.infraestruturameioambiente.sp.gov.br\/institutogeologico\/wp-json\/wp\/v2\/users\/1"}],"replies":[{"embeddable":true,"href":"https:\/\/www.infraestruturameioambiente.sp.gov.br\/institutogeologico\/wp-json\/wp\/v2\/comments?post=338"}],"version-history":[{"count":13,"href":"https:\/\/www.infraestruturameioambiente.sp.gov.br\/institutogeologico\/wp-json\/wp\/v2\/pages\/338\/revisions"}],"predecessor-version":[{"id":14070,"href":"https:\/\/www.infraestruturameioambiente.sp.gov.br\/institutogeologico\/wp-json\/wp\/v2\/pages\/338\/revisions\/14070"}],"up":[{"embeddable":true,"href":"https:\/\/www.infraestruturameioambiente.sp.gov.br\/institutogeologico\/wp-json\/wp\/v2\/pages\/35"}],"wp:attachment":[{"href":"https:\/\/www.infraestruturameioambiente.sp.gov.br\/institutogeologico\/wp-json\/wp\/v2\/media?parent=338"}],"curies":[{"name":"wp","href":"https:\/\/api.w.org\/{rel}","templated":true}]}}