{"id":144,"date":"2012-02-29T12:10:22","date_gmt":"2012-02-29T15:10:22","guid":{"rendered":"https:\/\/www.infraestruturameioambiente.sp.gov.br\/institutogeologico\/?page_id=144"},"modified":"2020-09-22T16:22:24","modified_gmt":"2020-09-22T19:22:24","slug":"equipe","status":"publish","type":"page","link":"https:\/\/www.infraestruturameioambiente.sp.gov.br\/institutogeologico\/pesquisas-em-geociencias\/geomorfologia\/equipe\/","title":{"rendered":"Equipe"},"content":{"rendered":"<p style=\"text-align: justify\"><a href=\"https:\/\/www.infraestruturameioambiente.sp.gov.br\/wp-content\/uploads\/sites\/233\/2012\/02\/foto-Jose-Ferrari-3x4.jpg.jpg\"><img decoding=\"async\" loading=\"lazy\" class=\"alignleft size-thumbnail wp-image-544\" src=\"https:\/\/www.infraestruturameioambiente.sp.gov.br\/wp-content\/uploads\/sites\/233\/2012\/02\/foto-Jose-Ferrari-3x4.jpg-150x150.jpg\" alt=\"\" width=\"150\" height=\"150\" \/><\/a><strong>Jos\u00e9 Antonio Ferrari<\/strong>, Doutor, Pesquisador Cient\u00edfico VI. Ge\u00f3grafo. Mestre em Geoci\u00eancias na \u00e1rea de Geomorfologia pelo Instituto de Geoci\u00eancias da Universidade Federal da Bahia. Doutor em Ci\u00eancias na \u00e1rea de Geof\u00edsica pelo Instituto Astron\u00f4mico e Geof\u00edsico da Universidade de S\u00e3o Paulo (IAG\/USP).<\/p>\n<ul style=\"text-align: justify\">\n<li>Contato: <a href=\"mailto:jaferrari@sp.gov.br\">jaferrari@sp.gov.br<\/a><\/li>\n<li><a href=\"http:\/\/buscatextual.cnpq.br\/buscatextual\/visualizacv.do?id=K4782130J7\" target=\"blank\" rel=\"noopener noreferrer\">Curriculo Lattes<\/a><\/li>\n<\/ul>\n<p style=\"text-align: justify\"><br class=\"clear\" \/><a href=\"https:\/\/www.infraestruturameioambiente.sp.gov.br\/wp-content\/uploads\/sites\/233\/2012\/02\/foto-Rosangela-3x4.jpg.jpg\"><img decoding=\"async\" loading=\"lazy\" class=\"alignleft size-thumbnail wp-image-545\" src=\"https:\/\/www.infraestruturameioambiente.sp.gov.br\/wp-content\/uploads\/sites\/233\/2012\/02\/foto-Rosangela-3x4.jpg-150x150.jpg\" alt=\"\" width=\"150\" height=\"150\" \/><\/a><strong>Rosangela do Amaral<\/strong>, Mestre, Pesquisadora Cient\u00edfica V. Ge\u00f3grafa. Mestre em Ci\u00eancias na \u00e1rea de Geografia F\u00edsica &#8211; Geomorfologia pela Faculdade de Filosofia, Letras e Ci\u00eancias Humanas da Universidade de S\u00e3o Paulo (FFLCH\/USP).<\/p>\n<ul style=\"text-align: justify\">\n<li>Contato: <a href=\"mailto:rosangela.amaral@sp.gov.br\">rosangela.amaral@sp.gov.br<\/a><\/li>\n<li><a href=\"http:\/\/buscatextual.cnpq.br\/buscatextual\/visualizacv.do?id=K4259596H6\">Curriculo Lattes<\/a><\/li>\n<\/ul>\n<p style=\"text-align: justify\"><br class=\"clear\" \/><a href=\"https:\/\/www.infraestruturameioambiente.sp.gov.br\/wp-content\/uploads\/sites\/233\/2012\/02\/foto-Silvio-3x4.jpg.jpg\"><img decoding=\"async\" loading=\"lazy\" class=\"size-thumbnail wp-image-546 alignleft\" src=\"https:\/\/www.infraestruturameioambiente.sp.gov.br\/wp-content\/uploads\/sites\/233\/2012\/02\/foto-Silvio-3x4.jpg-150x150.jpg\" alt=\"\" width=\"150\" height=\"150\" \/><\/a><strong>Silvio Takashi Hiruma<\/strong>, Doutor, Pesquisador Cient\u00edfico VI. Ge\u00f3logo. Mestre em Ci\u00eancias na \u00e1rea de Geologia Sedimentar pelo Instituto de Geoci\u00eancias da Universidade de S\u00e3o Paulo (IGc\/USP). Doutor em Ci\u00eancias na \u00e1rea de Geoqu\u00edmica e Geotect\u00f4nica pelo Instituto de Geoci\u00eancias da Universidade de S\u00e3o Paulo (IGc\/USP).<\/p>\n<ul>\n<li>Contato: <a href=\"mailto:shiruma@sp.gov.br\">shiruma@sp.gov.br<\/a><\/li>\n<li><a href=\"http:\/\/buscatextual.cnpq.br\/buscatextual\/visualizacv.do?id=K4784394U5\" target=\"blank\" rel=\"noopener noreferrer\">Curriculo Lattes<\/a><\/li>\n<\/ul>\n<p style=\"text-align: justify\"><br class=\"clear\" \/><a href=\"https:\/\/www.infraestruturameioambiente.sp.gov.br\/wp-content\/uploads\/sites\/233\/2013\/03\/foto_viviane1.jpg\"><img decoding=\"async\" loading=\"lazy\" class=\"size-thumbnail wp-image-7596 alignleft\" src=\"https:\/\/www.infraestruturameioambiente.sp.gov.br\/wp-content\/uploads\/sites\/233\/2013\/03\/foto_viviane1-150x150.jpg\" alt=\"Viviane Dias Alves Portela\" width=\"150\" height=\"150\" \/><\/a><strong>Viviane Dias Alves Portela,<\/strong>\u00a0Bacharel e licenciada em Geografia pela Universidade de S\u00e3o Paulo.\u00a0Atualmente \u00e9 Assistente de Pesquisa no Instituto Geol\u00f3gico\/SMA-SP e\u00a0mestranda no Programa de P\u00f3s-Gradua\u00e7\u00e3o em \u00a0Geografia F\u00edsica da\u00a0Universidade de S\u00e3o Paulo.<\/p>\n<ul style=\"text-align: justify\">\n<li>Contato: <a href=\"mailto:vportela@sp.gov.br\">vportela@sp.gov.br<\/a><\/li>\n<li><a href=\"http:\/\/lattes.cnpq.br\/1836659365177953\">Curriculo Lattes<\/a><\/li>\n<\/ul>\n","protected":false},"excerpt":{"rendered":"<p>Jos\u00e9 Antonio Ferrari, Doutor, Pesquisador Cient\u00edfico VI. Ge\u00f3grafo. Mestre em Geoci\u00eancias na \u00e1rea de Geomorfologia pelo Instituto de Geoci\u00eancias da Universidade Federal da Bahia. Doutor em Ci\u00eancias na \u00e1rea de Geof\u00edsica pelo Instituto Astron\u00f4mico e Geof\u00edsico da Universidade de S\u00e3o Paulo (IAG\/USP). Contato: jaferrari@sp.gov.br Curriculo Lattes Rosangela do Amaral, Mestre, Pesquisadora Cient\u00edfica V. Ge\u00f3grafa. Mestre [&hellip;]<\/p>\n","protected":false},"author":96,"featured_media":0,"parent":142,"menu_order":1,"comment_status":"open","ping_status":"closed","template":"","meta":[],"_links":{"self":[{"href":"https:\/\/www.infraestruturameioambiente.sp.gov.br\/institutogeologico\/wp-json\/wp\/v2\/pages\/144"}],"collection":[{"href":"https:\/\/www.infraestruturameioambiente.sp.gov.br\/institutogeologico\/wp-json\/wp\/v2\/pages"}],"about":[{"href":"https:\/\/www.infraestruturameioambiente.sp.gov.br\/institutogeologico\/wp-json\/wp\/v2\/types\/page"}],"author":[{"embeddable":true,"href":"https:\/\/www.infraestruturameioambiente.sp.gov.br\/institutogeologico\/wp-json\/wp\/v2\/users\/96"}],"replies":[{"embeddable":true,"href":"https:\/\/www.infraestruturameioambiente.sp.gov.br\/institutogeologico\/wp-json\/wp\/v2\/comments?post=144"}],"version-history":[{"count":14,"href":"https:\/\/www.infraestruturameioambiente.sp.gov.br\/institutogeologico\/wp-json\/wp\/v2\/pages\/144\/revisions"}],"predecessor-version":[{"id":13577,"href":"https:\/\/www.infraestruturameioambiente.sp.gov.br\/institutogeologico\/wp-json\/wp\/v2\/pages\/144\/revisions\/13577"}],"up":[{"embeddable":true,"href":"https:\/\/www.infraestruturameioambiente.sp.gov.br\/institutogeologico\/wp-json\/wp\/v2\/pages\/142"}],"wp:attachment":[{"href":"https:\/\/www.infraestruturameioambiente.sp.gov.br\/institutogeologico\/wp-json\/wp\/v2\/media?parent=144"}],"curies":[{"name":"wp","href":"https:\/\/api.w.org\/{rel}","templated":true}]}}