{"id":128,"date":"2012-02-29T12:05:40","date_gmt":"2012-02-29T15:05:40","guid":{"rendered":"https:\/\/www.infraestruturameioambiente.sp.gov.br\/institutogeologico\/?page_id=128"},"modified":"2017-03-13T14:43:52","modified_gmt":"2017-03-13T17:43:52","slug":"equipe","status":"publish","type":"page","link":"https:\/\/www.infraestruturameioambiente.sp.gov.br\/institutogeologico\/pesquisas-em-geociencias\/recursos-minerais\/equipe\/","title":{"rendered":"Equipe"},"content":{"rendered":"<p><a href=\"https:\/\/www.infraestruturameioambiente.sp.gov.br\/wp-content\/uploads\/sites\/233\/2012\/02\/foto-Sonia-3x4.jpg\"><img decoding=\"async\" loading=\"lazy\" class=\"alignleft size-thumbnail wp-image-531\" title=\"foto Sonia 3x4\" src=\"https:\/\/www.infraestruturameioambiente.sp.gov.br\/wp-content\/uploads\/sites\/233\/2012\/02\/foto-Sonia-3x4-150x150.jpg\" alt=\"\" width=\"150\" height=\"150\" \/><\/a><strong>S\u00f4nia Aparecida Abissi Nogueira<\/strong>, Doutora, Pesquisadora Cient\u00edfica V. Ge\u00f3loga. Mestre e Doutora em Ci\u00eancias na \u00e1rea de Recursos Minerais e Hidrogeologia pelo Instituto de Geoci\u00eancias da Universidade de S\u00e3o Paulo (IGc\/USP).<\/p>\n<ul>\n<li>Contato: <a href=\"mailto:snogueira@sp.gov.br\">snogueira@sp.gov.br<\/a><\/li>\n<li><a href=\"http:\/\/buscatextual.cnpq.br\/buscatextual\/visualizacv.do?id=K4786335T6\" target=\"blank\">Curriculo Lattes<\/a><\/li>\n<\/ul>\n<p><br class=\"clear\" \/><a href=\"https:\/\/www.infraestruturameioambiente.sp.gov.br\/wp-content\/uploads\/sites\/233\/2012\/02\/foto-Tarcisio-3x4.jpg\"><img decoding=\"async\" loading=\"lazy\" class=\"alignleft size-thumbnail wp-image-529\" title=\"foto Tarcisio 3x4\" src=\"https:\/\/www.infraestruturameioambiente.sp.gov.br\/wp-content\/uploads\/sites\/233\/2012\/02\/foto-Tarcisio-3x4-150x150.jpg\" alt=\"\" width=\"150\" height=\"150\" \/><\/a><strong>Tarc\u00edsio Jos\u00e9 Montanheiro<\/strong>, Doutor, Pesquisador Cient\u00edfico VI. Ge\u00f3logo. Mestre e Doutor em Ci\u00eancias na \u00e1rea de Recursos Minerais e Hidrogeologia pelo Instituto de Geoci\u00eancias da Universidade de S\u00e3o Paulo (IGc\/USP).<\/p>\n<ul>\n<li>Contato: <a href=\"mailto:negri@sp.gov.br\">tjmonta@sp.gov.br<\/a><\/li>\n<li><a href=\"http:\/\/buscatextual.cnpq.br\/buscatextual\/visualizacv.do?id=K4796568Z6\" target=\"blank\">Curr\u00edculo Lattes<\/a><\/li>\n<\/ul>\n","protected":false},"excerpt":{"rendered":"<p>S\u00f4nia Aparecida Abissi Nogueira, Doutora, Pesquisadora Cient\u00edfica V. Ge\u00f3loga. Mestre e Doutora em Ci\u00eancias na \u00e1rea de Recursos Minerais e Hidrogeologia pelo Instituto de Geoci\u00eancias da Universidade de S\u00e3o Paulo (IGc\/USP). Contato: snogueira@sp.gov.br Curriculo Lattes Tarc\u00edsio Jos\u00e9 Montanheiro, Doutor, Pesquisador Cient\u00edfico VI. Ge\u00f3logo. Mestre e Doutor em Ci\u00eancias na \u00e1rea de Recursos Minerais e Hidrogeologia [&hellip;]<\/p>\n","protected":false},"author":8,"featured_media":0,"parent":126,"menu_order":1,"comment_status":"open","ping_status":"closed","template":"","meta":[],"_links":{"self":[{"href":"https:\/\/www.infraestruturameioambiente.sp.gov.br\/institutogeologico\/wp-json\/wp\/v2\/pages\/128"}],"collection":[{"href":"https:\/\/www.infraestruturameioambiente.sp.gov.br\/institutogeologico\/wp-json\/wp\/v2\/pages"}],"about":[{"href":"https:\/\/www.infraestruturameioambiente.sp.gov.br\/institutogeologico\/wp-json\/wp\/v2\/types\/page"}],"author":[{"embeddable":true,"href":"https:\/\/www.infraestruturameioambiente.sp.gov.br\/institutogeologico\/wp-json\/wp\/v2\/users\/8"}],"replies":[{"embeddable":true,"href":"https:\/\/www.infraestruturameioambiente.sp.gov.br\/institutogeologico\/wp-json\/wp\/v2\/comments?post=128"}],"version-history":[{"count":11,"href":"https:\/\/www.infraestruturameioambiente.sp.gov.br\/institutogeologico\/wp-json\/wp\/v2\/pages\/128\/revisions"}],"predecessor-version":[{"id":10789,"href":"https:\/\/www.infraestruturameioambiente.sp.gov.br\/institutogeologico\/wp-json\/wp\/v2\/pages\/128\/revisions\/10789"}],"up":[{"embeddable":true,"href":"https:\/\/www.infraestruturameioambiente.sp.gov.br\/institutogeologico\/wp-json\/wp\/v2\/pages\/126"}],"wp:attachment":[{"href":"https:\/\/www.infraestruturameioambiente.sp.gov.br\/institutogeologico\/wp-json\/wp\/v2\/media?parent=128"}],"curies":[{"name":"wp","href":"https:\/\/api.w.org\/{rel}","templated":true}]}}