{"id":7578,"date":"2014-04-23T15:10:34","date_gmt":"2014-04-23T18:10:34","guid":{"rendered":"https:\/\/www.infraestruturameioambiente.sp.gov.br\/institutoflorestal\/?page_id=7578"},"modified":"2014-04-23T15:10:34","modified_gmt":"2014-04-23T18:10:34","slug":"if-serie-registros-no-21","status":"publish","type":"page","link":"https:\/\/www.infraestruturameioambiente.sp.gov.br\/institutoflorestal\/publicacoes-if\/if-serie-registros\/if-serie-registros-no-21\/","title":{"rendered":"IF S\u00e9rie Registros n\u00ba 21"},"content":{"rendered":"<p><strong>S\u00c9RIE REGISTROS N. 21, Fev. 2001:\u00a0<a href=\"https:\/\/www.infraestruturameioambiente.sp.gov.br\/institutoflorestal\/wp-content\/uploads\/sites\/234\/2014\/04\/IFSR21.pdf\" target=\"_blank\">Revista Completa<\/a><\/strong><\/p>\n<p><strong>CONTE\u00daDO<\/strong><\/p>\n<ul>\n<li><span style=\"line-height: 1.5em\">Reposi\u00e7\u00e3o da vegeta\u00e7\u00e3o ciliar integrada \u00e0 conserva\u00e7\u00e3o de microbacia. Helder Henrique de\u00a0<\/span><span style=\"line-height: 1.5em\">FARIA; Francisco Corr\u00eaa S\u00c9RIO &amp; Marco Antonio de Oliveira GARRIDO<\/span><\/li>\n<\/ul>\n<p><strong><\/strong><strong><a href=\"https:\/\/www.infraestruturameioambiente.sp.gov.br\/institutoflorestal\/wp-content\/uploads\/sites\/234\/2014\/04\/IFSR21_1-13.pdf\" target=\"_blank\">1-13<\/a><\/strong><\/p>\n<ul>\n<li><span style=\"line-height: 1.5em\">Levantamento parcial das pesquisas com as ess\u00eancias nativas brasileiras (1969-1997).\u00a0<\/span>Jos\u00e9 Arimat\u00e9ia Rabelo MACHADO &amp; Carlos Jos\u00e9 Caetano BACHA<\/li>\n<\/ul>\n<p>&nbsp;<\/p>\n<p><strong><a href=\"https:\/\/www.infraestruturameioambiente.sp.gov.br\/institutoflorestal\/wp-content\/uploads\/sites\/234\/2014\/04\/IFSR21_15-22.pdf\" target=\"_blank\">15-22<\/a><br \/>\n<\/strong><\/p>\n<p>&nbsp;<\/p>\n","protected":false},"excerpt":{"rendered":"<p>S\u00c9RIE REGISTROS N. 21, Fev. 2001:\u00a0Revista Completa CONTE\u00daDO Reposi\u00e7\u00e3o da vegeta\u00e7\u00e3o ciliar integrada \u00e0 conserva\u00e7\u00e3o de microbacia. Helder Henrique de\u00a0FARIA; Francisco Corr\u00eaa S\u00c9RIO &amp; Marco Antonio de Oliveira GARRIDO 1-13 Levantamento parcial das pesquisas com as ess\u00eancias nativas brasileiras (1969-1997).\u00a0Jos\u00e9 Arimat\u00e9ia Rabelo MACHADO &amp; Carlos Jos\u00e9 Caetano BACHA &nbsp; 15-22 &nbsp;<\/p>\n","protected":false},"author":46,"featured_media":0,"parent":2992,"menu_order":0,"comment_status":"closed","ping_status":"open","template":"","meta":[],"_links":{"self":[{"href":"https:\/\/www.infraestruturameioambiente.sp.gov.br\/institutoflorestal\/wp-json\/wp\/v2\/pages\/7578"}],"collection":[{"href":"https:\/\/www.infraestruturameioambiente.sp.gov.br\/institutoflorestal\/wp-json\/wp\/v2\/pages"}],"about":[{"href":"https:\/\/www.infraestruturameioambiente.sp.gov.br\/institutoflorestal\/wp-json\/wp\/v2\/types\/page"}],"author":[{"embeddable":true,"href":"https:\/\/www.infraestruturameioambiente.sp.gov.br\/institutoflorestal\/wp-json\/wp\/v2\/users\/46"}],"replies":[{"embeddable":true,"href":"https:\/\/www.infraestruturameioambiente.sp.gov.br\/institutoflorestal\/wp-json\/wp\/v2\/comments?post=7578"}],"version-history":[{"count":1,"href":"https:\/\/www.infraestruturameioambiente.sp.gov.br\/institutoflorestal\/wp-json\/wp\/v2\/pages\/7578\/revisions"}],"predecessor-version":[{"id":7581,"href":"https:\/\/www.infraestruturameioambiente.sp.gov.br\/institutoflorestal\/wp-json\/wp\/v2\/pages\/7578\/revisions\/7581"}],"up":[{"embeddable":true,"href":"https:\/\/www.infraestruturameioambiente.sp.gov.br\/institutoflorestal\/wp-json\/wp\/v2\/pages\/2992"}],"wp:attachment":[{"href":"https:\/\/www.infraestruturameioambiente.sp.gov.br\/institutoflorestal\/wp-json\/wp\/v2\/media?parent=7578"}],"curies":[{"name":"wp","href":"https:\/\/api.w.org\/{rel}","templated":true}]}}