{"id":5977,"date":"2013-12-17T15:29:21","date_gmt":"2013-12-17T17:29:21","guid":{"rendered":"https:\/\/www.infraestruturameioambiente.sp.gov.br\/institutoflorestal\/?page_id=5977"},"modified":"2013-12-18T11:35:22","modified_gmt":"2013-12-18T13:35:22","slug":"sumario_n42","status":"publish","type":"page","link":"https:\/\/www.infraestruturameioambiente.sp.gov.br\/institutoflorestal\/publicacoes-if\/if-serie-registros\/sumario_n42\/","title":{"rendered":"IF S\u00e9rie Registros n\u00ba 42"},"content":{"rendered":"<p><strong>S\u00c9RIE REGISTROS N. 42, Jul. 2010: <a href=\"http:\/\/www.iflorestal.sp.gov.br\/RIF\/SerieRegistros\/IFSR42\/IFSR42.pdf\" target=\"_blank\">Revista Completa<\/a><\/strong><\/p>\n<p><strong>CONTE\u00daDO<\/strong><\/p>\n<p>CI\u00caNCIAS AGR\u00c1RIAS<\/p>\n<ul>\n<li>Densidade b\u00e1sica e dimens\u00f5es celulares, em diferentes esp\u00e9cies de\u00a0<em>Eucalyptus<\/em>L\u2019Herit., Plantadas em itatinga\/sp. Luiz SANTINI JUNIOR; Israel Luiz de LIMA; Alaor BUFOLO; Anny Eli de MOURA; Gabriel BIBINI; Eduardo Luiz LONGUI; Sandra Monteiro Borges FLORSHEIM<\/li>\n<\/ul>\n<p style=\"text-align: right\"><strong><\/strong><strong><\/strong><strong><a href=\"http:\/\/www.iflorestal.sp.gov.br\/RIF\/SerieRegistros\/IFSR42\/IFSR42_15-21.pdf\" target=\"_blank\">15-21<\/a><\/strong><\/p>\n<ul>\n<li>Densidade b\u00e1sica e dimens\u00f5es de celulares da madeira de\u00a0<em>Balfourodendron riedelianum<\/em>\u00a0em fun\u00e7\u00e3o da proced\u00eancia e varia\u00e7\u00e3o radial. Stella Maris MASTELIN; Israel Luiz de LIMA; Beatriz Ribeiro ZANON; Eduardo Luiz LONGUI; Sandra Monteiro Borges FLORSHEIM<\/li>\n<\/ul>\n<p style=\"text-align: right\"><strong><\/strong><strong><a href=\"http:\/\/www.iflorestal.sp.gov.br\/RIF\/SerieRegistros\/IFSR42\/IFSR42_23-29.pdf\">23-29<\/a><\/strong><\/p>\n<ul>\n<li>Estrutura gen\u00e9tica de popula\u00e7\u00f5es de\u00a0<em>Stryphnodendron adstringens<\/em>\u00a0(MART.). Eliete Aparecida BRANCO; L\u00e9o ZIMBACK; Adriano Balarin LIMA; Edson Seizo MORI; Hideyo Aoki<\/li>\n<\/ul>\n<p style=\"text-align: right\"><strong><\/strong><strong><a href=\"http:\/\/www.iflorestal.sp.gov.br\/RIF\/SerieRegistros\/IFSR42\/IFSR42_31-37.pdf\">31-37<\/a><\/strong><\/p>\n<ul>\n<li>Mapeamento do uso do solo e \u00e1reas conflitantes em app, com o uso de um sistema de informa\u00e7\u00f5es geogr\u00e1ficas.Donizeti Aparecido Pastori NICOLETE; Katiuscia Fernandes MOREIRA; Mar\u00edlia PIZETTA; Valdemir Antonio RODRIGUES; Marco Aur\u00e9lio NALON; Ciro Koiti MATSUKUMA; Hubert Bayer COSTA<\/li>\n<\/ul>\n<p style=\"text-align: right\"><strong><\/strong><strong><a href=\"http:\/\/www.iflorestal.sp.gov.br\/RIF\/SerieRegistros\/IFSR42\/IFSR42_39-45.pdf\">39-45<\/a><\/strong><\/p>\n<ul>\n<li>Produtividade de\u00a0<em>Eucalyptus grandis<\/em>\u00a0em fun\u00e7\u00e3o do manejo de res\u00edduos vegetais e aduba\u00e7\u00e3o. Patr\u00edcia BORTOLOTO; Edgar Fernando de LUCA; Jos\u00e9 Leonardo de Moraes GON\u00c7ALVES; Jos\u00e9 Carlos ARTHUR J\u00daNIOR<\/li>\n<\/ul>\n<p style=\"text-align: right\"><strong><\/strong><strong><a href=\"http:\/\/www.iflorestal.sp.gov.br\/RIF\/SerieRegistros\/IFSR42\/IFSR42_47-52.pdf\">47-52<\/a><\/strong><\/p>\n<ul>\n<li>Varia\u00e7\u00e3o gen\u00e9tica para o car\u00e1ter di\u00e2metro a altura do peito em prog\u00eanies de poliniza\u00e7\u00e3o aberta de\u00a0<em>Astronium graveolens<\/em>\u00a0Jacq. (Anacardiaceae). Daniela ARA\u00daJO; Miguel Luiz Menezes FREITAS<\/li>\n<\/ul>\n<p style=\"text-align: right\"><strong><\/strong><strong><a href=\"http:\/\/www.iflorestal.sp.gov.br\/RIF\/SerieRegistros\/IFSR42\/IFSR42_53-55.pdf\">53-55<\/a><\/strong><\/p>\n<p style=\"text-align: left\">CI\u00caNCIAS AMBIENTAIS<\/p>\n<ul>\n<li>Estudo de potencial pedag\u00f3gico na Esta\u00e7\u00e3o Experimental Itirapina para programas de educa\u00e7\u00e3o ambiental formal. Willian de Souza GALLO; Paulo Henrique Peira RUFFINO<\/li>\n<\/ul>\n<p style=\"text-align: right\"><strong><\/strong><strong><a href=\"http:\/\/www.iflorestal.sp.gov.br\/RIF\/SerieRegistros\/IFSR42\/IFSR42_59-66.pdf\">59-66<\/a><\/strong><\/p>\n<ul>\n<li>Mapeamento evolutivo da cobertura vegetal do Morro do Pav\u00e3o, no N\u00facleo Pedra Grande do Parque Estadual da Cantareira &#8211; SP. Richard Barana Block MOURA; Isabel Fernandes de Aguiar MATTOS; Marina Mitsue KANASHIRO<\/li>\n<\/ul>\n<p style=\"text-align: right\"><strong><\/strong><strong><a href=\"http:\/\/www.iflorestal.sp.gov.br\/RIF\/SerieRegistros\/IFSR42\/IFSR42_67-72.pdf\">67-72<\/a><\/strong><\/p>\n<ul>\n<li>O programa de uso p\u00fablico da Floresta Estadual de Assis: lazer, educa\u00e7\u00e3o ambiental e recrea\u00e7\u00e3o para a sociedade. Eur\u00edpedes Garcia do SANTO; Viviane Soares RAMOS; Marli Maria CARDOSO<\/li>\n<\/ul>\n<p style=\"text-align: right\"><strong><\/strong><strong><a href=\"http:\/\/www.iflorestal.sp.gov.br\/RIF\/SerieRegistros\/IFSR42\/IFSR42_73-78.pdf\">73-78<\/a><\/strong><\/p>\n<ul>\n<li>Reflex\u00f5es sobre o desenho de indicadores relacionados \u00e0 alfabetiza\u00e7\u00e3o cient\u00edfica. Patr\u00edcia Ferreira e LIMA; Elaine RODRIGUES<\/li>\n<\/ul>\n<p style=\"text-align: right\"><strong><\/strong><strong><a href=\"http:\/\/www.iflorestal.sp.gov.br\/RIF\/SerieRegistros\/IFSR42\/IFSR42_79-84.pdf\">79-84<\/a><\/strong><\/p>\n<p style=\"text-align: left\">CI\u00caNCIAS BIOL\u00d3GICAS<\/p>\n<ul>\n<li>An\u00e1lise da vegeta\u00e7\u00e3o em um plantio de recupera\u00e7\u00e3o de mata ciliar: composi\u00e7\u00e3o, estrutura, regenera\u00e7\u00e3o natural e banco de sementes. Carolina Ferreira de Almeida PRADO; Maria Teresa Zugliani TONIATO; Cl\u00e1udia Mira ATTANASIO; Geraldo A. D. Correa FRANCO; Roque CIELO-FILHO<\/li>\n<\/ul>\n<p style=\"text-align: right\"><strong><\/strong><strong><a href=\"http:\/\/www.iflorestal.sp.gov.br\/RIF\/SerieRegistros\/IFSR42\/IFSR42_87-93.pdf\">87-93<\/a><\/strong><\/p>\n<ul>\n<li>Anatomia comparada do lenho de quatro esp\u00e9cies de\u00a0<em>Gomidesia<\/em>\u00a0o. Berg (myrtaceae) do Parque Estadual Carlos Botelho \u2013 SP. Ivelize Maciel ANDRADE; Eduardo Luiz LONGUI; Luiz SANTINI JUNIOR; Eliane da Silva SOBRAL; Osny Tadeu de AGUIAR; Sandra Monteiro Borges FLORSHEIM, Israel Luiz de LIMA<\/li>\n<\/ul>\n<p style=\"text-align: right\"><strong><\/strong><strong><a href=\"http:\/\/www.iflorestal.sp.gov.br\/RIF\/SerieRegistros\/IFSR42\/IFSR42_95-100.pdf\">95-100<\/a><\/strong><\/p>\n<ul>\n<li>Anatomia Do Lenho De\u00a0<em>Myrcia albo-tomentosa<\/em>\u00a0Camb. e\u00a0<em>Myrcia multiflora<\/em>\u00a0(Lam.) DC.<br \/>\n(Myrtaceae). Patr\u00edcia Camacho OVANDO; Eduardo Luiz LONGUI; Diego ROMEIRO; Luiz<br \/>\nSANTINI JUNIOR; Osny Tadeu de AGUIAR; Sandra Monteiro Borges FLORSHEIM; Israel<br \/>\nLuiz de LIMA<\/li>\n<\/ul>\n<p style=\"text-align: right\"><strong><\/strong><strong><a href=\"http:\/\/www.iflorestal.sp.gov.br\/RIF\/SerieRegistros\/IFSR42\/IFSR42_101-107.pdf\">101-107<\/a><\/strong><\/p>\n<ul>\n<li>Caracter\u00edsticas anat\u00f4micas quantitativas da raiz, tronco e ramo em \u00e1rvores jovens de<em>Xylopia aromatica<\/em>\u00a0(Lam.) Mart. Diego ROMEIRO; Eduardo Luiz LONGUI; Nadia Boareto MORENO; Luana Aline HERREIRA; Israel Luiz de LIMA; Sandra Monteiro Borges FLORSHEIM; Ant\u00f4nio Carlos Galv\u00e3o de MELO<\/li>\n<\/ul>\n<p style=\"text-align: right\"><strong><\/strong><strong><a href=\"http:\/\/www.iflorestal.sp.gov.br\/RIF\/SerieRegistros\/IFSR42\/IFSR42_109-114.pdf\">109-114<\/a><\/strong><\/p>\n<ul>\n<li>Correla\u00e7\u00f5es entre caracter\u00edsticas das fibras, densidade aparente, velocidade de propaga\u00e7\u00e3o do som e resist\u00eancia ao cisalhamento na madeira de\u00a0<em>Caesalpinia echinata<\/em>(Pau-brasil). Rafael GARCIA; Eduardo Luiz LONGUI; Gabriel BIBINI; Israel Luiz de LIMA; Sandra Monteiro Borges FLORSHEIM; Jos\u00e9 Nivaldo GARCIA<\/li>\n<\/ul>\n<p style=\"text-align: right\"><strong><\/strong><strong><a href=\"http:\/\/www.iflorestal.sp.gov.br\/RIF\/SerieRegistros\/IFSR42\/IFSR42_115-120.pdf\">115-120<\/a><\/strong><\/p>\n<ul>\n<li>Ecologia e comportamento de um grupo de macacos-prego (cebus spp.) (Primates: cebidae) e freq\u00fc\u00eancia de contato com visitantes do Parque Estadual Alberto L\u00f6fgren. Luma Lucila VAZ; Marcio PORT-CARVALHO<\/li>\n<\/ul>\n<p style=\"text-align: right\"><strong><\/strong><strong><a href=\"http:\/\/www.iflorestal.sp.gov.br\/RIF\/SerieRegistros\/IFSR42\/IFSR42_121-125.pdf\">121-125<\/a><\/strong><\/p>\n<ul>\n<li>Estrutura do componente arb\u00f3reo de trecho de floresta de arauc\u00e1ria na Esta\u00e7\u00e3o Ecol\u00f3gica de Itaber\u00e1, Itaber\u00e1-SP, Btrasil. Rochelle Lima Ramos dos SANTOS; Natalia Macedo IVANAUSKAS<\/li>\n<\/ul>\n<p style=\"text-align: right\"><strong><\/strong><strong><a href=\"http:\/\/www.iflorestal.sp.gov.br\/RIF\/SerieRegistros\/IFSR42\/IFSR42_127-131.pdf\">127-131<\/a><\/strong><\/p>\n<ul>\n<li>Estudo de temperatura e substrado para a germina\u00e7\u00e3o de sementes de\u00a0<em>Anadenanthera macrocarpa<\/em>\u00a0(Benth.) Brenan (angico-preto). Paulo Gabbai Monteiro de OLIVEIRA; S\u00e9rgio Roberto Garcia dos SANTOS; Rinaldo C\u00e9sar de PAULA<\/li>\n<\/ul>\n<p style=\"text-align: right\"><strong><\/strong><strong><a href=\"http:\/\/www.iflorestal.sp.gov.br\/RIF\/SerieRegistros\/IFSR42\/IFSR42_133-138.pdf\">133-138<\/a><\/strong><\/p>\n<ul>\n<li>Flor\u00edstica da vegeta\u00e7\u00e3o sobre afloramento rochoso na Esta\u00e7\u00e3o Experimental de Itapeva, SP. Natalia de Oliveira COSTA; Roque CIELO-FILHO; Jo\u00e3o Aur\u00e9lio PASTORE; Osny Tadeu de AGUIAR; Jo\u00e3o Batista BAITELLO; Concei\u00e7\u00e3o Rodrigues de LIMA; Silvana Cristina Pereira Muniz de SOUZA; Geraldo Antonio Daher Corr\u00eaa FRANCO<\/li>\n<\/ul>\n<p style=\"text-align: right\"><strong><\/strong><strong><a href=\"http:\/\/www.iflorestal.sp.gov.br\/RIF\/SerieRegistros\/IFSR42\/IFSR42_139-145.pdf\">139-145<\/a><\/strong><\/p>\n<ul>\n<li>Germina\u00e7\u00e3o de sementes de A<em>spidosperma cylindrocarpon<\/em>\u00a0M. Arg. (Peroba-poca) submetidas a diferentes temperaturas. Edson Bae\u00e7a SOUTO; Antonio da SILVA; Roque CIELO-FILHO<\/li>\n<\/ul>\n<p style=\"text-align: right\"><strong><\/strong><strong><a href=\"http:\/\/www.iflorestal.sp.gov.br\/RIF\/SerieRegistros\/IFSR42\/IFSR42_147-152.pdf\">147-152<\/a><\/strong><\/p>\n<ul>\n<li>Invent\u00e1rio flor\u00edstico do Parque Estadual Tur\u00edstico do Alto Ribeira (Petar) para fins de plano de manejo. Roseli Lika MIASHIKE; Nat\u00e1lia Macedo IVANAUSKAS; Jo\u00e3o Ruffin Leme de GODOY<\/li>\n<\/ul>\n<p style=\"text-align: right\"><strong><\/strong><strong><a href=\"http:\/\/www.iflorestal.sp.gov.br\/RIF\/SerieRegistros\/IFSR42\/IFSR42_153-158.pdf\">153-158<\/a><\/strong><\/p>\n<ul>\n<li>Nomes populares da flora do cerrado paulista e a sua rela\u00e7\u00e3o com fam\u00edlia, h\u00e1bito e fitofisionomia. Aline Oliveira BRASIL; Silvana Cristina Pereira Muniz SOUZA; Roque CIELO-FILHO<\/li>\n<\/ul>\n<p style=\"text-align: right\"><strong><\/strong><strong><a href=\"http:\/\/www.iflorestal.sp.gov.br\/RIF\/SerieRegistros\/IFSR42\/IFSR42_159-164.pdf\">159-164<\/a><\/strong><\/p>\n<ul>\n<li>Teste de envelhecimento acelerado em sementes de\u00a0<em>Cybistax antisyphilitica<\/em>\u00a0(Mart.) Mart. (Ip\u00eaverde). Fernanda Barriviera MILUZZI; Regiane Jacinta da SILVA; S\u00e9rgio Roberto Garcia dos SANTOS; Rinaldo C\u00e9sar de PAULA; Sebastiana Dutra Souza Revoredo da SILVA<\/li>\n<\/ul>\n<p style=\"text-align: right\"><strong><\/strong><strong><a href=\"http:\/\/www.iflorestal.sp.gov.br\/RIF\/SerieRegistros\/IFSR42\/IFSR42_165-170.pdf\">165-170<\/a><\/strong><\/p>\n<ul>\n<li>Varia\u00e7\u00e3o gen\u00e9tica para altura de plantas em prog\u00eanies de\u00a0<em>Peltophorum dubium<\/em>(sprengel) Taubert. Sirlene do Nascimento SENNA; Alexandre Magno SEBENN<\/li>\n<\/ul>\n<p style=\"text-align: right\"><strong><\/strong><strong><a href=\"http:\/\/www.iflorestal.sp.gov.br\/RIF\/SerieRegistros\/IFSR42\/IFSR42_171-173.pdf\">171-173<\/a><\/strong><\/p>\n<ul>\n<li>Varia\u00e7\u00e3o nos elementos de vaso e \u00edndices ecol\u00f3gicos no lenho de\u00a0<em>Luehea divaricata<\/em>Mart. E\u00a0<em>Luehea grandiflora<\/em>\u00a0Mart. &amp; Zucc. Em diferentes tipos de vegeta\u00e7\u00e3o. Diego ROMEIRO; Eduardo Luiz LONGUI; Osny Tadeu AGUIAR; Antonio Carlos Galv\u00e3o MELO; Israel Luiz LIMA; Sandra Monteiro Borges FLORSHEIM<\/li>\n<\/ul>\n<p style=\"text-align: right\"><strong><\/strong><strong><a href=\"http:\/\/www.iflorestal.sp.gov.br\/RIF\/SerieRegistros\/IFSR42\/IFSR42_175-181.pdf\">175-181<\/a><\/strong><\/p>\n<p style=\"text-align: left\">CI\u00caNCIAS EXATAS E DA TERRA<\/p>\n<ul>\n<li>Monitoramento e calibragem de bacias hidrogr\u00e1ficas pareadas no oeste do Estado de S\u00e3o Paulo. Tatiana Nogueira PARRILHA; Eliane Akiko HONDA; Erico Casare NIZOLI<\/li>\n<\/ul>\n<p style=\"text-align: right\"><strong><\/strong><strong><a href=\"http:\/\/www.iflorestal.sp.gov.br\/RIF\/SerieRegistros\/IFSR42\/IFSR42_185-191.pdf\">185-191<\/a><\/strong><\/p>\n<ul>\n<li>Sele\u00e7\u00e3o de \u00e1reas para a cria\u00e7\u00e3o de florestas estaduais. Ivan Abdalla BECHARA; K\u00e1tia MAZZEI; S\u00edlvia Maria BELLATO<\/li>\n<\/ul>\n<p style=\"text-align: right\"><strong><\/strong><strong><a href=\"http:\/\/www.iflorestal.sp.gov.br\/RIF\/SerieRegistros\/IFSR42\/IFSR42_193-198.pdf\">193-198<\/a><\/strong><\/p>\n<ul>\n<li>Solos como subs\u00eddio ao planejamento ambiental: Unidades de Conserva\u00e7\u00e3o e Produ\u00e7\u00e3o de Paranapanema. Paloma da Silva NOVAIS; Marcio ROSSI; Isabel Fernandes de Aguiar MATTOS; Marina Mitsue KANASHIRO<\/li>\n<\/ul>\n<p style=\"text-align: right\"><strong><\/strong><strong><a href=\"http:\/\/www.iflorestal.sp.gov.br\/RIF\/SerieRegistros\/IFSR42\/IFSR42_199-204.pdf\">199-204<\/a><\/strong><\/p>\n","protected":false},"excerpt":{"rendered":"<p>S\u00c9RIE REGISTROS N. 42, Jul. 2010: Revista Completa CONTE\u00daDO CI\u00caNCIAS AGR\u00c1RIAS Densidade b\u00e1sica e dimens\u00f5es celulares, em diferentes esp\u00e9cies de\u00a0EucalyptusL\u2019Herit., Plantadas em itatinga\/sp. Luiz SANTINI JUNIOR; Israel Luiz de LIMA; Alaor BUFOLO; Anny Eli de MOURA; Gabriel BIBINI; Eduardo Luiz LONGUI; Sandra Monteiro Borges FLORSHEIM 15-21 Densidade b\u00e1sica e dimens\u00f5es de celulares da madeira de\u00a0Balfourodendron [&hellip;]<\/p>\n","protected":false},"author":49,"featured_media":0,"parent":2992,"menu_order":0,"comment_status":"closed","ping_status":"open","template":"","meta":[],"_links":{"self":[{"href":"https:\/\/www.infraestruturameioambiente.sp.gov.br\/institutoflorestal\/wp-json\/wp\/v2\/pages\/5977"}],"collection":[{"href":"https:\/\/www.infraestruturameioambiente.sp.gov.br\/institutoflorestal\/wp-json\/wp\/v2\/pages"}],"about":[{"href":"https:\/\/www.infraestruturameioambiente.sp.gov.br\/institutoflorestal\/wp-json\/wp\/v2\/types\/page"}],"author":[{"embeddable":true,"href":"https:\/\/www.infraestruturameioambiente.sp.gov.br\/institutoflorestal\/wp-json\/wp\/v2\/users\/49"}],"replies":[{"embeddable":true,"href":"https:\/\/www.infraestruturameioambiente.sp.gov.br\/institutoflorestal\/wp-json\/wp\/v2\/comments?post=5977"}],"version-history":[{"count":6,"href":"https:\/\/www.infraestruturameioambiente.sp.gov.br\/institutoflorestal\/wp-json\/wp\/v2\/pages\/5977\/revisions"}],"predecessor-version":[{"id":8696,"href":"https:\/\/www.infraestruturameioambiente.sp.gov.br\/institutoflorestal\/wp-json\/wp\/v2\/pages\/5977\/revisions\/8696"}],"up":[{"embeddable":true,"href":"https:\/\/www.infraestruturameioambiente.sp.gov.br\/institutoflorestal\/wp-json\/wp\/v2\/pages\/2992"}],"wp:attachment":[{"href":"https:\/\/www.infraestruturameioambiente.sp.gov.br\/institutoflorestal\/wp-json\/wp\/v2\/media?parent=5977"}],"curies":[{"name":"wp","href":"https:\/\/api.w.org\/{rel}","templated":true}]}}