{"id":5971,"date":"2013-12-17T15:18:40","date_gmt":"2013-12-17T17:18:40","guid":{"rendered":"https:\/\/www.infraestruturameioambiente.sp.gov.br\/institutoflorestal\/?page_id=5971"},"modified":"2020-08-12T13:17:38","modified_gmt":"2020-08-12T16:17:38","slug":"sumario_n40","status":"publish","type":"page","link":"https:\/\/www.infraestruturameioambiente.sp.gov.br\/institutoflorestal\/publicacoes-if\/if-serie-registros\/sumario_n40\/","title":{"rendered":"IF S\u00e9rie Registros n\u00ba 40"},"content":{"rendered":"<p><strong>S\u00c9RIE REGISTROS N. 40, Jul. 2009: <a href=\"http:\/\/www.iflorestal.sp.gov.br\/RIF\/SerieRegistros\/IFSR40\/IFSR40.pdf\" target=\"_blank\" rel=\"noopener noreferrer\">Revista Completa<\/a><\/strong><\/p>\n<p><strong>CONTE\u00daDO<\/strong><\/p>\n<p>Palestras<\/p>\n<ul>\n<li>Conserva\u00e7\u00e3o e manejo da vegeta\u00e7\u00e3o em unidades de prote\u00e7\u00e3o integral: possibilidades e limita\u00e7\u00f5es. V\u00e2nia Regina PIVELLO.<\/li>\n<\/ul>\n<p style=\"text-align: right;\"><strong><a href=\"http:\/\/www.iflorestal.sp.gov.br\/RIF\/SerieRegistros\/IFSR40\/IFSR40_5-6.pdf\">5-6<\/a><\/strong><\/p>\n<ul>\n<li>Educa\u00e7\u00e3o ambiental: conhecimento e pol\u00edtica no contexto da \u201ccrise ambiental\u201d. Eda Terezinha de Oliveira TASSARA.<\/li>\n<\/ul>\n<p style=\"text-align: right;\"><strong><a href=\"http:\/\/www.iflorestal.sp.gov.br\/RIF\/SerieRegistros\/IFSR40\/IFSR40_7-9.pdf\">7-9<\/a><\/strong><\/p>\n<ul>\n<li>Infraestrutura, meio f\u00edsico e mudan\u00e7as clim\u00e1ticas: novos desafios ao litoral do Estado de S\u00e3o Paulo. Omar Yazbek BITAR.<\/li>\n<\/ul>\n<p style=\"text-align: right;\"><strong><a href=\"http:\/\/www.iflorestal.sp.gov.br\/RIF\/SerieRegistros\/IFSR40\/IFSR40_11-15.pdf\">11-15<\/a><\/strong><\/p>\n<p style=\"text-align: left;\">CI\u00caNCIAS AGR\u00c1RIAS<\/p>\n<ul>\n<li>An\u00e1lise de dissimilaridade em caracteres silviculturais, anat\u00f4micos e densidade b\u00e1sica em de prog\u00eanies de\u00a0<em>Myracrodruon urundeuva<\/em>\u00a0(Engler) Fr. Allem. Ellen Su Ching TUNG; Miguel Luiz Menezes FREITAS; Sandra Monteiro Borges FLORSHEIM.<\/li>\n<\/ul>\n<p style=\"text-align: right;\"><strong><a href=\"http:\/\/www.iflorestal.sp.gov.br\/RIF\/SerieRegistros\/IFSR40\/IFSR40_21-26.pdf\">21-26<\/a><\/strong><\/p>\n<ul>\n<li>Diagn\u00f3stico e monitoramento hidrol\u00f3gico do c\u00f3rrego Santa Helena, Mar\u00edlia, SP. Tatiana Nogueira PARRILHA; Eliane Akiko HONDA; Erico Casare NIZOLI.<\/li>\n<\/ul>\n<p style=\"text-align: right;\"><strong><a href=\"http:\/\/www.iflorestal.sp.gov.br\/RIF\/SerieRegistros\/IFSR40\/IFSR40_27-32.pdf\">27-32<\/a><\/strong><\/p>\n<ul>\n<li>Efeito da fertiliza\u00e7\u00e3o na varia\u00e7\u00e3o da densidade b\u00e1sica e dimens\u00f5es das fibras em fun\u00e7\u00e3o da posi\u00e7\u00e3o radial na \u00e1rvore de\u00a0<em>Eucalyptus grandis<\/em>. Luiz SANTINI JUNIOR; Israel Luiz de LIMA; Eduardo Luiz LONGUI; Sandra Monteiro Borges FLORSHEIM.<\/li>\n<\/ul>\n<p style=\"text-align: right;\"><strong><a href=\"http:\/\/www.iflorestal.sp.gov.br\/RIF\/SerieRegistros\/IFSR40\/IFSR40_33-37.pdf\">33-37<\/a><\/strong><\/p>\n<ul>\n<li>Efeito da proced\u00eancia na varia\u00e7\u00e3o radial do comprimento de fibras e densidade b\u00e1sica da madeira de\u00a0<em>Gallesia integrifolia\u00a0<\/em>(Spreng.) Harms. Ivelize Maciel ANDRADE; Eduardo Luiz LONGUI; Israel Luiz de LIMA; Sandra Monteiro Borges FLORSHEIM.<\/li>\n<\/ul>\n<p style=\"text-align: right;\"><strong><a href=\"http:\/\/www.iflorestal.sp.gov.br\/RIF\/SerieRegistros\/IFSR40\/IFSR40_39-43.pdf\">39-43<\/a><\/strong><\/p>\n<ul>\n<li>Estimativas de par\u00e2metros gen\u00e9ticos e correla\u00e7\u00f5es gen\u00e9ticas e fenot\u00edpicas entre propriedades f\u00edsicas da madeira em uma popula\u00e7\u00e3o base de\u00a0<em>Eucalyptus camaldulensis<\/em>Dehnh. Fernando Wergles SANTOS; Alexandre Magno SEBBENN; Sandra Monteiro Borges FLORSHEIM.<\/li>\n<\/ul>\n<p style=\"text-align: right;\"><strong><a href=\"http:\/\/www.iflorestal.sp.gov.br\/RIF\/SerieRegistros\/IFSR40\/IFSR40_45-49.pdf\">45-49<\/a><\/strong><\/p>\n<ul>\n<li>Influ\u00eancia do espa\u00e7amento e da posi\u00e7\u00e3o radial na varia\u00e7\u00e3o de elementos anat\u00f4micos da madeira de\u00a0<em>Tectona grandis<\/em>\u00a0Linn. Rafael GARCIA; Israel Luiz de LIMA; Eduardo Luiz LONGUI; Sandra Monteiro Borges FLORSHEIM.<\/li>\n<\/ul>\n<p style=\"text-align: right;\"><strong><a href=\"http:\/\/www.iflorestal.sp.gov.br\/RIF\/SerieRegistros\/IFSR40\/IFSR40_51-56.pdf\">51-56<\/a><\/strong><\/p>\n<ul>\n<li>Modifica\u00e7\u00f5es na vaz\u00e3o de um pequeno rio do oeste paulista decorrentes de atividades de conserva\u00e7\u00e3o do solo. Keitte Mayara ARA\u00daJO; Eliane Akiko HONDA.<\/li>\n<\/ul>\n<p style=\"text-align: right;\"><strong><a href=\"http:\/\/www.iflorestal.sp.gov.br\/RIF\/SerieRegistros\/IFSR40\/IFSR40_57-61.pdf\">57-61<\/a><\/strong><\/p>\n<ul>\n<li>Variabilidade da densidade b\u00e1sica e das dimens\u00f5es de fibra, em diferentes esp\u00e9cies de<em>Eucalyptus\u00a0<\/em>plantadas em Itatinga\/SP. Alaor BUFOLO; Gabriel BIBINI; Israel Luiz de LIMA; Eduardo Luiz LONGUI; Sandra Monteiro Borges FLORSHEIM.<\/li>\n<\/ul>\n<p style=\"text-align: right;\"><strong><a href=\"http:\/\/www.iflorestal.sp.gov.br\/RIF\/SerieRegistros\/IFSR40\/IFSR40_63-68.pdf\">63-68<\/a><\/strong><\/p>\n<ul>\n<li>Varia\u00e7\u00e3o de algumas propriedades f\u00edsicas e anat\u00f4micas da madeira de\u00a0<em>Liquidambar styraciflua<\/em>\u00a0L.(sweet gum) em fun\u00e7\u00e3o da posi\u00e7\u00e3o radial na tora em diferentes classes de di\u00e2metro. Beatriz Ribeiro ZANON; Israel Luiz de LIMA; Eduardo Luiz LONGUI; Sandra Monteiro Borges FLORSHEIM.<\/li>\n<\/ul>\n<p style=\"text-align: right;\"><strong><a href=\"http:\/\/www.iflorestal.sp.gov.br\/RIF\/SerieRegistros\/IFSR40\/IFSR40_69-74.pdf\">69-74<\/a><\/strong><\/p>\n<ul>\n<li>Varia\u00e7\u00e3o radial da densidade b\u00e1sica e comprimento de fibras de diferentes proced\u00eancias de\u00a0<em>Cariniana legalis<\/em>\u00a0&#8211; Lecythidade. Michelle Fonseca GARCIA; Sandra Monteiro Borges FLORSHEIM; Eduardo Luiz LONGUI; Israel Luiz de LIMA.<\/li>\n<\/ul>\n<p style=\"text-align: right;\"><strong><a href=\"http:\/\/www.iflorestal.sp.gov.br\/RIF\/SerieRegistros\/IFSR40\/IFSR40_75-80.pdf\">75-80<\/a><\/strong><\/p>\n<p style=\"text-align: left;\">CI\u00caNCIAS AMBIENTAIS<\/p>\n<ul>\n<li>Caracteriza\u00e7\u00e3o do est\u00e1gio sucessional da vegeta\u00e7\u00e3o da restinga da Vila Barra do Una, Peru\u00edbe \u2013 SP. Talita Cristina Caetano CAMARGO; Luana de Lucena NOVAES; Mara Angelina Galv\u00e3o MAGENTA; Claudio de MOURA; Jo\u00e3o Aur\u00e9lio PASTORE.<\/li>\n<\/ul>\n<p style=\"text-align: right;\"><strong><a href=\"http:\/\/www.iflorestal.sp.gov.br\/RIF\/SerieRegistros\/IFSR40\/IFSR40_83-87.pdf\">83-87<\/a><\/strong><\/p>\n<ul>\n<li>Caracteriza\u00e7\u00e3o preliminar do meio bi\u00f3tico do Ref\u00fagio de Vida Silvestre do Abrigo e Guararitama, Mosaico de Unidades de Conserva\u00e7\u00e3o Jur\u00e9ia-Itatins, litoral sul de S\u00e3o Paulo. Everton Ribeiro FARIAS; Roberto Nicacio da COSTA; Luis Carlos LIBORIO; Claudio de MOURA.<\/li>\n<\/ul>\n<p style=\"text-align: right;\"><strong><a href=\"http:\/\/www.iflorestal.sp.gov.br\/RIF\/SerieRegistros\/IFSR40\/IFSR40_89-94.pdf\">89-94<\/a><\/strong><\/p>\n<ul>\n<li>Contribui\u00e7\u00f5es do roteiro interpretativo da Trilha das \u00c1rvores Gigantes \u00e0s pr\u00e1ticas de professores que visitam o Parque Estadual de Porto Ferreira. Patr\u00edcia CARREIRO; Marlene Francisca TABANEZ; Sonia Aparecida de SOUZA.<\/li>\n<\/ul>\n<p style=\"text-align: right;\"><strong><a href=\"http:\/\/www.iflorestal.sp.gov.br\/RIF\/SerieRegistros\/IFSR40\/IFSR40_95-102.pdf\">95-102<\/a><\/strong><\/p>\n<ul>\n<li>Estudo de potencial pedag\u00f3gico na Esta\u00e7\u00e3o Experimental Itirapina para programas de educa\u00e7\u00e3o ambiental formal. Willian de Souza GALLO; Paulo Henrique Peira RUFFINO.<\/li>\n<\/ul>\n<p style=\"text-align: right;\"><strong><a href=\"http:\/\/www.iflorestal.sp.gov.br\/RIF\/SerieRegistros\/IFSR40\/IFSR40_103-109.pdf\">103-109<\/a><\/strong><\/p>\n<ul>\n<li>A pesquisa cient\u00edfica como processo educativo no N\u00facleo de Forma\u00e7\u00e3o Ecoprofissional Horto\/Cantareira, SP. Patr\u00edcia Ferreira e LIMA; Elaine Aparecida RODRIGUES.<\/li>\n<\/ul>\n<p style=\"text-align: right;\"><strong><a href=\"http:\/\/www.iflorestal.sp.gov.br\/RIF\/SerieRegistros\/IFSR40\/IFSR40_111-117.pdf\">111-117<\/a><\/strong><\/p>\n<p style=\"text-align: left;\">CI\u00caNCIAS BIOL\u00d3GICAS<\/p>\n<ul>\n<li>Anatomia comparada das fibras e elementos de vasos da raiz, caule e ramo de<em>Copaifera langsdorffii\u00a0<\/em>Desf. Tatiana Cestini GOUVEIA; Eduardo Luiz LONGUI; Sandra Monteiro Borges FLORSHEIM; Israel Luiz de LIMA; Ant\u00f4nio Carlos Galv\u00e3o de MELO.<\/li>\n<\/ul>\n<p style=\"text-align: right;\"><strong><a href=\"http:\/\/www.iflorestal.sp.gov.br\/RIF\/SerieRegistros\/IFSR40\/IFSR40_121-124.pdf\">121-124<\/a><\/strong><\/p>\n<ul>\n<li>Anatomia, densidade aparente e velocidade de propaga\u00e7\u00e3o do som na madeira de<em>Plathymenia reticulata<\/em>. Luana TESTONI; Eduardo Luiz LONGUI; Israel Luiz de LIMA; Sandra Monteiro Borges FLORSHEIM; Ant\u00f4nio Carlos Galv\u00e3o de MELO.<\/li>\n<\/ul>\n<p style=\"text-align: right;\"><strong><a href=\"http:\/\/www.iflorestal.sp.gov.br\/RIF\/SerieRegistros\/IFSR40\/IFSR40_125-130.pdf\">125-130<\/a><\/strong><\/p>\n<ul>\n<li>Anatomia da madeira e densidade b\u00e1sica de angico-branco &#8211;\u00a0<em>Anadenanthera colubrina<\/em>(Vell.) Brenan. Itiber\u00ea Moura Sckerratt Suckow; Eduardo Luiz LONGUI; Israel Luiz de LIMA; Sandra Monteiro Borges FLORSHEIM; Osny Tadeu de Aguiar.<\/li>\n<\/ul>\n<p style=\"text-align: right;\"><strong><a href=\"http:\/\/www.iflorestal.sp.gov.br\/RIF\/SerieRegistros\/IFSR40\/IFSR40_131-135.pdf\">131-135<\/a><\/strong><\/p>\n<ul>\n<li>Comunidade arb\u00f3rea de trecho de floresta secund\u00e1ria com arauc\u00e1ria na Esta\u00e7\u00e3o Ecol\u00f3gica de Bananal, Bananal-SP. Rochelle Lima Ramos dos SANTOS; Nat\u00e1lia Macedo IVANAUSKAS; Rodrigo Trassi POLISEL; Rejane ESTEVES.<\/li>\n<\/ul>\n<p style=\"text-align: right;\"><a href=\"https:\/\/smastr20.blob.core.windows.net\/institutoflorestal\/serieregistros\/IFSR40\/IFSR40_137-142.pdf\" target=\"_blank\" rel=\"noopener noreferrer\"><strong>137-141<\/strong><\/a><\/p>\n<ul>\n<li>Dieta de psitac\u00eddeos (Aves: Psittacidae) no Parque Estadual Alberto L\u00f6fgren-SP. Nara Inacio LUCCAS;<strong>\u00a0<\/strong>\u00c9rica Cristina Padovani Haller; Alexsander Zamorano ANTUNES.<\/li>\n<\/ul>\n<p style=\"text-align: right;\"><strong><a href=\"http:\/\/www.iflorestal.sp.gov.br\/RIF\/SerieRegistros\/IFSR40\/IFSR40_143-147.pdf\">143-147<\/a><\/strong><\/p>\n<ul>\n<li>Monitoramento da anurofauna de serrapilheira ap\u00f3s o desmatamento para a instala\u00e7\u00e3o do novo tra\u00e7ado da Linha de Transmiss\u00e3o Guarulhos-Anhanguera no Parque Estadual da Cantareira, S\u00e3o Paulo \u2013 SP. Victor GREGORATO; Gl\u00e1ucia Cortez Ramos de PAULA; Camila da Silva NUNES; Frederico Alexandre Roccia Dal Pozzo ARZOLLA; \u00a0Francisco Eduardo Silva Pinto VILELA.<\/li>\n<\/ul>\n<p style=\"text-align: right;\"><strong><a href=\"http:\/\/www.iflorestal.sp.gov.br\/RIF\/SerieRegistros\/IFSR40\/IFSR40_149-153.pdf\">149-153<\/a><\/strong><\/p>\n<ul>\n<li>A percep\u00e7\u00e3o dos visitantes do Parque Estadual Alberto L\u00f6fgren \u2013 S\u00e3o Paulo em rela\u00e7\u00e3o \u00e0 presen\u00e7a de pombos dom\u00e9sticos\u00a0<em>Columba livia domestica<\/em>\u00a0como vetores de zoonoses. Jacqueline Galv\u00e3o RODRIGUES; Marilda Rapp de ESTON; Marta \u00c2ngela MARCONDES; Aleksandra Furtado MENDES.<\/li>\n<\/ul>\n<p style=\"text-align: right;\"><strong><a href=\"http:\/\/www.iflorestal.sp.gov.br\/RIF\/SerieRegistros\/IFSR40\/IFSR40_155-160.pdf\">155-160<\/a><\/strong><\/p>\n<ul>\n<li>Tratamentos para superar dorm\u00eancia em sementes de\u00a0<em>Enterolobium contortisiliquum<\/em>(Vell.) Morang \u2013 tamboril. M\u00f4nica de Souza SILVA; S\u00e9rgio Roberto Garcia dos SANTOS.<\/li>\n<\/ul>\n<p style=\"text-align: right;\"><strong><a href=\"http:\/\/www.iflorestal.sp.gov.br\/RIF\/SerieRegistros\/IFSR40\/IFSR40_161-165.pdf\">161-165<\/a><\/strong><\/p>\n<ul>\n<li>Varia\u00e7\u00e3o na composi\u00e7\u00e3o da comunidade de aves florestais em rela\u00e7\u00e3o \u00e0 riqueza e estrutura da vegeta\u00e7\u00e3o no Parque Estadual Alberto L\u00f6fgren, S\u00e3o Paulo \u2013 SP. Bruna WYRGUN; Alexsander Zamorano ANTUNES.<\/li>\n<\/ul>\n<p style=\"text-align: right;\"><strong><a href=\"http:\/\/www.iflorestal.sp.gov.br\/RIF\/SerieRegistros\/IFSR40\/IFSR40_167-173.pdf\">167-173<\/a><\/strong><\/p>\n<ul>\n<li>Varia\u00e7\u00e3o em pequena escala na composi\u00e7\u00e3o da comunidade de aves no Parque Estadual Carlos Botelho, S\u00e3o Miguel Arcanjo \u2013 SP. Bruna Gon\u00e7alves da SILVA; Alexsander Zamorano ANTUNES.<\/li>\n<\/ul>\n<p style=\"text-align: right;\"><strong><a href=\"http:\/\/www.iflorestal.sp.gov.br\/RIF\/SerieRegistros\/IFSR40\/IFSR40_175-181.pdf\">175-181<\/a><\/strong><\/p>\n<ul>\n<li>A vegeta\u00e7\u00e3o da Esta\u00e7\u00e3o Ecol\u00f3gica de Angatuba: lacunas do conhecimento e \u00e1reas priorit\u00e1rias para pesquisa. Renata Pedreti SANCHES; Nat\u00e1lia Macedo IVANAUSKAS; Maria Teresa Zugliani Toniato; Marina Mitsue KANASHIRO.<\/li>\n<\/ul>\n<p style=\"text-align: right;\"><strong><a href=\"http:\/\/www.iflorestal.sp.gov.br\/RIF\/SerieRegistros\/IFSR40\/IFSR40_183-190.pdf\">183-190<\/a><\/strong><\/p>\n<ul>\n<li>A vegeta\u00e7\u00e3o na trilha do\u00a0<em>rafting<\/em>\u00a0do rio Paraibuna, Parque Estadual da Serra do Mar, N\u00facleo Santa Virg\u00ednia: implica\u00e7\u00f5es para a conserva\u00e7\u00e3o e o uso p\u00fablico. Marianna Carmona de Almeida PUSCHIAVO; Geraldo Ant\u00f4nio Daher Corr\u00eaa FRANCO; Nat\u00e1lia Macedo IVANAUSKAS; Flaviana Maluf de SOUZA.<\/li>\n<\/ul>\n<p style=\"text-align: right;\"><strong><a href=\"http:\/\/www.iflorestal.sp.gov.br\/RIF\/SerieRegistros\/IFSR40\/IFSR40_191-194.pdf\">191-194<\/a><\/strong><\/p>\n<p style=\"text-align: left;\">CI\u00caNCIAS EXATAS E DA TERRA<\/p>\n<ul>\n<li>An\u00e1lise das precipita\u00e7\u00f5es e das vaz\u00f5es de um trecho da bacia hidrogr\u00e1fica do rio Paraibuna-SP. Yuri VENEZIANI; Valdir de CICCO; Carla Daniela C\u00c2MARA; Maur\u00edcio RANZINI; Francisco Carlos Soriano ARCOVA.<\/li>\n<\/ul>\n<p style=\"text-align: right;\"><strong><a href=\"http:\/\/www.iflorestal.sp.gov.br\/RIF\/SerieRegistros\/IFSR40\/IFSR40_197-202.pdf\">197-202<\/a><\/strong><\/p>\n<ul>\n<li>Redistribui\u00e7\u00e3o das chuvas em plantio de\u00a0<em>Araucaria angustifolia<\/em>\u00a0(Bertol.) Kuntze (Araucariaceae) no Parque Estadual da Serra do Mar, Cunha \u2013 SP. Rita de C\u00e1ssia SOUSA; Maur\u00edcio RANZINI; Francisco Carlos Soriano ARCOVA; Valdir de CICCO; Carla Daniela C\u00c2MARA.<\/li>\n<\/ul>\n<p style=\"text-align: right;\"><strong><a href=\"http:\/\/www.iflorestal.sp.gov.br\/RIF\/SerieRegistros\/IFSR40\/IFSR40_203-208.pdf\">203-208<\/a><\/strong><\/p>\n<ul>\n<li>Os solos da Esta\u00e7\u00e3o Ecol\u00f3gica de Itaber\u00e1: caracteriza\u00e7\u00e3o e mapeamento. Paloma da Silva NOVAIS; Marcio ROSSI; Isabel Fernandes de Aguiar MATTOS; Marina Mitsue KANASHIRO.<\/li>\n<\/ul>\n<p style=\"text-align: right;\"><strong><a href=\"http:\/\/www.iflorestal.sp.gov.br\/RIF\/SerieRegistros\/IFSR40\/IFSR40_209-215.pdf\">209-215<\/a><\/strong><\/p>\n<ul>\n<li>Os solos da Esta\u00e7\u00e3o Ecol\u00f3gica de Itapeva: caracteriza\u00e7\u00e3o e mapeamento. Paloma da Silva NOVAIS; Marcio ROSSI; Isabel Fernandes de Aguiar MATTOS; Marina Mitsue KANASHIRO.<\/li>\n<\/ul>\n<p style=\"text-align: right;\"><strong><a href=\"http:\/\/www.iflorestal.sp.gov.br\/RIF\/SerieRegistros\/IFSR40\/IFSR40_217-222.pdf\">217-222<\/a><\/strong><\/p>\n","protected":false},"excerpt":{"rendered":"<p>S\u00c9RIE REGISTROS N. 40, Jul. 2009: Revista Completa CONTE\u00daDO Palestras Conserva\u00e7\u00e3o e manejo da vegeta\u00e7\u00e3o em unidades de prote\u00e7\u00e3o integral: possibilidades e limita\u00e7\u00f5es. V\u00e2nia Regina PIVELLO. 5-6 Educa\u00e7\u00e3o ambiental: conhecimento e pol\u00edtica no contexto da \u201ccrise ambiental\u201d. Eda Terezinha de Oliveira TASSARA. 7-9 Infraestrutura, meio f\u00edsico e mudan\u00e7as clim\u00e1ticas: novos desafios ao litoral do Estado [&hellip;]<\/p>\n","protected":false},"author":102,"featured_media":0,"parent":2992,"menu_order":0,"comment_status":"closed","ping_status":"open","template":"","meta":[],"_links":{"self":[{"href":"https:\/\/www.infraestruturameioambiente.sp.gov.br\/institutoflorestal\/wp-json\/wp\/v2\/pages\/5971"}],"collection":[{"href":"https:\/\/www.infraestruturameioambiente.sp.gov.br\/institutoflorestal\/wp-json\/wp\/v2\/pages"}],"about":[{"href":"https:\/\/www.infraestruturameioambiente.sp.gov.br\/institutoflorestal\/wp-json\/wp\/v2\/types\/page"}],"author":[{"embeddable":true,"href":"https:\/\/www.infraestruturameioambiente.sp.gov.br\/institutoflorestal\/wp-json\/wp\/v2\/users\/102"}],"replies":[{"embeddable":true,"href":"https:\/\/www.infraestruturameioambiente.sp.gov.br\/institutoflorestal\/wp-json\/wp\/v2\/comments?post=5971"}],"version-history":[{"count":7,"href":"https:\/\/www.infraestruturameioambiente.sp.gov.br\/institutoflorestal\/wp-json\/wp\/v2\/pages\/5971\/revisions"}],"predecessor-version":[{"id":19635,"href":"https:\/\/www.infraestruturameioambiente.sp.gov.br\/institutoflorestal\/wp-json\/wp\/v2\/pages\/5971\/revisions\/19635"}],"up":[{"embeddable":true,"href":"https:\/\/www.infraestruturameioambiente.sp.gov.br\/institutoflorestal\/wp-json\/wp\/v2\/pages\/2992"}],"wp:attachment":[{"href":"https:\/\/www.infraestruturameioambiente.sp.gov.br\/institutoflorestal\/wp-json\/wp\/v2\/media?parent=5971"}],"curies":[{"name":"wp","href":"https:\/\/api.w.org\/{rel}","templated":true}]}}