{"id":5963,"date":"2013-12-17T15:03:51","date_gmt":"2013-12-17T17:03:51","guid":{"rendered":"https:\/\/www.infraestruturameioambiente.sp.gov.br\/institutoflorestal\/?page_id=5963"},"modified":"2013-12-18T10:24:42","modified_gmt":"2013-12-18T12:24:42","slug":"sumario_n36","status":"publish","type":"page","link":"https:\/\/www.infraestruturameioambiente.sp.gov.br\/institutoflorestal\/publicacoes-if\/if-serie-registros\/sumario_n36\/","title":{"rendered":"IF S\u00e9rie Registros n\u00ba 36"},"content":{"rendered":"<p><strong>S\u00c9RIE REGISTROS N. 36, Jul. 2008: <a href=\"http:\/\/www.iflorestal.sp.gov.br\/RIF\/SerieRegistros\/IFSR36\/IFSR36.pdf\" target=\"_blank\">Revista Completa<\/a><\/strong><\/p>\n<p><strong>CONTE\u00daDO<\/strong><\/p>\n<ul>\n<li>Avalia\u00e7\u00e3o nutricional de mudas de\u00a0<em>Tabebuia impetiginosa<\/em>\u00a0(Mart.) Standley variando as solu\u00e7\u00f5es de fertirriga\u00e7\u00e3o. Ariana Mika INOUE; Isabele SARZI.<\/li>\n<\/ul>\n<p style=\"text-align: right\"><strong><\/strong><strong><\/strong><strong><a href=\"http:\/\/www.iflorestal.sp.gov.br\/RIF\/SerieRegistros\/IFSR36\/IFSR36_7-11.pdf\" target=\"_blank\">7-11<\/a><\/strong><\/p>\n<ul>\n<li>Crescimento e composi\u00e7\u00e3o qu\u00edmica de mudas de\u00a0<em>Zeyheria tuberculosa<\/em>\u00a0(Vell.) Bureau produzidas em diferentes solu\u00e7\u00f5es de fertirriga\u00e7\u00e3o. Ariana Mika INOUE; Isabele SARZI.<\/li>\n<\/ul>\n<p style=\"text-align: right\"><strong><\/strong><strong><a href=\"http:\/\/www.iflorestal.sp.gov.br\/RIF\/SerieRegistros\/IFSR36\/IFSR36_13-17.pdf\">13-17<\/a><\/strong><\/p>\n<ul>\n<li>Varia\u00e7\u00e3o de propriedades da madeira\u00a0<em>Tectona grandis<\/em>\u00a0Linn.F. (te\u00e7a) em fun\u00e7\u00e3o do espa\u00e7amento e da posi\u00e7\u00e3o radial na tora. Marcos Manzano PIMENTEL; Pedro Augusto Mininghelle SELEGATO; Jos\u00e9 Nivaldo GARCIA; Israel Luiz de LIMA.<\/li>\n<\/ul>\n<p style=\"text-align: right\"><strong><\/strong><strong><a href=\"http:\/\/www.iflorestal.sp.gov.br\/RIF\/SerieRegistros\/IFSR36\/IFSR36_19-24.pdf\">19-24<\/a><\/strong><\/p>\n<ul>\n<li>Varia\u00e7\u00e3o Radial da densidade b\u00e1sica e dimens\u00f5es celulares de\u00a0<em>Croton floribundis<\/em>Spreng. na Serra da Cantareira, SP. Beatriz Ribeiro ZANON; Eduardo Luiz LONGUI; Sandra Monteiro Borges FLORSHEIM; Israel Luiz de LIMA.<\/li>\n<\/ul>\n<p style=\"text-align: right\"><strong><\/strong><strong><a href=\"http:\/\/www.iflorestal.sp.gov.br\/RIF\/SerieRegistros\/IFSR36\/IFSR36_25-29.pdf\">25-29<\/a><\/strong><\/p>\n<ul>\n<li>O artesanato como estrat\u00e9gia de educa\u00e7\u00e3o ambiental e de gera\u00e7\u00e3o de renda na Reserva da Biosfera do Cintur\u00e3o Verde da Cidade de S\u00e3o Paulo. Talita Braga CAETANO; Tha\u00eds Soares NEVES; Rochelle Lima Ramos dos SANTOS; Geraldo Ant\u00f4nio Daher Corr\u00eaa FRANCO; Elaine Aparecida Rodrigues.<\/li>\n<\/ul>\n<p style=\"text-align: right\"><strong><\/strong><strong><a href=\"http:\/\/www.iflorestal.sp.gov.br\/RIF\/SerieRegistros\/IFSR36\/IFSR36_33-39.pdf\">33-39<\/a><\/strong><\/p>\n<ul>\n<li>Com\u00e9rcio ilegal de avifauna na Regi\u00e3o Metropolitana de S\u00e3o Paulo. \u00c1gata Cobos SALGADO; Elaine Aparecida RODRIGUES; Alexsander Zamorano Antunes.<\/li>\n<\/ul>\n<p style=\"text-align: right\"><strong><\/strong><strong><a href=\"http:\/\/www.iflorestal.sp.gov.br\/RIF\/SerieRegistros\/IFSR36\/IFSR36_41-47.pdf\">41-47<\/a><\/strong><\/p>\n<ul>\n<li>Import\u00e2ncia das \u00c1reas Protegidas Marinhas para a conserva\u00e7\u00e3o dos recifes de coral: considera\u00e7\u00f5es sobre a atividade tur\u00edstica no Parque Estadual Marinho da Laje de Santos, S\u00e3o Paulo. Stella VERDASCA; Marina Rito BRENHA; Elaine Aparecida RODRIGUES.<\/li>\n<\/ul>\n<p style=\"text-align: right\"><strong><\/strong><strong><a href=\"http:\/\/www.iflorestal.sp.gov.br\/RIF\/SerieRegistros\/IFSR36\/IFSR36_49-55.pdf\">49-55<\/a><\/strong><\/p>\n<ul>\n<li>Interpreta\u00e7\u00e3o da natureza em trilhas do Parque Estadual do Jaragu\u00e1, S\u00e3o Paulo \u2013 SP. Camila da Silva NUNES; Frederico Alexandre Roccia Dal Pozzo ARZOLLA; Gl\u00e1ucia Cortez Ramos de PAULA; Victor GREGORATO.<\/li>\n<\/ul>\n<p style=\"text-align: right\"><strong><\/strong><strong><a href=\"http:\/\/www.iflorestal.sp.gov.br\/RIF\/SerieRegistros\/IFSR36\/IFSR36_57-62.pdf\">57-62<\/a><\/strong><\/p>\n<ul>\n<li>Potencial de explora\u00e7\u00e3o econ\u00f4mica e de educa\u00e7\u00e3o ambiental de plantas medicinais da Mata Atl\u00e2ntica. Andressa Albuquerque Nunes RIBEIRO; Ana Carolina de Freitas Miura SANTOS; Adriane Albuquerque Nunes RIBEIRO; Nat\u00e1lia MEZZACAPA; Massako NAKAOKA SAKITA; Elaine Aparecida RODRIGUES.<\/li>\n<\/ul>\n<p style=\"text-align: right\"><strong><\/strong><strong><a href=\"http:\/\/www.iflorestal.sp.gov.br\/RIF\/SerieRegistros\/IFSR36\/IFSR36_63-71.pdf\">63-71<\/a><\/strong><\/p>\n<ul>\n<li>A press\u00e3o urbana sobre os parques estaduais da Cantareira e Alberto L\u00f6fgren situados na Regi\u00e3o Metropolitana de S\u00e3o Paulo. Tadeu da Costa GASPARETO; Dimas Antonio da SILVA. M\u00f4nica PAV\u00c3O.<\/li>\n<\/ul>\n<p style=\"text-align: right\"><strong><\/strong><strong><a href=\"http:\/\/www.iflorestal.sp.gov.br\/RIF\/SerieRegistros\/IFSR36\/IFSR36_73-80.pdf\">73-80<\/a><\/strong><\/p>\n<ul>\n<li>Significado e import\u00e2ncia da Esta\u00e7\u00e3o Ecol\u00f3gica de Bauru para a popula\u00e7\u00e3o de entorno: algumas reflex\u00f5es para a defini\u00e7\u00e3o da zona de amortecimento. Rochelle Lima Ramos dos SANTOS; Fl\u00e1via ROSSI; M\u00f4nica PAV\u00c3O; Elaine Aparecida RODRIGUES.<\/li>\n<\/ul>\n<p style=\"text-align: right\"><strong><\/strong><strong><a href=\"http:\/\/www.iflorestal.sp.gov.br\/RIF\/SerieRegistros\/IFSR36\/IFSR36_81-88.pdf\">81-88<\/a><\/strong><\/p>\n<ul>\n<li>Composi\u00e7\u00e3o flor\u00edstica de \u00e1reas em processo de regenera\u00e7\u00e3o natural na Serra da Cantareira, S\u00e3o Paulo \u2013 SP. Victor GREGORATO; Camila da Silva NUNES; Frederico Alexandre Roccia Dal Pozzo ARZOLLA; Francisco Eduardo Silva Pinto VILELA; Gl\u00e1ucia Cortez Ramos de PAULA.<\/li>\n<\/ul>\n<p style=\"text-align: right\"><strong><\/strong><strong><a href=\"http:\/\/www.iflorestal.sp.gov.br\/RIF\/SerieRegistros\/IFSR36\/IFSR36_91-95.pdf\">91-95<\/a><\/strong><\/p>\n<ul>\n<li>Flora arbustivo-arb\u00f3rea do Parque Estadual do Jaragu\u00e1, S\u00e3o Paulo \u2013 SP. Rita de C\u00e1ssia SOUSA; Flaviana Maluf de SOUZA; Rejane ESTEVES; Nat\u00e1lia Macedo IVANAUSKAS; Geraldo Ant\u00f4nio Daher Corr\u00eaa FRANCO.<\/li>\n<\/ul>\n<p style=\"text-align: right\"><strong><\/strong><strong><a href=\"http:\/\/www.iflorestal.sp.gov.br\/RIF\/SerieRegistros\/IFSR36\/IFSR36_97-101.pdf\">97-101<\/a><\/strong><\/p>\n<ul>\n<li>Flora epifif\u00edtico-vascular do manguezal do rio Uma do Prelado, Esta\u00e7\u00e3o Ecol\u00f3gica Jur\u00e9ia-Itatins, Iguape, SP: dados preliminares. Thais Tamamoto de MORAES; Jo\u00e3o Aur\u00e9lio PASTORE; Cl\u00e1udio de MOURA.<\/li>\n<\/ul>\n<p style=\"text-align: right\"><strong><\/strong><strong><a href=\"http:\/\/www.iflorestal.sp.gov.br\/RIF\/SerieRegistros\/IFSR36\/IFSR36_103-108.pdf\">103-108<\/a><\/strong><\/p>\n<ul>\n<li>Regenera\u00e7\u00e3o de esp\u00e9cies arbustivas e arb\u00f3reas do subosque de florestas de Arauc\u00e1ria com diferentes hist\u00f3ricos em Campos do Jord\u00e3o \u2013 SP. Rodrigo Trassi POLISEL; Marta Camargo de ASSIS; Rose Pereira Muniz de SOUZA; Rejane ESTEVES; Nat\u00e1lia Macedo IVANAUSKAS.<\/li>\n<\/ul>\n<p style=\"text-align: right\"><strong><\/strong><strong><a href=\"http:\/\/www.iflorestal.sp.gov.br\/RIF\/SerieRegistros\/IFSR36\/IFSR36_109-116.pdf\">109-116<\/a><\/strong><\/p>\n<ul>\n<li>Utiliza\u00e7\u00e3o do extrato pirolenhoso (EPL) e finos de carv\u00e3o (FC) na revitaliza\u00e7\u00e3o de \u00e1reas com ess\u00eancias florestais. Fase I. Massaki NAKAOKA SAKITA; Paulo Ramazzotti PORTO; Andr\u00e9 Eidi Nakaoka SAKITA; Francisco de Assis Honda; Felipe Santiago Faustino INHETVIN.<\/li>\n<\/ul>\n<p style=\"text-align: right\"><strong><\/strong><strong><a href=\"http:\/\/www.iflorestal.sp.gov.br\/RIF\/SerieRegistros\/IFSR36\/IFSR36_117-122.pdf\">117-122<\/a><\/strong><\/p>\n<ul>\n<li>Varia\u00e7\u00e3o gen\u00e9tica em caracteres silviculturais em uma popula\u00e7\u00e3o base de\u00a0<em>Eucalyptus camaldulensis<\/em>\u00a0DEHNH. Fernando Wergles SANTOS; Alexandro Magno SEBBENN; Sandra Monteiro Borges FLORSHEIM.<\/li>\n<\/ul>\n<p style=\"text-align: right\"><strong><\/strong><strong><a href=\"http:\/\/www.iflorestal.sp.gov.br\/RIF\/SerieRegistros\/IFSR36\/IFSR36_123-126.pdf\">123-126<\/a><\/strong><\/p>\n<ul>\n<li>Varia\u00e7\u00e3o gen\u00e9tica para caracteres silviculturais e sobreviv\u00eancia em prog\u00eanies de<em>Myracrodruon urundeuva<\/em>\u00a0(Engler) Fr. Allem. Ellen Su Ching TUNG; Miguel Luiz Menezes FREITAS; Sandra Monteiro Borges FLORSHEIM.<\/li>\n<\/ul>\n<p style=\"text-align: right\"><strong><\/strong><strong><a href=\"http:\/\/www.iflorestal.sp.gov.br\/RIF\/SerieRegistros\/IFSR36\/IFSR36_127-132.pdf\">127-132<\/a><\/strong><\/p>\n<ul>\n<li>Varia\u00e7\u00f5es nos padr\u00f5es de atividade em Psitac\u00eddeos (Aves: Psittacidae) no Parque Estadual Alberto L\u00f6fgren \u2013 SP. Nara In\u00e1cio LUCCAS; Alexsander Zamorano ANTUNES.<\/li>\n<\/ul>\n<p style=\"text-align: right\"><strong><\/strong><strong><a href=\"http:\/\/www.iflorestal.sp.gov.br\/RIF\/SerieRegistros\/IFSR36\/IFSR36_133-139.pdf\">133-139<\/a><\/strong><\/p>\n<ul>\n<li>A vegeta\u00e7\u00e3o do Parque Estadual de Vassununga: lacunas do conhecimento e \u00e1reas priorit\u00e1rias para pesquisa. Rochelle Lima Pereira dos SANTOS; Rodrigo Trassi POLISEL; Nat\u00e1lia Macedo IVANAUSKAS.<\/li>\n<\/ul>\n<p style=\"text-align: right\"><strong><\/strong><strong><a href=\"http:\/\/www.iflorestal.sp.gov.br\/RIF\/SerieRegistros\/IFSR36\/IFSR36_141-146.pdf\">141-146<\/a><\/strong><\/p>\n<ul>\n<li>Caracter\u00edsticas do defl\u00favio de uma microbacia experimental com Mata Atl\u00e2ntica, Cunha \u2013 SP. C\u00edntia DONATO; Maur\u00edcio RANZINI; Valdir de CICCO; Francisco Carlos Soriano ARCOVA; Carla Daniela C\u00c2MARA; Jo\u00e3o Batista Amaro dos SANTOS.<\/li>\n<\/ul>\n<p style=\"text-align: right\"><strong><\/strong><strong><a href=\"http:\/\/www.iflorestal.sp.gov.br\/RIF\/SerieRegistros\/IFSR36\/IFSR36_149-154.pdf\">149-154<\/a><\/strong><\/p>\n<ul>\n<li>Determina\u00e7\u00e3o da capacidade de infiltra\u00e7\u00e3o em solo de cerrado no munic\u00edpio de Assis \u2013 SP. Estela Mara de SOUZA; Maria Alice Borges BATISTA; Eliane Akiko HONDA.<\/li>\n<\/ul>\n<p style=\"text-align: right\"><strong><\/strong><strong><a href=\"http:\/\/www.iflorestal.sp.gov.br\/RIF\/SerieRegistros\/IFSR36\/IFSR36_155-159.pdf\">155-159<\/a><\/strong><\/p>\n<ul>\n<li>Diagn\u00f3stico da hidrologia superficial do Parque Estadual das Furnas do Bom Jesus como contribui\u00e7\u00e3o \u00e0 elabora\u00e7\u00e3o de seu plano de manejo. L\u00edvia Fagnani Sanchez de SOUZA; Francisco Carlos Soriano ARCOVA; Maur\u00edcio RANZINI; Valdir de CICCOJo\u00e3o Batista Amaro dos SANTOS; Alexandre VIOTTO.<\/li>\n<\/ul>\n<p style=\"text-align: right\"><strong><\/strong><strong><a href=\"http:\/\/www.iflorestal.sp.gov.br\/RIF\/SerieRegistros\/IFSR36\/IFSR36_161-165.pdf\">161-165<\/a><\/strong><\/p>\n<ul>\n<li>A evolu\u00e7\u00e3o das manchas de taquaras sobre mata natural da bacia do C\u00f3rrego do Chap\u00e9u no Parque Estadual Tur\u00edstico do Alto Ribeira (PETAR) \u2013 SP. Mariana Oliveira da CRUZ; Isabel Fernandes de Aguiar MATTOS.<\/li>\n<\/ul>\n<p style=\"text-align: right\"><strong><\/strong><strong><a href=\"http:\/\/www.iflorestal.sp.gov.br\/RIF\/SerieRegistros\/IFSR36\/IFSR36_173-179.pdf\">173-179<\/a><\/strong><\/p>\n<ul>\n<li>Influ\u00eancia do uso do solo na vaz\u00e3o e na qualidade da \u00e1gua em tr\u00eas bacias hidrogr\u00e1ficas do oeste paulista. Patr\u00edcia Aparecida FIGUEIREDO; Eliane Akiko HONDA.<\/li>\n<\/ul>\n<p style=\"text-align: right\"><strong><\/strong><strong><a href=\"http:\/\/www.iflorestal.sp.gov.br\/RIF\/SerieRegistros\/IFSR36\/IFSR36_181-186.pdf\">181-186<\/a><\/strong><\/p>\n","protected":false},"excerpt":{"rendered":"<p>S\u00c9RIE REGISTROS N. 36, Jul. 2008: Revista Completa CONTE\u00daDO Avalia\u00e7\u00e3o nutricional de mudas de\u00a0Tabebuia impetiginosa\u00a0(Mart.) Standley variando as solu\u00e7\u00f5es de fertirriga\u00e7\u00e3o. Ariana Mika INOUE; Isabele SARZI. 7-11 Crescimento e composi\u00e7\u00e3o qu\u00edmica de mudas de\u00a0Zeyheria tuberculosa\u00a0(Vell.) Bureau produzidas em diferentes solu\u00e7\u00f5es de fertirriga\u00e7\u00e3o. Ariana Mika INOUE; Isabele SARZI. 13-17 Varia\u00e7\u00e3o de propriedades da madeira\u00a0Tectona grandis\u00a0Linn.F. (te\u00e7a) [&hellip;]<\/p>\n","protected":false},"author":49,"featured_media":0,"parent":2992,"menu_order":0,"comment_status":"closed","ping_status":"open","template":"","meta":[],"_links":{"self":[{"href":"https:\/\/www.infraestruturameioambiente.sp.gov.br\/institutoflorestal\/wp-json\/wp\/v2\/pages\/5963"}],"collection":[{"href":"https:\/\/www.infraestruturameioambiente.sp.gov.br\/institutoflorestal\/wp-json\/wp\/v2\/pages"}],"about":[{"href":"https:\/\/www.infraestruturameioambiente.sp.gov.br\/institutoflorestal\/wp-json\/wp\/v2\/types\/page"}],"author":[{"embeddable":true,"href":"https:\/\/www.infraestruturameioambiente.sp.gov.br\/institutoflorestal\/wp-json\/wp\/v2\/users\/49"}],"replies":[{"embeddable":true,"href":"https:\/\/www.infraestruturameioambiente.sp.gov.br\/institutoflorestal\/wp-json\/wp\/v2\/comments?post=5963"}],"version-history":[{"count":5,"href":"https:\/\/www.infraestruturameioambiente.sp.gov.br\/institutoflorestal\/wp-json\/wp\/v2\/pages\/5963\/revisions"}],"predecessor-version":[{"id":6008,"href":"https:\/\/www.infraestruturameioambiente.sp.gov.br\/institutoflorestal\/wp-json\/wp\/v2\/pages\/5963\/revisions\/6008"}],"up":[{"embeddable":true,"href":"https:\/\/www.infraestruturameioambiente.sp.gov.br\/institutoflorestal\/wp-json\/wp\/v2\/pages\/2992"}],"wp:attachment":[{"href":"https:\/\/www.infraestruturameioambiente.sp.gov.br\/institutoflorestal\/wp-json\/wp\/v2\/media?parent=5963"}],"curies":[{"name":"wp","href":"https:\/\/api.w.org\/{rel}","templated":true}]}}