{"id":4130,"date":"2013-09-09T11:26:19","date_gmt":"2013-09-09T14:26:19","guid":{"rendered":"https:\/\/www.infraestruturameioambiente.sp.gov.br\/institutoflorestal\/?page_id=4130"},"modified":"2021-02-01T16:30:17","modified_gmt":"2021-02-01T18:30:17","slug":"assis","status":"publish","type":"page","link":"https:\/\/www.infraestruturameioambiente.sp.gov.br\/institutoflorestal\/areas-protegidas\/florestas-estaduais\/assis\/","title":{"rendered":"Assis"},"content":{"rendered":"<ul>\n<li><strong>Nome:<\/strong> Floresta Estadual de Assis<\/li>\n<li><strong>Munic\u00edpio:<\/strong> Assis<\/li>\n<li><strong>Divis\u00e3o:<\/strong> DFEE<\/li>\n<li><strong>Diploma Legal:<\/strong>\u00a0Dec. 25.178 de 13\/05\/86 e\u00a0Dec. 47.098 de 18\/09\/2002<\/li>\n<li><strong>Se\u00e7\u00e3o:<\/strong>\u00a0Se\u00e7\u00e3o de Floresta Estadual de Assis<\/li>\n<li><strong>Respons\u00e1vel:<\/strong>\u00a0Osmar Vilas Boas<\/li>\n<li><strong>Endere\u00e7o:<\/strong>\u00a0Estrada Assis &#8211; Lut\u00e9cia km 09 CP 104 Assis-SP<a href=\"https:\/\/www.google.com.br\/maps\/preview#!q=R.+Vereador+Mario+Ananias+s%2Fn%C2%B0&amp;data=!2m1!1e3!4m10!1m9!4m8!1m3!1d140322!2d-48.1584606!3d-21.7856273!3m2!1i1280!2i909!4f13.1&amp;fid=7\" target=\"_blank\" rel=\"noopener noreferrer\"><br \/>\n<\/a><\/li>\n<li><strong>Bairro:<\/strong>\u00a0Zona Rural<\/li>\n<li><strong>CEP:<\/strong> 19800-970<\/li>\n<li><strong>Via de Acesso:<\/strong>\u00a0Rodovia Raposo Tavares \/ Rodovia Castelo Branco e SP-333<\/li>\n<li><strong>Caixa Postal:<\/strong>\u00a0104<\/li>\n<li><strong>Telefone:<\/strong>\u00a0(18) 3325-1045 \u00a0&#8211; Ramal 20 e\u00a0(18) 3325-1066 &#8211; Ramal 29<\/li>\n<li><strong>E-mail:<\/strong>\u00a0<a href=\"mailto:florestassis@gmail.com\">florestassis@gmail.com<\/a><\/li>\n<li><strong>Visita\u00e7\u00e3o:<\/strong>\u00a0de segunda a sexta das 8h \u00e0s 17h<\/li>\n<\/ul>\n<ul>\n<li><strong>\u00c1rea (ha):<\/strong>\u00a02,816.42<\/li>\n<li><strong>Latitude:<\/strong>\u00a022\u00ba34\u00b4 &#8211; Lat S<\/li>\n<li><strong>Longitude:<\/strong>\u00a050\u00ba24\u00b4 &#8211; Long W<\/li>\n<li><strong>Amplitude Altitudinal: <\/strong>de 500 a 590m<\/li>\n<li><strong>Per\u00edmetro(km): <\/strong>48<\/li>\n<li><strong>Clima:<\/strong>\u00a0Clima Mesot\u00e9rmico.<\/li>\n<li><strong>Temperatura:<br \/>\n<\/strong>&#8211; Temperatura m\u00e9dia anual dos meses mais quentes 22\u00b0C.<br \/>\n&#8211; Temperatura m\u00e9dia anual dos meses mais frios 18\u00b0C.<\/li>\n<\/ul>\n<ul>\n<li><strong>Topografia:<\/strong>\u00a0Apresenta relevo suave ondulado, com altitude m\u00e9dia de 500m acima do n\u00edvel do mar. Ocupa os terrenos mais elevados do munic\u00edpio de Assis, sendo que os dois pontos de maior altitude (588m e 588m) est\u00e3o dentro da Floresta, pr\u00f3ximos \u00e0 sede.<\/li>\n<li><strong>Solo:\u00a0<\/strong>Latossolo Vermelho-escuro \u00e1tico. Podz\u00f3lico Vermelho-amarelo eutr\u00e1fico. Areia quartzosa \u00e1lica.<\/li>\n<li><strong>Ecossistema: <\/strong>Cerrad\u00e3o, reflorestamento com ess\u00eancias ex\u00f3ticas &#8211; <em>Pinus<\/em> e <em>Eucaliptus<\/em>.<\/li>\n<li><strong>Fauna:<\/strong><\/li>\n<li><strong>Popula\u00e7\u00f5es animais ou vegetais chave para conserva\u00e7\u00e3o<\/strong>: S\u00e3o conhecidas para a \u00e1rea de prote\u00e7\u00e3o 236 esp\u00e9cies vegetais. Destacam-se\u00a0 <em>Ilex affinis<\/em>, <em>Ilex brasiliensis<\/em>, almecega-do-brejo <em>Protium spruceanum<\/em>, <em>Casearia lasiophylla<\/em>, <em>Persea venosa<\/em> e <em>Byrsonima subterranea<\/em>. Para a fauna de vertebrados foram registradas 20 esp\u00e9cies de mam\u00edferos e 116 de aves, com destaque para a on\u00e7a-parda <em>Puma concolor<\/em>.<strong>\u00a0<\/strong><\/li>\n<li><strong>Flora:<\/strong>\u00a0As \u00e1reas reflorestadas compreendem 1.255ha desses 1.795ha s\u00e3o florestas de Pinus, que s\u00e3o comercializados para constru\u00e7\u00e3o civil, lenha eresina para a ind\u00fastria qu\u00edmica. O restante \u00e9 coberto com Eucaliptus que s\u00e3o utilizados basicamente para postes, lenha, mour\u00f5ese constru\u00e7\u00e3o civil. H\u00e1 ainda uma \u00e1rea de 300ha de cerrado.<\/li>\n<li><strong>Turismo:<\/strong> Diariamente, das 9:00 \u00e0s 18:00.<\/li>\n<li><strong>Hospedaria:<\/strong> Sim<\/li>\n<li><strong>Plano de Manejo:<\/strong>\u00a0<a href=\"http:\/\/www.iflorestal.sp.gov.br\/RIF\/SerieRegistros\/IFSR30\/IFSR30.pdf\">http:\/\/www.iflorestal.sp.gov.br\/RIF\/SerieRegistros\/IFSR30\/IFSR30.pdf<\/a><\/li>\n<li><strong>Ficha com resumo da \u00e1rea protegida:<\/strong>\u00a0<a href=\"https:\/\/smastr16.blob.core.windows.net\/iflorestal\/sites\/234\/2018\/09\/FE-Assis.pdf\">https:\/\/smastr16.blob.core.windows.net\/iflorestal\/sites\/234\/2018\/09\/FE-Assis.pdf<\/a><\/li>\n<\/ul>\n<p><b>O Minist\u00e9rio da Sa\u00fade recomenda a vacina da febre amarela aos visitantes que forem para a regi\u00e3o<\/b><\/p>\n","protected":false},"excerpt":{"rendered":"<p>Nome: Floresta Estadual de Assis Munic\u00edpio: Assis Divis\u00e3o: DFEE Diploma Legal:\u00a0Dec. 25.178 de 13\/05\/86 e\u00a0Dec. 47.098 de 18\/09\/2002 Se\u00e7\u00e3o:\u00a0Se\u00e7\u00e3o de Floresta Estadual de Assis Respons\u00e1vel:\u00a0Osmar Vilas Boas Endere\u00e7o:\u00a0Estrada Assis &#8211; Lut\u00e9cia km 09 CP 104 Assis-SP Bairro:\u00a0Zona Rural CEP: 19800-970 Via de Acesso:\u00a0Rodovia Raposo Tavares \/ Rodovia Castelo Branco e SP-333 Caixa Postal:\u00a0104 Telefone:\u00a0(18) 3325-1045 [&hellip;]<\/p>\n","protected":false},"author":102,"featured_media":0,"parent":3920,"menu_order":0,"comment_status":"closed","ping_status":"open","template":"","meta":[],"_links":{"self":[{"href":"https:\/\/www.infraestruturameioambiente.sp.gov.br\/institutoflorestal\/wp-json\/wp\/v2\/pages\/4130"}],"collection":[{"href":"https:\/\/www.infraestruturameioambiente.sp.gov.br\/institutoflorestal\/wp-json\/wp\/v2\/pages"}],"about":[{"href":"https:\/\/www.infraestruturameioambiente.sp.gov.br\/institutoflorestal\/wp-json\/wp\/v2\/types\/page"}],"author":[{"embeddable":true,"href":"https:\/\/www.infraestruturameioambiente.sp.gov.br\/institutoflorestal\/wp-json\/wp\/v2\/users\/102"}],"replies":[{"embeddable":true,"href":"https:\/\/www.infraestruturameioambiente.sp.gov.br\/institutoflorestal\/wp-json\/wp\/v2\/comments?post=4130"}],"version-history":[{"count":17,"href":"https:\/\/www.infraestruturameioambiente.sp.gov.br\/institutoflorestal\/wp-json\/wp\/v2\/pages\/4130\/revisions"}],"predecessor-version":[{"id":20173,"href":"https:\/\/www.infraestruturameioambiente.sp.gov.br\/institutoflorestal\/wp-json\/wp\/v2\/pages\/4130\/revisions\/20173"}],"up":[{"embeddable":true,"href":"https:\/\/www.infraestruturameioambiente.sp.gov.br\/institutoflorestal\/wp-json\/wp\/v2\/pages\/3920"}],"wp:attachment":[{"href":"https:\/\/www.infraestruturameioambiente.sp.gov.br\/institutoflorestal\/wp-json\/wp\/v2\/media?parent=4130"}],"curies":[{"name":"wp","href":"https:\/\/api.w.org\/{rel}","templated":true}]}}