{"id":1818,"date":"2013-03-19T16:52:09","date_gmt":"2013-03-19T19:52:09","guid":{"rendered":"https:\/\/www.infraestruturameioambiente.sp.gov.br\/institutoflorestal\/?page_id=1818"},"modified":"2022-09-21T15:28:31","modified_gmt":"2022-09-21T18:28:31","slug":"museu-florestal","status":"publish","type":"page","link":"https:\/\/www.infraestruturameioambiente.sp.gov.br\/institutoflorestal\/colecoes-e-acervos\/museu-florestal\/","title":{"rendered":"Museu Florestal Oct\u00e1vio Vecchi"},"content":{"rendered":"<p>&nbsp;<\/p>\n<table>\n<tbody>\n<tr>\n<td style=\"width: 51px\"><strong><a href=\"https:\/\/www.infraestruturameioambiente.sp.gov.br\/institutoflorestal\/colecoes-e-acervos\/museu-florestal\/octavio-vecchi-forest-museum\/\">English<\/a><\/strong><\/td>\n<td style=\"width: 64px\"><strong><a href=\"https:\/\/www.infraestruturameioambiente.sp.gov.br\/institutoflorestal\/colecoes-e-acervos\/museu-florestal\/museo-forestal-octavio-vecchi\/\">Espa\u00f1ol<\/a><\/strong><\/td>\n<td style=\"width: 72px\"><strong><a href=\"https:\/\/www.infraestruturameioambiente.sp.gov.br\/institutoflorestal\/colecoes-e-acervos\/museu-florestal\/arbara-muzeo-octavio-vecchi\/\">Esperanto<\/a><\/strong><\/td>\n<td style=\"width: 60px\"><strong><a href=\"https:\/\/www.infraestruturameioambiente.sp.gov.br\/institutoflorestal\/colecoes-e-acervos\/museu-florestal\/musee-forestier-octavio-vecchi\/\">Fran\u00e7ais<\/a><\/strong><\/td>\n<\/tr>\n<\/tbody>\n<\/table>\n<div class=\"wc-gallery\"><div id='gallery-1' data-gutter-width='5' data-columns='3' class='gallery wc-gallery-captions-onhover gallery-link-file gallery-masonry galleryid-1818 gallery-columns-3 gallery-size-thumbnail wc-gallery-bottomspace-default wc-gallery-clear'><div class='gallery-item gallery-item-position-1 gallery-item-attachment-7039'>\n\t\t\t\t<div class='gallery-icon landscape'>\n\t\t\t\t\t<a href='https:\/\/www.infraestruturameioambiente.sp.gov.br\/institutoflorestal\/wp-content\/uploads\/sites\/234\/2013\/03\/MG_3140_1.jpg' title='' target='_self'><img width=\"150\" height=\"150\" src=\"https:\/\/www.infraestruturameioambiente.sp.gov.br\/institutoflorestal\/wp-content\/uploads\/sites\/234\/2013\/03\/MG_3140_1-150x150.jpg\" class=\"attachment-thumbnail size-thumbnail\" alt=\"\" decoding=\"async\" loading=\"lazy\" \/><\/a>\n\t\t\t\t<\/div><\/div><div class='gallery-item gallery-item-position-2 gallery-item-attachment-3818'>\n\t\t\t\t<div class='gallery-icon landscape'>\n\t\t\t\t\t<a href='https:\/\/www.infraestruturameioambiente.sp.gov.br\/institutoflorestal\/wp-content\/uploads\/sites\/234\/2013\/08\/MG_3599_1.jpg' title='_MG_3599_1' target='_self'><img width=\"150\" height=\"150\" src=\"https:\/\/www.infraestruturameioambiente.sp.gov.br\/institutoflorestal\/wp-content\/uploads\/sites\/234\/2013\/08\/MG_3599_1-150x150.jpg\" class=\"attachment-thumbnail size-thumbnail\" alt=\"\" decoding=\"async\" loading=\"lazy\" \/><\/a>\n\t\t\t\t<\/div><\/div><div class='gallery-item gallery-item-position-3 gallery-item-attachment-3809'>\n\t\t\t\t<div class='gallery-icon landscape'>\n\t\t\t\t\t<a href='https:\/\/www.infraestruturameioambiente.sp.gov.br\/institutoflorestal\/wp-content\/uploads\/sites\/234\/2013\/08\/MG_3618_1.jpg' title='_MG_3618_1' target='_self'><img width=\"150\" height=\"150\" src=\"https:\/\/www.infraestruturameioambiente.sp.gov.br\/institutoflorestal\/wp-content\/uploads\/sites\/234\/2013\/08\/MG_3618_1-150x150.jpg\" class=\"attachment-thumbnail size-thumbnail\" alt=\"\" decoding=\"async\" loading=\"lazy\" \/><\/a>\n\t\t\t\t<\/div>\n\t\t\t\t\t<div class='wp-caption-text gallery-caption'>\n\t\t\t\t\t\t<p>\n\t\t\t\t\t\tPr\u00e9dios hist\u00f3ricos\n\t\t\t\t\t\t<\/p>\n\t\t\t\t\t<\/div><\/div><\/div>\n<\/div>\n<p>O Museu Florestal foi concebido no final da d\u00e9cada de 1920 pelo ent\u00e3o diretor do Servi\u00e7o Florestal, Oct\u00e1vio Vecchi.<\/p>\n<p>O edif\u00edcio, constru\u00eddo entre 1928 e 1930 e inaugurado em 1931, foi projetado especificamente para receber o acervo, bem como laborat\u00f3rios de pesquisa que funcionaram no piso inferior entre as d\u00e9cadas de 1930 e 1960. O Museu Florestal foi importante se\u00e7\u00e3o de pesquisa e abrigou laborat\u00f3rio de meteorologia, de fotografia, \u00a0herb\u00e1rio e xiloteca do Servi\u00e7o Florestal, atual Instituto Florestal.<\/p>\n<p>O acervo \u00e9 composto por um diverso mostru\u00e1rio de madeiras entalhadas, sementes, pe\u00e7as das escolas de xilografia, char\u00e3o (laca japonesa), marcenaria, marchetaria, aquarelas, grande painel a \u00f3leo de autoria de Helios Seelinger que ilustra a hist\u00f3ria de S\u00e3o Paulo, pintura mural de esp\u00e9cies nativas realizada por Antonio Paim Vieira, vitrais executados pela Casa Conrado, al\u00e9m de outras obras.<\/p>\n<p>Conjugando ci\u00eancia, hist\u00f3ria e arte, o museu \u00e9 espa\u00e7o de contempla\u00e7\u00e3o e educa\u00e7\u00e3o ambiental.<\/p>\n<p><a href=\"https:\/\/urbiaaguasclaras.com.br\/\"><strong><img decoding=\"async\" loading=\"lazy\" class=\"aligncenter wp-image-20932 size-wcfixedheightmedium\" src=\"https:\/\/smastr16.blob.core.windows.net\/iflorestal\/sites\/234\/2022\/09\/museu_florestal_urbia-787x300.jpg\" alt=\"\" width=\"787\" height=\"300\" srcset=\"https:\/\/smastr16.blob.core.windows.net\/iflorestal\/sites\/234\/2022\/09\/museu_florestal_urbia-787x300.jpg 787w, https:\/\/smastr16.blob.core.windows.net\/iflorestal\/sites\/234\/2022\/09\/museu_florestal_urbia-300x114.jpg 300w, https:\/\/smastr16.blob.core.windows.net\/iflorestal\/sites\/234\/2022\/09\/museu_florestal_urbia-1024x390.jpg 1024w, https:\/\/smastr16.blob.core.windows.net\/iflorestal\/sites\/234\/2022\/09\/museu_florestal_urbia-768x293.jpg 768w, https:\/\/smastr16.blob.core.windows.net\/iflorestal\/sites\/234\/2022\/09\/museu_florestal_urbia-1536x586.jpg 1536w, https:\/\/smastr16.blob.core.windows.net\/iflorestal\/sites\/234\/2022\/09\/museu_florestal_urbia-250x95.jpg 250w, https:\/\/smastr16.blob.core.windows.net\/iflorestal\/sites\/234\/2022\/09\/museu_florestal_urbia-550x210.jpg 550w, https:\/\/smastr16.blob.core.windows.net\/iflorestal\/sites\/234\/2022\/09\/museu_florestal_urbia-800x305.jpg 800w, https:\/\/smastr16.blob.core.windows.net\/iflorestal\/sites\/234\/2022\/09\/museu_florestal_urbia-472x180.jpg 472w, https:\/\/smastr16.blob.core.windows.net\/iflorestal\/sites\/234\/2022\/09\/museu_florestal_urbia-1311x500.jpg 1311w, https:\/\/smastr16.blob.core.windows.net\/iflorestal\/sites\/234\/2022\/09\/museu_florestal_urbia.jpg 1899w\" sizes=\"(max-width: 787px) 100vw, 787px\" \/><\/strong><\/a><\/p>\n<p><strong>LOCALIZA\u00c7\u00c3O<\/strong><\/p>\n<ul>\n<li><span style=\"font-weight: 400\">Parque Estadual Alberto L\u00f6fgren, \u00a0Rua do Horto, 931 \u2013 Horto Florestal \u2013 S\u00e3o Paulo \u2013 SP \u2013 Brasil <\/span><\/li>\n<\/ul>\n","protected":false},"excerpt":{"rendered":"<p>&nbsp; English Espa\u00f1ol Esperanto Fran\u00e7ais O Museu Florestal foi concebido no final da d\u00e9cada de 1920 pelo ent\u00e3o diretor do Servi\u00e7o Florestal, Oct\u00e1vio Vecchi. O edif\u00edcio, constru\u00eddo entre 1928 e 1930 e inaugurado em 1931, foi projetado especificamente para receber o acervo, bem como laborat\u00f3rios de pesquisa que funcionaram no piso inferior entre as d\u00e9cadas [&hellip;]<\/p>\n","protected":false},"author":8,"featured_media":0,"parent":1785,"menu_order":6,"comment_status":"closed","ping_status":"open","template":"","meta":[],"_links":{"self":[{"href":"https:\/\/www.infraestruturameioambiente.sp.gov.br\/institutoflorestal\/wp-json\/wp\/v2\/pages\/1818"}],"collection":[{"href":"https:\/\/www.infraestruturameioambiente.sp.gov.br\/institutoflorestal\/wp-json\/wp\/v2\/pages"}],"about":[{"href":"https:\/\/www.infraestruturameioambiente.sp.gov.br\/institutoflorestal\/wp-json\/wp\/v2\/types\/page"}],"author":[{"embeddable":true,"href":"https:\/\/www.infraestruturameioambiente.sp.gov.br\/institutoflorestal\/wp-json\/wp\/v2\/users\/8"}],"replies":[{"embeddable":true,"href":"https:\/\/www.infraestruturameioambiente.sp.gov.br\/institutoflorestal\/wp-json\/wp\/v2\/comments?post=1818"}],"version-history":[{"count":37,"href":"https:\/\/www.infraestruturameioambiente.sp.gov.br\/institutoflorestal\/wp-json\/wp\/v2\/pages\/1818\/revisions"}],"predecessor-version":[{"id":20934,"href":"https:\/\/www.infraestruturameioambiente.sp.gov.br\/institutoflorestal\/wp-json\/wp\/v2\/pages\/1818\/revisions\/20934"}],"up":[{"embeddable":true,"href":"https:\/\/www.infraestruturameioambiente.sp.gov.br\/institutoflorestal\/wp-json\/wp\/v2\/pages\/1785"}],"wp:attachment":[{"href":"https:\/\/www.infraestruturameioambiente.sp.gov.br\/institutoflorestal\/wp-json\/wp\/v2\/media?parent=1818"}],"curies":[{"name":"wp","href":"https:\/\/api.w.org\/{rel}","templated":true}]}}