{"id":16278,"date":"2019-03-15T12:36:28","date_gmt":"2019-03-15T15:36:28","guid":{"rendered":"https:\/\/www.infraestruturameioambiente.sp.gov.br\/institutoflorestal\/?page_id=16278"},"modified":"2021-11-03T15:24:10","modified_gmt":"2021-11-03T18:24:10","slug":"if-serie-registros-no-56","status":"publish","type":"page","link":"https:\/\/www.infraestruturameioambiente.sp.gov.br\/institutoflorestal\/publicacoes-if\/if-serie-registros\/if-serie-registros-no-56\/","title":{"rendered":"IF S\u00e9rie Registros n\u00ba 56"},"content":{"rendered":"<p><strong>IF S\u00c9RIE REGISTROS N. 56, dez. 2018: <a href=\"https:\/\/smastr16.blob.core.windows.net\/iflorestal\/sites\/234\/2021\/11\/ifsr56.pdf\">Revista Completa<\/a><\/strong><\/p>\n<p><strong>\u00a0<\/strong><\/p>\n<ul>\n<li>A fauna silvestre no contexto das \u00e1reas protegidas do interior paulista: exposi\u00e7\u00e3o itinerante como estrat\u00e9gia de interpreta\u00e7\u00e3o ambiental. Wildlife in the context of the S\u00e3o Paulo State interior protected areas: itinerant exhibition as strategy for environmental interpretation. Sonia \u00a0Aparecida \u00a0de \u00a0SOUZA-EVANGELISTA, Paulo Henrique \u00a0Peira \u00a0RUFFINO, Vera \u00a0SABATINI, \u00a0Silvia Aparecida Martins dos SANTOS, Marilia Ferrioli COSER, Cristiano Costa SANTOS.<br \/>\n<a href=\"http:\/\/dx.doi.org\/10.4322\/ifsr.2018.004\">http:\/\/dx.doi.org\/10.4322\/ifsr.2018.004<\/a><\/li>\n<\/ul>\n<p style=\"text-align: right\"><a href=\"https:\/\/smastr16.blob.core.windows.net\/iflorestal\/2019\/09\/ifsr_56_v3_art_1.pdf\"><strong>p. 5-24<\/strong><\/a><\/p>\n<ul>\n<li>Situa\u00e7\u00e3o dominial e fundi\u00e1ria da Esta\u00e7\u00e3o Ecol\u00f3gica de Avar\u00e9, Estado de S\u00e3o Paulo, Brasil. Domain and environmental situation of Avar\u00e9 Ecological Station, State of S\u00e3o Paulo, Brazil. Ros\u00e2ngela C\u00e9lia Ribeiro de OLIVEIRA, Marilda Rapp de ESTON, Jos\u00e9 da SILVA, Marina Mitsue KANASHIRO, Sueli HERCULIANI, Fernando DESCIO.<br \/>\n<a href=\"http:\/\/dx.doi.org\/10.4322\/ifsr.2018.005\">http:\/\/dx.doi.org\/10.4322\/ifsr.2018.005<\/a><\/li>\n<\/ul>\n<p style=\"text-align: right\"><a href=\"https:\/\/smastr16.blob.core.windows.net\/iflorestal\/2019\/09\/ifsr_56_v3_art_2.pdf\"><strong>p. 25-36 <\/strong><\/a><\/p>\n<ul>\n<li>Distribui\u00e7\u00e3o temporal da queda de sementes de <em>Araucaria angustifolia<\/em> (Bert.) O. KUNTZE no munic\u00edpio de Cunha-SP, Brasil. \u00a0Temporal distribution of <em>Araucaria angustifolia<\/em> (BERT.) O. KUNTZE seeds fall in the municipality of Cunha-SP, Brazil. Roberto STARZYNSKI.<br \/>\n<a href=\"http:\/\/dx.doi.org\/10.4322\/ifsr.2018.006\">http:\/\/dx.doi.org\/10.4322\/ifsr.2018.006<\/a><\/li>\n<\/ul>\n<p style=\"text-align: right\">\u00a0<a href=\"https:\/\/smastr16.blob.core.windows.net\/iflorestal\/2019\/09\/ifsr_56_v3_art_3.pdf\"><strong>p. 37-46<\/strong><\/a><\/p>\n<ul>\n<li>Tratamento e organiza\u00e7\u00e3o do acervo do Museu Florestal \u201cOct\u00e1vio Vecchi\u201d \u2013 Processo inicial para a implanta\u00e7\u00e3o de um sistema documental dos bens. Treatment and organization of the Oct\u00e1vio Vecchi Forestry Museum acquis \u2013 initial process for implementation of a documentary goods system.<\/li>\n<\/ul>\n<p style=\"text-align: right\"><a href=\"https:\/\/smastr16.blob.core.windows.net\/iflorestal\/sites\/234\/2021\/11\/ifsr56_47-73.pdf\"><strong>p. 47-73<\/strong><\/a><\/p>\n<p>&nbsp;<\/p>\n<p style=\"text-align: right\">\n","protected":false},"excerpt":{"rendered":"<p>IF S\u00c9RIE REGISTROS N. 56, dez. 2018: Revista Completa \u00a0 A fauna silvestre no contexto das \u00e1reas protegidas do interior paulista: exposi\u00e7\u00e3o itinerante como estrat\u00e9gia de interpreta\u00e7\u00e3o ambiental. Wildlife in the context of the S\u00e3o Paulo State interior protected areas: itinerant exhibition as strategy for environmental interpretation. Sonia \u00a0Aparecida \u00a0de \u00a0SOUZA-EVANGELISTA, Paulo Henrique \u00a0Peira \u00a0RUFFINO, [&hellip;]<\/p>\n","protected":false},"author":102,"featured_media":0,"parent":2992,"menu_order":0,"comment_status":"closed","ping_status":"closed","template":"","meta":[],"_links":{"self":[{"href":"https:\/\/www.infraestruturameioambiente.sp.gov.br\/institutoflorestal\/wp-json\/wp\/v2\/pages\/16278"}],"collection":[{"href":"https:\/\/www.infraestruturameioambiente.sp.gov.br\/institutoflorestal\/wp-json\/wp\/v2\/pages"}],"about":[{"href":"https:\/\/www.infraestruturameioambiente.sp.gov.br\/institutoflorestal\/wp-json\/wp\/v2\/types\/page"}],"author":[{"embeddable":true,"href":"https:\/\/www.infraestruturameioambiente.sp.gov.br\/institutoflorestal\/wp-json\/wp\/v2\/users\/102"}],"replies":[{"embeddable":true,"href":"https:\/\/www.infraestruturameioambiente.sp.gov.br\/institutoflorestal\/wp-json\/wp\/v2\/comments?post=16278"}],"version-history":[{"count":24,"href":"https:\/\/www.infraestruturameioambiente.sp.gov.br\/institutoflorestal\/wp-json\/wp\/v2\/pages\/16278\/revisions"}],"predecessor-version":[{"id":20752,"href":"https:\/\/www.infraestruturameioambiente.sp.gov.br\/institutoflorestal\/wp-json\/wp\/v2\/pages\/16278\/revisions\/20752"}],"up":[{"embeddable":true,"href":"https:\/\/www.infraestruturameioambiente.sp.gov.br\/institutoflorestal\/wp-json\/wp\/v2\/pages\/2992"}],"wp:attachment":[{"href":"https:\/\/www.infraestruturameioambiente.sp.gov.br\/institutoflorestal\/wp-json\/wp\/v2\/media?parent=16278"}],"curies":[{"name":"wp","href":"https:\/\/api.w.org\/{rel}","templated":true}]}}