{"id":21921,"date":"2018-04-05T10:08:18","date_gmt":"2018-04-05T13:08:18","guid":{"rendered":"https:\/\/www.infraestruturameioambiente.sp.gov.br\/institutodebotanica\/?page_id=21921"},"modified":"2018-12-14T17:05:43","modified_gmt":"2018-12-14T19:05:43","slug":"editais-2018","status":"publish","type":"page","link":"https:\/\/www.infraestruturameioambiente.sp.gov.br\/institutodebotanica\/editais-2018\/","title":{"rendered":"Editais 2018"},"content":{"rendered":"<p>&nbsp;<\/p>\n<p>&nbsp;<\/p>\n<p>&nbsp;<\/p>\n<table style=\"height: 1786px;width: 0px\" border=\"0\">\n<tbody>\n<tr style=\"height: 23px\">\n<th style=\"height: 23px;background-color: #f0eded;text-align: left;width: 474.4px\" align=\"middle\"><strong><a href=\"https:\/\/www.infraestruturameioambiente.sp.gov.br\/institutodebotanica\/wp-content\/uploads\/sites\/235\/2018\/04\/edital_ibt_01_2018.pdf\" target=\"_blank\" rel=\"noopener\">EDITAL<\/a> &#8211; PREG\u00c3O ELETR\u00d4NICO N\u00ba 01\/2018<br \/>\n<\/strong><\/th>\n<\/tr>\n<tr style=\"height: 143px\">\n<td style=\"text-align: left;height: 143px;width: 474.4px\" align=\"middle\"><strong>OBJETIVANDO A PRESTA\u00c7\u00c3O DE SERVI\u00c7OS N\u00c3O CONT\u00cdNUOS &#8211; PARTICIPA\u00c7\u00c3O AMPLA<\/strong><strong>\u00a0 \u00a0 \u00a0 \u00a0 \u00a0 \u00a0 \u00a0 \u00a0 \u00a0 \u00a0 \u00a0 \u00a0 \u00a0 \u00a0 \u00a0 \u00a0 \u00a0 \u00a0 \u00a0 \u00a0 \u00a0 \u00a0 \u00a0 \u00a0 \u00a0 \u00a0 \u00a0 \u00a0 \u00a0 \u00a0 \u00a0 \u00a0 \u00a0 \u00a0 \u00a0 \u00a0 \u00a0 \u00a0<\/strong><\/p>\n<p style=\"text-align: justify\">DATA DE REALIZA\u00c7\u00c3O DA SESS\u00c3O P\u00daBLICA: Dia 17\/04\/2018.<br \/>\nHOR\u00c1RIO: \u00e0s 09:30 horas.<\/p>\n<\/td>\n<\/tr>\n<tr style=\"height: 23px\">\n<th style=\"height: 23px;background-color: #f0eded;text-align: left;width: 474.4px\" align=\"middle\"><strong><a href=\"https:\/\/www.infraestruturameioambiente.sp.gov.br\/institutodebotanica\/wp-content\/uploads\/sites\/235\/2018\/07\/Edital_03_2018.pdf\" target=\"_blank\" rel=\"noopener\">EDITAL<\/a> &#8211; PREG\u00c3O ELETR\u00d4NICO N\u00ba 03\/2018<br \/>\n<\/strong><\/th>\n<\/tr>\n<tr style=\"height: 143px\">\n<td style=\"text-align: left;height: 143px;width: 474.4px\" align=\"middle\"><strong>OBJETIVANDO A PRESTA\u00c7\u00c3O DE SERVI\u00c7OS N\u00c3O CONT\u00cdNUOS &#8211; PARTICIPA\u00c7\u00c3O AMPLA<\/strong><strong>\u00a0 \u00a0 \u00a0 \u00a0 \u00a0 \u00a0 \u00a0 \u00a0 \u00a0 \u00a0 \u00a0 \u00a0 \u00a0 \u00a0 \u00a0 \u00a0 \u00a0 \u00a0 \u00a0 \u00a0 \u00a0 \u00a0 \u00a0 \u00a0 \u00a0 \u00a0 \u00a0 \u00a0 \u00a0 \u00a0 \u00a0 \u00a0 \u00a0 \u00a0 \u00a0 \u00a0 \u00a0 \u00a0<\/strong><\/p>\n<p style=\"text-align: justify\">DATA DE REALIZA\u00c7\u00c3O DA SESS\u00c3O P\u00daBLICA: Dia 09\/08\/2018.<br \/>\nHOR\u00c1RIO: \u00e0s 09:30 horas.<\/p>\n<\/td>\n<\/tr>\n<tr style=\"height: 24px\">\n<td style=\"background-color: #f0eded;text-align: left;height: 24px;width: 474.4px\"><strong><a href=\"https:\/\/www.infraestruturameioambiente.sp.gov.br\/institutodebotanica\/wp-content\/uploads\/sites\/235\/2018\/10\/Edital-grades.pdf\" target=\"_blank\" rel=\"noopener\">EDITAL<\/a> &#8211; PREG\u00c3O ELETR\u00d4NICO N\u00ba 04\/2018\u00a0<\/strong><\/td>\n<\/tr>\n<tr style=\"height: 120px\">\n<td style=\"text-align: left;height: 120px;width: 474.4px\"><strong>OBJETIVANDO A PRESTA\u00c7\u00c3O DE SERVI\u00c7OS N\u00c3O CONT\u00cdNUOS &#8211; PARTICIPA\u00c7\u00c3O AMPLA<\/strong><strong>\u00a0 \u00a0 \u00a0 \u00a0 \u00a0 \u00a0 \u00a0 \u00a0 \u00a0 \u00a0 \u00a0 \u00a0 \u00a0 \u00a0 \u00a0 \u00a0 \u00a0 \u00a0 \u00a0 \u00a0 \u00a0 \u00a0 \u00a0 \u00a0 \u00a0 \u00a0 \u00a0 \u00a0 \u00a0 \u00a0 \u00a0 \u00a0 \u00a0 \u00a0 \u00a0 \u00a0 \u00a0 \u00a0<\/strong><\/p>\n<p style=\"text-align: justify\">DATA DE REALIZA\u00c7\u00c3O DA SESS\u00c3O P\u00daBLICA: Dia 16\/10\/2018.<br \/>\nHOR\u00c1RIO: \u00e0s 09:30 horas.<\/p>\n<\/td>\n<\/tr>\n<tr style=\"height: 24px\">\n<td style=\"background-color: #f0eded;text-align: left;height: 24px;width: 474.4px\"><strong><a href=\"https:\/\/www.infraestruturameioambiente.sp.gov.br\/institutodebotanica\/wp-content\/uploads\/sites\/235\/2018\/12\/edital_ibt_06_2018-1.pdf\" target=\"_blank\" rel=\"noopener\">EDITAL<\/a> &#8211; PREG\u00c3O ELETR\u00d4NICO N\u00ba 06\/2018\u00a0<\/strong><\/td>\n<\/tr>\n<tr style=\"height: 120px\">\n<td style=\"text-align: left;height: 120px;width: 474.4px\"><strong>OBJETIVANDO A PRESTA\u00c7\u00c3O DE SERVI\u00c7OS DE CONTROLE, OPERA\u00c7\u00c3O E FISCALIZA\u00c7\u00c3O DE PORTARIAS E EDIF\u00cdCIOS, PARA O INSTITUTO DE BOT\u00c2NICA E JARDIM BOT\u00c2NICO DE S\u00c3O PAULO. <\/strong><strong>\u00a0 \u00a0 \u00a0 \u00a0 \u00a0 \u00a0 \u00a0 \u00a0 \u00a0 \u00a0 \u00a0 \u00a0 \u00a0 \u00a0 \u00a0 \u00a0 \u00a0 \u00a0 \u00a0 \u00a0 \u00a0 \u00a0 \u00a0 \u00a0 \u00a0 \u00a0 \u00a0 \u00a0 \u00a0 \u00a0 \u00a0 \u00a0 \u00a0 \u00a0 \u00a0 \u00a0 \u00a0 \u00a0<\/strong><\/p>\n<p style=\"text-align: justify\">DATA DE REALIZA\u00c7\u00c3O DA SESS\u00c3O P\u00daBLICA: Dia 12\/12\/2018.<br \/>\nHOR\u00c1RIO: \u00e0s 09:30 horas.<\/p>\n<\/td>\n<\/tr>\n<tr style=\"height: 24px\">\n<td style=\"background-color: #f0eded;text-align: left;height: 24px;width: 474.4px\"><strong><a href=\"https:\/\/www.infraestruturameioambiente.sp.gov.br\/institutodebotanica\/wp-content\/uploads\/sites\/235\/2018\/12\/edital_ibt_06_2018-2.pdf\" target=\"_blank\" rel=\"noopener\">EDITAL<\/a> &#8211; PREG\u00c3O ELETR\u00d4NICO N\u00ba 06\/2018 &#8211; REPUBLICADO<\/strong><\/td>\n<\/tr>\n<tr style=\"height: 120px\">\n<td style=\"text-align: left;height: 120px;width: 474.4px\"><strong>OBJETIVANDO A PRESTA\u00c7\u00c3O DE SERVI\u00c7OS DE CONTROLE, OPERA\u00c7\u00c3O E FISCALIZA\u00c7\u00c3O DE PORTARIAS E EDIF\u00cdCIOS, PARA O INSTITUTO DE BOT\u00c2NICA E JARDIM BOT\u00c2NICO DE S\u00c3O PAULO. <\/strong><strong>\u00a0 \u00a0 \u00a0 \u00a0 \u00a0 \u00a0 \u00a0 \u00a0 \u00a0 \u00a0 \u00a0 \u00a0 \u00a0 \u00a0 \u00a0 \u00a0 \u00a0 \u00a0 \u00a0 \u00a0 \u00a0 \u00a0 \u00a0 \u00a0 \u00a0 \u00a0 \u00a0 \u00a0 \u00a0 \u00a0 \u00a0 \u00a0 \u00a0 \u00a0 \u00a0 \u00a0 \u00a0 \u00a0<\/strong><\/p>\n<p style=\"text-align: justify\">DATA DE REALIZA\u00c7\u00c3O DA SESS\u00c3O P\u00daBLICA: Dia 13\/12\/2018.<br \/>\nHOR\u00c1RIO: \u00e0s 09:30 horas.<\/p>\n<\/td>\n<\/tr>\n<tr style=\"height: 24px\">\n<td style=\"background-color: #f0eded;text-align: left;height: 24px;width: 474.4px\"><strong><a href=\"https:\/\/www.infraestruturameioambiente.sp.gov.br\/institutodebotanica\/wp-content\/uploads\/sites\/235\/2018\/10\/edital_ibt_05_2018.pdf\" target=\"_blank\" rel=\"noopener\">EDITAL<\/a> &#8211; PREG\u00c3O ELETR\u00d4NICO N\u00ba 07\/2018\u00a0<\/strong><\/td>\n<\/tr>\n<tr style=\"height: 120px\">\n<td style=\"text-align: left;height: 120px;width: 474.4px\"><strong>OBJETIVANDO A PRESTA\u00c7\u00c3O DE SERVI\u00c7OS N\u00c3O CONT\u00cdNUOS &#8211; PARTICIPA\u00c7\u00c3O AMPLA<\/strong><strong>\u00a0 \u00a0 \u00a0 \u00a0 \u00a0 \u00a0 \u00a0 \u00a0 \u00a0 \u00a0 \u00a0 \u00a0 \u00a0 \u00a0 \u00a0 \u00a0 \u00a0 \u00a0 \u00a0 \u00a0 \u00a0 \u00a0 \u00a0 \u00a0 \u00a0 \u00a0 \u00a0 \u00a0 \u00a0 \u00a0 \u00a0 \u00a0 \u00a0 \u00a0 \u00a0 \u00a0 \u00a0 \u00a0<\/strong><\/p>\n<p style=\"text-align: justify\">DATA DE REALIZA\u00c7\u00c3O DA SESS\u00c3O P\u00daBLICA: Dia 16\/10\/2018.<br \/>\nHOR\u00c1RIO: \u00e0s 09:30 horas.<\/p>\n<\/td>\n<\/tr>\n<tr style=\"height: 24px\">\n<td style=\"background-color: #f0eded;text-align: left;height: 24px;width: 474.4px\"><strong><a href=\"https:\/\/www.infraestruturameioambiente.sp.gov.br\/institutodebotanica\/wp-content\/uploads\/sites\/235\/2018\/10\/edital_ibt_06_2018.pdf\" target=\"_blank\" rel=\"noopener\">EDITAL<\/a> &#8211; PREG\u00c3O ELETR\u00d4NICO N\u00ba 08\/2018\u00a0<\/strong><\/td>\n<\/tr>\n<tr style=\"height: 120px\">\n<td style=\"text-align: left;height: 120px;width: 474.4px\"><strong>OBJETIVANDO A PRESTA\u00c7\u00c3O DE SERVI\u00c7OS N\u00c3O CONT\u00cdNUOS &#8211; PARTICIPA\u00c7\u00c3O AMPLA<\/strong><strong>\u00a0 \u00a0 \u00a0 \u00a0 \u00a0 \u00a0 \u00a0 \u00a0 \u00a0 \u00a0 \u00a0 \u00a0 \u00a0 \u00a0 \u00a0 \u00a0 \u00a0 \u00a0 \u00a0 \u00a0 \u00a0 \u00a0 \u00a0 \u00a0 \u00a0 \u00a0 \u00a0 \u00a0 \u00a0 \u00a0 \u00a0 \u00a0 \u00a0 \u00a0 \u00a0 \u00a0 \u00a0 \u00a0<\/strong><\/p>\n<p style=\"text-align: justify\">DATA DE REALIZA\u00c7\u00c3O DA SESS\u00c3O P\u00daBLICA: Dia 19\/10\/2018.<br \/>\nHOR\u00c1RIO: \u00e0s 09:30 horas.<\/p>\n<\/td>\n<\/tr>\n<tr style=\"height: 24px\">\n<td style=\"background-color: #f0eded;text-align: left;height: 24px;width: 474.4px\"><strong><a href=\"https:\/\/www.infraestruturameioambiente.sp.gov.br\/institutodebotanica\/wp-content\/uploads\/sites\/235\/2018\/10\/edital_ibt_07_2018.pdf\" target=\"_blank\" rel=\"noopener\">EDITAL<\/a> &#8211; PREG\u00c3O ELETR\u00d4NICO N\u00ba 09\/2018\u00a0<\/strong><\/td>\n<\/tr>\n<tr style=\"height: 120px\">\n<td style=\"text-align: left;height: 120px;width: 474.4px\"><strong>OBJETIVANDO A PRESTA\u00c7\u00c3O DE SERVI\u00c7OS N\u00c3O CONT\u00cdNUOS &#8211; PARTICIPA\u00c7\u00c3O AMPLA<\/strong><strong>\u00a0 \u00a0 \u00a0 \u00a0 \u00a0 \u00a0 \u00a0 \u00a0 \u00a0 \u00a0 \u00a0 \u00a0 \u00a0 \u00a0 \u00a0 \u00a0 \u00a0 \u00a0 \u00a0 \u00a0 \u00a0 \u00a0 \u00a0 \u00a0 \u00a0 \u00a0 \u00a0 \u00a0 \u00a0 \u00a0 \u00a0 \u00a0 \u00a0 \u00a0 \u00a0 \u00a0 \u00a0 \u00a0<\/strong><\/p>\n<p style=\"text-align: justify\">DATA DE REALIZA\u00c7\u00c3O DA SESS\u00c3O P\u00daBLICA: Dia 09\/11\/2018.<br \/>\nHOR\u00c1RIO: \u00e0s 09:30 horas.<\/p>\n<\/td>\n<\/tr>\n<tr style=\"height: 24px\">\n<td style=\"background-color: #f0eded;text-align: left;width: 474.4px;height: 24px\"><strong><a href=\"https:\/\/www.infraestruturameioambiente.sp.gov.br\/institutodebotanica\/wp-content\/uploads\/sites\/235\/2018\/11\/edital_ibt_07_2018_REPUBLICADO.pdf\" target=\"_blank\" rel=\"noopener\">EDITAL<\/a> &#8211; PREG\u00c3O ELETR\u00d4NICO N\u00ba 09\/2018 &#8211; REPUBLICADO<\/strong><\/td>\n<\/tr>\n<tr style=\"height: 120px\">\n<td style=\"height: 120px;width: 474.4px\"><strong>OBJETIVANDO A PRESTA\u00c7\u00c3O DE MANUTEN\u00c7\u00c3O E CONSERVA\u00c7\u00c3O DE JARDINS\u00a0 &#8211; PARTICIPA\u00c7\u00c3O AMPLA<\/strong><strong>\u00a0 \u00a0 \u00a0 \u00a0 \u00a0 \u00a0 \u00a0 \u00a0 \u00a0 \u00a0 \u00a0 \u00a0 \u00a0 \u00a0 \u00a0 \u00a0 \u00a0 \u00a0 \u00a0 \u00a0 \u00a0 \u00a0 \u00a0 \u00a0 \u00a0 \u00a0 \u00a0 \u00a0 \u00a0 \u00a0 \u00a0 \u00a0 \u00a0 \u00a0 \u00a0 \u00a0 \u00a0\u00a0<\/strong><\/p>\n<p style=\"text-align: justify\">DATA DE REALIZA\u00c7\u00c3O DA SESS\u00c3O P\u00daBLICA: Dia 07\/11\/2018.<br \/>\nHOR\u00c1RIO: \u00e0s 09:30 horas.<\/p>\n<\/td>\n<\/tr>\n<tr style=\"height: 24px\">\n<td style=\"background-color: #f0eded;text-align: left;width: 474.4px;height: 24px\"><strong><a href=\"https:\/\/www.infraestruturameioambiente.sp.gov.br\/institutodebotanica\/wp-content\/uploads\/sites\/235\/2018\/11\/edital_ibt_10_2018.pdf\" target=\"_blank\" rel=\"noopener\">EDITAL<\/a> &#8211; PREG\u00c3O ELETR\u00d4NICO N\u00ba 10\/2018\u00a0<\/strong><\/td>\n<\/tr>\n<tr style=\"height: 120px\">\n<td style=\"height: 120px;width: 474.4px\"><strong>OBJETIVANDO A PRESTA\u00c7\u00c3O\u00a0DE SERVI\u00c7OS N\u00c3O CONT\u00cdNUOS \u2013 PARTICIPA\u00c7\u00c3O AMPLA \u00a0 \u00a0 \u00a0 \u00a0 \u00a0 \u00a0 \u00a0 \u00a0 \u00a0 \u00a0 \u00a0 \u00a0 \u00a0 \u00a0 \u00a0 \u00a0 \u00a0 \u00a0 \u00a0 \u00a0 \u00a0 \u00a0 \u00a0 \u00a0 \u00a0 \u00a0 \u00a0 \u00a0 \u00a0 \u00a0 \u00a0 \u00a0<\/strong><\/p>\n<p style=\"text-align: justify\">DATA DE REALIZA\u00c7\u00c3O DA SESS\u00c3O P\u00daBLICA: Dia 23\/11\/2018.<br \/>\nHOR\u00c1RIO: \u00e0s 09:30 horas.<\/p>\n<\/td>\n<\/tr>\n<tr style=\"height: 24px\">\n<td style=\"background-color: #f0eded;text-align: left;width: 474.4px;height: 24px\"><strong><a href=\"https:\/\/www.infraestruturameioambiente.sp.gov.br\/institutodebotanica\/wp-content\/uploads\/sites\/235\/2018\/11\/edital_ibt_11_2018.pdf\" target=\"_blank\" rel=\"noopener\">EDITAL<\/a> &#8211; PREG\u00c3O ELETR\u00d4NICO N\u00ba 11\/2018\u00a0<\/strong><\/td>\n<\/tr>\n<tr style=\"height: 120px\">\n<td style=\"height: 120px;width: 474.4px\"><strong>OBJETIVANDO A PRESTA\u00c7\u00c3O DOS SERVI\u00c7OS DE VIGIL\u00c2NCIA ELETR\u00d4NICA \u2013 PARTICIPA\u00c7\u00c3O AMPLA \u00a0 \u00a0 \u00a0 \u00a0 \u00a0 \u00a0 \u00a0 \u00a0 \u00a0 \u00a0 \u00a0 \u00a0 \u00a0 \u00a0 \u00a0 \u00a0 \u00a0 \u00a0 \u00a0 \u00a0 \u00a0 \u00a0 \u00a0 \u00a0 \u00a0 \u00a0 \u00a0 \u00a0 \u00a0 \u00a0 \u00a0 \u00a0 \u00a0 \u00a0\u00a0<\/strong><\/p>\n<p style=\"text-align: justify\">DATA DE REALIZA\u00c7\u00c3O DA SESS\u00c3O P\u00daBLICA: Dia 03\/12\/2018.<br \/>\nHOR\u00c1RIO: \u00e0s 09:30 horas.<\/p>\n<\/td>\n<\/tr>\n<tr style=\"height: 10px\">\n<td style=\"background-color: #f0eded;width: 474.4px;height: 24px;text-align: left\"><strong><a href=\"https:\/\/www.infraestruturameioambiente.sp.gov.br\/institutodebotanica\/wp-content\/uploads\/sites\/235\/2018\/12\/PUBLICA\u00c7\u00c3O-DA-RETOMADA.-SERVI\u00c7OS-DE-PORTARIA-3\u00aa-2018doc-1.pdf\" target=\"_blank\" rel=\"noopener\">RETOMADA<\/a>\u00a0&#8211; PREG\u00c3O ELETR\u00d4NICO N\u00ba 06\/2018\u00a0<\/strong><\/td>\n<\/tr>\n<tr style=\"height: 55px\">\n<td style=\"width: 474.4px;height: 55px\"><strong>OBJETIVANDO A RETOMADA DA SESS\u00c3O P\u00daBLICA DA LICITA\u00c7\u00c3O<\/strong><\/p>\n<p>DATA DE REALIZA\u00c7\u00c3O DA SESS\u00c3O P\u00daBLICA: Dia 19\/12\/2018.<br \/>\nHOR\u00c1RIO: \u00e0s 09:30 horas.<\/td>\n<\/tr>\n<tr style=\"height: 55px\">\n<td style=\"background-color: #f0eded;width: 474.4px;height: 24px\"><strong><a href=\"https:\/\/www.infraestruturameioambiente.sp.gov.br\/institutodebotanica\/wp-content\/uploads\/sites\/235\/2018\/12\/RETIFICA\u00c7\u00c3O-PORTARIA-RETOMADA-2018.pdf\" target=\"_blank\" rel=\"noopener\">RETIFICA\u00c7\u00c3O<\/a>\u00a0&#8211; PREG\u00c3O ELETR\u00d4NICO N\u00ba 06\/2018\u00a0<\/strong><\/td>\n<\/tr>\n<tr style=\"height: 55px\">\n<td style=\"width: 474.4px;height: 55px\"><strong>OBJETIVANDO A RETIFICA\u00c7\u00c3O DA DATA DA SESS\u00c3O P\u00daBLICA DA LICITA\u00c7\u00c3O<\/strong><\/p>\n<p>DATA DE REALIZA\u00c7\u00c3O DA SESS\u00c3O P\u00daBLICA: Dia 20\/12\/2018.<br \/>\nHOR\u00c1RIO: \u00e0s 09:30 horas.<strong>\u00a0<\/strong><\/td>\n<\/tr>\n<\/tbody>\n<\/table>\n","protected":false},"excerpt":{"rendered":"<p>&nbsp; &nbsp; &nbsp; EDITAL &#8211; PREG\u00c3O ELETR\u00d4NICO N\u00ba 01\/2018 OBJETIVANDO A PRESTA\u00c7\u00c3O DE SERVI\u00c7OS N\u00c3O CONT\u00cdNUOS &#8211; PARTICIPA\u00c7\u00c3O AMPLA\u00a0 \u00a0 \u00a0 \u00a0 \u00a0 \u00a0 \u00a0 \u00a0 \u00a0 \u00a0 \u00a0 \u00a0 \u00a0 \u00a0 \u00a0 \u00a0 \u00a0 \u00a0 \u00a0 \u00a0 \u00a0 \u00a0 \u00a0 \u00a0 \u00a0 \u00a0 \u00a0 \u00a0 \u00a0 \u00a0 \u00a0 \u00a0 \u00a0 \u00a0 \u00a0 \u00a0 \u00a0 [&hellip;]<\/p>\n","protected":false},"author":68,"featured_media":0,"parent":0,"menu_order":0,"comment_status":"closed","ping_status":"closed","template":"","meta":[],"_links":{"self":[{"href":"https:\/\/www.infraestruturameioambiente.sp.gov.br\/institutodebotanica\/wp-json\/wp\/v2\/pages\/21921"}],"collection":[{"href":"https:\/\/www.infraestruturameioambiente.sp.gov.br\/institutodebotanica\/wp-json\/wp\/v2\/pages"}],"about":[{"href":"https:\/\/www.infraestruturameioambiente.sp.gov.br\/institutodebotanica\/wp-json\/wp\/v2\/types\/page"}],"author":[{"embeddable":true,"href":"https:\/\/www.infraestruturameioambiente.sp.gov.br\/institutodebotanica\/wp-json\/wp\/v2\/users\/68"}],"replies":[{"embeddable":true,"href":"https:\/\/www.infraestruturameioambiente.sp.gov.br\/institutodebotanica\/wp-json\/wp\/v2\/comments?post=21921"}],"version-history":[{"count":30,"href":"https:\/\/www.infraestruturameioambiente.sp.gov.br\/institutodebotanica\/wp-json\/wp\/v2\/pages\/21921\/revisions"}],"predecessor-version":[{"id":22518,"href":"https:\/\/www.infraestruturameioambiente.sp.gov.br\/institutodebotanica\/wp-json\/wp\/v2\/pages\/21921\/revisions\/22518"}],"wp:attachment":[{"href":"https:\/\/www.infraestruturameioambiente.sp.gov.br\/institutodebotanica\/wp-json\/wp\/v2\/media?parent=21921"}],"curies":[{"name":"wp","href":"https:\/\/api.w.org\/{rel}","templated":true}]}}