{"id":20546,"date":"2017-02-08T16:50:38","date_gmt":"2017-02-08T18:50:38","guid":{"rendered":"https:\/\/www.infraestruturameioambiente.sp.gov.br\/institutodebotanica\/?page_id=20546"},"modified":"2017-09-13T14:55:25","modified_gmt":"2017-09-13T17:55:25","slug":"editais-2017","status":"publish","type":"page","link":"https:\/\/www.infraestruturameioambiente.sp.gov.br\/institutodebotanica\/editais-2017\/","title":{"rendered":"Editais 2017"},"content":{"rendered":"<table border=\"0\">\n<tbody>\n<tr>\n<th style=\"text-align: left\" align=\"middle\"><strong><a href=\"https:\/\/www.infraestruturameioambiente.sp.gov.br\/institutodebotanica\/wp-content\/uploads\/sites\/235\/2017\/02\/01_2017.pdf\" target=\"_blank\" rel=\"noopener\">EDITAL<\/a> &#8211; PREG\u00c3O ELETR\u00d4NICO N\u00ba 01\/2017<br \/>\n<\/strong><\/th>\n<\/tr>\n<tr>\n<td style=\"text-align: left\" align=\"middle\"><strong>OBJETIVANDO A PRESTA\u00c7\u00c3O DE SERVI\u00c7OS CONT\u00cdNUOS &#8211; PARTICIPA\u00c7\u00c3O AMPLA \u00a0 \u00a0 \u00a0 \u00a0 \u00a0 \u00a0 \u00a0 \u00a0 \u00a0 \u00a0 \u00a0 \u00a0 \u00a0 \u00a0 \u00a0 \u00a0 \u00a0 \u00a0 \u00a0 \u00a0 \u00a0 \u00a0 \u00a0 \u00a0 \u00a0 \u00a0 \u00a0 \u00a0 \u00a0 \u00a0 \u00a0 \u00a0 \u00a0 \u00a0 \u00a0 \u00a0 \u00a0 \u00a0 \u00a0 \u00a0 \u00a0 \u00a0 \u00a0 \u00a0<\/strong><\/p>\n<p style=\"text-align: justify\">DATA DE REALIZA\u00c7\u00c3O DA SESS\u00c3O P\u00daBLICA: Dia 21\/02\/2017<br \/>\nHOR\u00c1RIO: \u00e0s 09:30 horas.<\/p>\n<\/td>\n<\/tr>\n<\/tbody>\n<\/table>\n<table border=\"0\">\n<tbody>\n<tr>\n<th style=\"text-align: left\" align=\"middle\"><strong><a href=\"https:\/\/www.infraestruturameioambiente.sp.gov.br\/institutodebotanica\/wp-content\/uploads\/sites\/235\/2017\/02\/02_2017.pdf\" target=\"_blank\" rel=\"noopener\">EDITAL<\/a> &#8211; PREG\u00c3O ELETR\u00d4NICO N\u00ba 02\/2017<br \/>\n<\/strong><\/th>\n<\/tr>\n<tr>\n<td style=\"text-align: left\" align=\"middle\"><b><\/b><span style=\"text-align: justify\"><strong>OBJETIVANDO A PRESTA\u00c7\u00c3O DE SERVI\u00c7OS CONT\u00cdNUOS &#8211; PARTICIPA\u00c7\u00c3O AMPLA \u00a0 \u00a0 \u00a0 \u00a0 \u00a0 \u00a0 \u00a0 \u00a0 \u00a0 \u00a0 \u00a0 \u00a0 \u00a0 \u00a0 \u00a0 \u00a0 \u00a0 \u00a0 \u00a0 \u00a0 \u00a0 \u00a0 \u00a0 \u00a0 \u00a0 \u00a0 \u00a0 \u00a0 \u00a0 \u00a0 \u00a0 \u00a0 \u00a0 \u00a0 \u00a0 \u00a0 \u00a0 \u00a0 \u00a0 \u00a0 \u00a0 \u00a0 \u00a0 \u00a0 \u00a0 \u00a0 \u00a0 \u00a0 \u00a0 \u00a0 \u00a0<\/strong><\/span><\/p>\n<p><span style=\"text-align: justify\">DATA DE REALIZA\u00c7\u00c3O DA SESS\u00c3O P\u00daBLICA:\u00a0<\/span>Dia 21\/03\/2017<br \/>\nHOR\u00c1RIO: \u00e0s 09:30 horas.<\/td>\n<\/tr>\n<\/tbody>\n<\/table>\n<table border=\"0\">\n<tbody>\n<tr>\n<th style=\"text-align: left\" align=\"middle\"><strong><a href=\"https:\/\/www.infraestruturameioambiente.sp.gov.br\/institutodebotanica\/wp-content\/uploads\/sites\/235\/2017\/02\/03_2017.pdf\" target=\"_blank\" rel=\"noopener\">EDITAL<\/a> &#8211; CONCORR\u00caNCIA N\u00ba 03\/2017<br \/>\n<\/strong><\/th>\n<\/tr>\n<tr>\n<td style=\"text-align: left\" align=\"middle\"><span style=\"text-align: justify\"><strong>OBJETIVANDO A PRESTA\u00c7\u00c3O DE SERVI\u00c7OS CONT\u00cdNUOS &#8211; PARTICIPA\u00c7\u00c3O AMPLA \u00a0 \u00a0 \u00a0 \u00a0 \u00a0 \u00a0 \u00a0 \u00a0 \u00a0 \u00a0 \u00a0 \u00a0 \u00a0 \u00a0 \u00a0 \u00a0 \u00a0 \u00a0 \u00a0 \u00a0 \u00a0 \u00a0 \u00a0 \u00a0 \u00a0 \u00a0 \u00a0 \u00a0 \u00a0 \u00a0 \u00a0 \u00a0 \u00a0 \u00a0 \u00a0 \u00a0 \u00a0 \u00a0 \u00a0 \u00a0 \u00a0 \u00a0 \u00a0 \u00a0 \u00a0 \u00a0 \u00a0 \u00a0 \u00a0 \u00a0\u00a0<\/strong><\/span><\/p>\n<p><span style=\"text-align: justify\">DATA DE REALIZA\u00c7\u00c3O DA SESS\u00c3O P\u00daBLICA:\u00a0<\/span>Dia 23\/03\/2017<br \/>\nHOR\u00c1RIO: \u00e0s 09:30 horas.<\/p>\n<p><strong>COMUNICADO<\/strong><\/p>\n<p style=\"text-align: justify\"><span style=\"color: #ff0000\"><strong>Comunicamos que o Preg\u00e3o Eletr\u00f4nico n\u00b0 03\/2017 \u2013 Oferta de Compras 260106000012017OC00004 \u2013 Processo SMA n\u00b0 9525\/2016, publicado no Di\u00e1rio Oficial do Executivo Se\u00e7\u00e3o I \u2013 e-Neg\u00f3ciosP\u00fablicos, no dia 10\/03\/2017 \u2013 P\u00e1gina 206, est\u00e1 CANCELADO, para revis\u00e3o e adequa\u00e7\u00e3o or\u00e7ament\u00e1ria no edital.<\/strong><\/span><\/p>\n<\/td>\n<\/tr>\n<\/tbody>\n<\/table>\n<table border=\"0\">\n<tbody>\n<tr style=\"height: 24px\">\n<th style=\"text-align: left;height: 24px\" align=\"middle\"><strong><a href=\"https:\/\/www.infraestruturameioambiente.sp.gov.br\/institutodebotanica\/wp-content\/uploads\/sites\/235\/2017\/02\/04_2017.pdf\" target=\"_blank\" rel=\"noopener\">EDITAL<\/a> &#8211; PREG\u00c3O ELETR\u00d4NICO N\u00ba 04\/2017<br \/>\n<\/strong><\/th>\n<\/tr>\n<tr style=\"height: 144px\">\n<td style=\"text-align: left;height: 144px\" align=\"middle\"><span style=\"text-align: justify\"><strong>OBJETIVANDO A PRESTA\u00c7\u00c3O DE SERVI\u00c7OS CONT\u00cdNUOS &#8211; PARTICIPA\u00c7\u00c3O AMPLA \u00a0 \u00a0 \u00a0 \u00a0 \u00a0 \u00a0 \u00a0 \u00a0 \u00a0 \u00a0 \u00a0 \u00a0 \u00a0 \u00a0 \u00a0 \u00a0 \u00a0 \u00a0 \u00a0 \u00a0 \u00a0 \u00a0 \u00a0 \u00a0 \u00a0 \u00a0 \u00a0 \u00a0 \u00a0 \u00a0 \u00a0 \u00a0 \u00a0 \u00a0 \u00a0 \u00a0 \u00a0 \u00a0 \u00a0 \u00a0 \u00a0 \u00a0 \u00a0 \u00a0 \u00a0 \u00a0 \u00a0 \u00a0 \u00a0 \u00a0\u00a0<\/strong><\/span><\/p>\n<p><span style=\"text-align: justify\">DATA DE REALIZA\u00c7\u00c3O DA SESS\u00c3O P\u00daBLICA:\u00a0<\/span>Dia 30\/03\/2017<br \/>\nHOR\u00c1RIO: \u00e0s 09:30 horas.<\/td>\n<\/tr>\n<\/tbody>\n<\/table>\n<table border=\"0\">\n<tbody>\n<tr>\n<th style=\"text-align: left\" align=\"middle\"><strong><a href=\"https:\/\/www.infraestruturameioambiente.sp.gov.br\/institutodebotanica\/wp-content\/uploads\/sites\/235\/2017\/02\/Edital-05_2017.pdf\">EDITAL<\/a> &#8211; PREG\u00c3O ELETR\u00d4NICO N\u00ba 05\/2017<\/strong><\/th>\n<\/tr>\n<tr>\n<td style=\"text-align: left\" align=\"middle\"><span style=\"text-align: justify\"><strong>OBJETIVANDO A PRESTA\u00c7\u00c3O DE SERVI\u00c7OS N\u00c3O CONT\u00cdNUOS &#8211; PARTICIPA\u00c7\u00c3O AMPLA\u00a0 \u00a0 \u00a0 \u00a0 \u00a0 \u00a0 \u00a0 \u00a0 \u00a0 \u00a0 \u00a0 \u00a0 \u00a0 \u00a0 \u00a0 \u00a0 \u00a0 \u00a0 \u00a0 \u00a0 \u00a0 \u00a0 \u00a0 \u00a0 \u00a0 \u00a0 \u00a0 \u00a0 \u00a0 \u00a0 \u00a0 \u00a0 \u00a0 \u00a0 \u00a0 \u00a0 \u00a0 \u00a0 \u00a0 \u00a0 \u00a0 \u00a0 \u00a0 \u00a0 \u00a0 \u00a0 \u00a0 \u00a0 \u00a0 \u00a0<\/strong><\/span><\/p>\n<p><span style=\"text-align: justify\">DATA DE REALIZA\u00c7\u00c3O DA SESS\u00c3O P\u00daBLICA:\u00a0<\/span>Dia 04\/04\/2017<br \/>\nHOR\u00c1RIO: \u00e0s 09:30 horas.<\/td>\n<\/tr>\n<\/tbody>\n<\/table>\n<table border=\"0\">\n<tbody>\n<tr>\n<th style=\"text-align: left\" align=\"middle\"><strong><a href=\"https:\/\/www.infraestruturameioambiente.sp.gov.br\/institutodebotanica\/wp-content\/uploads\/sites\/235\/2017\/02\/Edital-07_2017.pdf\">EDITAL<\/a> &#8211; PREG\u00c3O ELETR\u00d4NICO N\u00ba 07\/2017<\/strong><\/th>\n<\/tr>\n<tr>\n<td style=\"text-align: left\" align=\"middle\"><span style=\"text-align: justify\"><strong>OBJETIVANDO A PRESTA\u00c7\u00c3O DE SERVI\u00c7OS N\u00c3O CONT\u00cdNUOS &#8211; PARTICIPA\u00c7\u00c3O AMPLA\u00a0 \u00a0 \u00a0 \u00a0 \u00a0 \u00a0 \u00a0 \u00a0 \u00a0 \u00a0 \u00a0 \u00a0 \u00a0 \u00a0 \u00a0 \u00a0 \u00a0 \u00a0 \u00a0 \u00a0 \u00a0 \u00a0 \u00a0 \u00a0 \u00a0 \u00a0 \u00a0 \u00a0 \u00a0 \u00a0 \u00a0 \u00a0 \u00a0 \u00a0 \u00a0 \u00a0 \u00a0 \u00a0 \u00a0 \u00a0 \u00a0 \u00a0 \u00a0 \u00a0 \u00a0 \u00a0 \u00a0 \u00a0 \u00a0 \u00a0<\/strong><\/span><\/p>\n<p><span style=\"text-align: justify\">DATA DE REALIZA\u00c7\u00c3O DA SESS\u00c3O P\u00daBLICA:\u00a0<\/span>Dia 14\/08\/2017<br \/>\nHOR\u00c1RIO: \u00e0s 09:30 horas.<\/td>\n<\/tr>\n<\/tbody>\n<\/table>\n<table border=\"0\">\n<tbody>\n<tr>\n<th style=\"text-align: left\" align=\"middle\"><strong><a href=\"https:\/\/www.infraestruturameioambiente.sp.gov.br\/institutodebotanica\/wp-content\/uploads\/sites\/235\/2017\/02\/Edital_IBt_08_2017.pdf\">EDITAL<\/a> &#8211; PREG\u00c3O ELETR\u00d4NICO N\u00ba 08\/2017<\/strong><\/th>\n<\/tr>\n<tr>\n<td style=\"text-align: left\" align=\"middle\"><span style=\"text-align: justify\"><strong>OBJETIVANDO A PRESTA\u00c7\u00c3O DE SERVI\u00c7OS N\u00c3O CONT\u00cdNUOS &#8211; PARTICIPA\u00c7\u00c3O AMPLA\u00a0 \u00a0 \u00a0 \u00a0 \u00a0 \u00a0 \u00a0 \u00a0 \u00a0 \u00a0 \u00a0 \u00a0 \u00a0 \u00a0 \u00a0 \u00a0 \u00a0 \u00a0 \u00a0 \u00a0 \u00a0 \u00a0 \u00a0 \u00a0 \u00a0 \u00a0 \u00a0 \u00a0 \u00a0 \u00a0 \u00a0 \u00a0 \u00a0 \u00a0 \u00a0 \u00a0 \u00a0 \u00a0 \u00a0 \u00a0 \u00a0 \u00a0 \u00a0 \u00a0 \u00a0 \u00a0 \u00a0 \u00a0 \u00a0 \u00a0<\/strong><\/span><\/p>\n<p><span style=\"text-align: justify\">DATA DE REALIZA\u00c7\u00c3O DA SESS\u00c3O P\u00daBLICA:\u00a0<\/span>Dia 25\/08\/2017<br \/>\nHOR\u00c1RIO: \u00e0s 09:30 horas.<\/td>\n<\/tr>\n<\/tbody>\n<tbody>\n<tr>\n<th style=\"text-align: left\" align=\"middle\"><strong><a href=\"https:\/\/www.infraestruturameioambiente.sp.gov.br\/institutodebotanica\/wp-content\/uploads\/sites\/235\/2017\/02\/EDITAL_09_2017.pdf\">EDITAL<\/a> &#8211; PREG\u00c3O ELETR\u00d4NICO N\u00ba 09\/2017<\/strong><\/th>\n<\/tr>\n<tr>\n<td style=\"text-align: left\" align=\"middle\"><span style=\"text-align: justify\"><strong>OBJETIVANDO A PRESTA\u00c7\u00c3O DE SERVI\u00c7OS N\u00c3O CONT\u00cdNUOS &#8211; PARTICIPA\u00c7\u00c3O AMPLA\u00a0 \u00a0 \u00a0 \u00a0 \u00a0 \u00a0 \u00a0 \u00a0 \u00a0 \u00a0 \u00a0 \u00a0 \u00a0 \u00a0 \u00a0 \u00a0 \u00a0 \u00a0 \u00a0 \u00a0 \u00a0 \u00a0 \u00a0 \u00a0 \u00a0 \u00a0 \u00a0 \u00a0 \u00a0 \u00a0 \u00a0 \u00a0 \u00a0 \u00a0 \u00a0 \u00a0 \u00a0 \u00a0 \u00a0 \u00a0 \u00a0 \u00a0 \u00a0 \u00a0 \u00a0 \u00a0 \u00a0 \u00a0 \u00a0 \u00a0<\/strong><\/span><\/p>\n<p><span style=\"text-align: justify\">DATA DE REALIZA\u00c7\u00c3O DA SESS\u00c3O P\u00daBLICA:\u00a0<\/span>Dia 04\/09\/2017<br \/>\nHOR\u00c1RIO: \u00e0s 09:30 horas.<\/td>\n<\/tr>\n<\/tbody>\n<tbody>\n<tr>\n<th style=\"text-align: left\" align=\"middle\"><strong><a href=\"https:\/\/www.infraestruturameioambiente.sp.gov.br\/institutodebotanica\/wp-content\/uploads\/sites\/235\/2017\/02\/Edital_ibt_10-2017.pdf\" target=\"_blank\" rel=\"noopener\">EDITAL<\/a> &#8211; PREG\u00c3O ELETR\u00d4NICO N\u00ba 10\/2017<\/strong><\/th>\n<\/tr>\n<tr>\n<td style=\"text-align: left\" align=\"middle\"><span style=\"text-align: justify\"><strong>OBJETIVANDO A PRESTA\u00c7\u00c3O DE SERVI\u00c7OS N\u00c3O CONT\u00cdNUOS &#8211; PARTICIPA\u00c7\u00c3O AMPLA\u00a0 \u00a0 \u00a0 \u00a0 \u00a0 \u00a0 \u00a0 \u00a0 \u00a0 \u00a0 \u00a0 \u00a0 \u00a0 \u00a0 \u00a0 \u00a0 \u00a0 \u00a0 \u00a0 \u00a0 \u00a0 \u00a0 \u00a0 \u00a0 \u00a0 \u00a0 \u00a0 \u00a0 \u00a0 \u00a0 \u00a0 \u00a0 \u00a0 \u00a0 \u00a0 \u00a0 \u00a0 \u00a0 \u00a0 \u00a0 \u00a0 \u00a0 \u00a0 \u00a0 \u00a0 \u00a0 \u00a0 \u00a0 \u00a0 \u00a0<\/strong><\/span><\/p>\n<p><span style=\"text-align: justify\">DATA DE REALIZA\u00c7\u00c3O DA SESS\u00c3O P\u00daBLICA:\u00a0<\/span>Dia 11\/09\/2017<br \/>\nHOR\u00c1RIO: \u00e0s 09:30 horas.<\/td>\n<\/tr>\n<\/tbody>\n<tbody>\n<tr>\n<th style=\"text-align: left\" align=\"middle\"><strong><a href=\"https:\/\/www.infraestruturameioambiente.sp.gov.br\/institutodebotanica\/wp-content\/uploads\/sites\/235\/2017\/02\/edital_ibt_11-2017.pdf\" target=\"_blank\" rel=\"noopener\">EDITAL<\/a> &#8211; PREG\u00c3O ELETR\u00d4NICO N\u00ba 11\/2017<\/strong><\/th>\n<\/tr>\n<tr>\n<td style=\"text-align: left\" align=\"middle\"><span style=\"text-align: justify\"><strong>OBJETIVANDO A PRESTA\u00c7\u00c3O DE SERVI\u00c7OS N\u00c3O CONT\u00cdNUOS &#8211; PARTICIPA\u00c7\u00c3O AMPLA\u00a0 \u00a0 \u00a0 \u00a0 \u00a0 \u00a0 \u00a0 \u00a0 \u00a0 \u00a0 \u00a0 \u00a0 \u00a0 \u00a0 \u00a0 \u00a0 \u00a0 \u00a0 \u00a0 \u00a0 \u00a0 \u00a0 \u00a0 \u00a0 \u00a0 \u00a0 \u00a0 \u00a0 \u00a0 \u00a0 \u00a0 \u00a0 \u00a0 \u00a0 \u00a0 \u00a0 \u00a0 \u00a0 \u00a0 \u00a0 \u00a0 \u00a0 \u00a0 \u00a0 \u00a0 \u00a0 \u00a0 \u00a0 \u00a0 \u00a0<\/strong><\/span><\/p>\n<p><span style=\"text-align: justify\">DATA DE REALIZA\u00c7\u00c3O DA SESS\u00c3O P\u00daBLICA:\u00a0<\/span>Dia 13\/09\/2017<br \/>\nHOR\u00c1RIO: \u00e0s 09:30 horas.<\/p>\n<p><strong>COMUNICADO: \u00a0 \u00a0 \u00a0 \u00a0 \u00a0 \u00a0 \u00a0 \u00a0 \u00a0 \u00a0 \u00a0 \u00a0 \u00a0 \u00a0 \u00a0 \u00a0 \u00a0 \u00a0 \u00a0 \u00a0 \u00a0 \u00a0 \u00a0 \u00a0 \u00a0 \u00a0 \u00a0 \u00a0 \u00a0 \u00a0 \u00a0 \u00a0 \u00a0 \u00a0 \u00a0 \u00a0 \u00a0 \u00a0 \u00a0 \u00a0 \u00a0 \u00a0 \u00a0 \u00a0 \u00a0 \u00a0 \u00a0 \u00a0\u00a0<\/strong><\/p>\n<p><span style=\"color: #ff0000\"><strong>CANCELADO O PREG\u00c3O N\u00b0 11\/2017, LOCA\u00c7\u00c3O E MONTAGEM DE DIVIS\u00d3RIAS E BALC\u00c3O OCTANORM EM VIRTUDE DE DATA PARA VISITA T\u00c9CNICA NO SP\/EXPO.<\/strong><\/span><\/td>\n<\/tr>\n<\/tbody>\n<tbody>\n<tr>\n<th style=\"text-align: left\" align=\"middle\"><strong><a href=\"https:\/\/www.infraestruturameioambiente.sp.gov.br\/institutodebotanica\/wp-content\/uploads\/sites\/235\/2017\/02\/edital_ibt_12-2017.pdf\" target=\"_blank\" rel=\"noopener\">EDITAL<\/a> &#8211; PREG\u00c3O ELETR\u00d4NICO N\u00ba 12\/2017<\/strong><\/th>\n<\/tr>\n<tr>\n<td style=\"text-align: left\" align=\"middle\"><span style=\"text-align: justify\"><strong>OBJETIVANDO A PRESTA\u00c7\u00c3O DE SERVI\u00c7OS N\u00c3O CONT\u00cdNUOS &#8211; PARTICIPA\u00c7\u00c3O AMPLA\u00a0 \u00a0 \u00a0 \u00a0 \u00a0 \u00a0 \u00a0 \u00a0 \u00a0 \u00a0 \u00a0 \u00a0 \u00a0 \u00a0 \u00a0 \u00a0 \u00a0 \u00a0 \u00a0 \u00a0 \u00a0 \u00a0 \u00a0 \u00a0 \u00a0 \u00a0 \u00a0 \u00a0 \u00a0 \u00a0 \u00a0 \u00a0 \u00a0 \u00a0 \u00a0 \u00a0 \u00a0 \u00a0 \u00a0 \u00a0 \u00a0 \u00a0 \u00a0 \u00a0 \u00a0 \u00a0 \u00a0 \u00a0 \u00a0 \u00a0<\/strong><\/span><\/p>\n<p><span style=\"text-align: justify\">DATA DE REALIZA\u00c7\u00c3O DA SESS\u00c3O P\u00daBLICA:\u00a0<\/span>Dia 21\/09\/2017<br \/>\nHOR\u00c1RIO: \u00e0s 09:30 horas.<\/td>\n<\/tr>\n<\/tbody>\n<tbody>\n<tr>\n<th style=\"text-align: left\" align=\"middle\"><strong><a href=\"https:\/\/www.infraestruturameioambiente.sp.gov.br\/institutodebotanica\/wp-content\/uploads\/sites\/235\/2017\/02\/edital_IBt_13_2017.pdf\" target=\"_blank\" rel=\"noopener\">EDITAL<\/a> &#8211; PREG\u00c3O ELETR\u00d4NICO N\u00ba 13\/2017<\/strong><\/th>\n<\/tr>\n<tr>\n<td style=\"text-align: left\" align=\"middle\"><span style=\"text-align: justify\"><strong>OBJETIVANDO A PRESTA\u00c7\u00c3O DE SERVI\u00c7OS N\u00c3O CONT\u00cdNUOS &#8211; PARTICIPA\u00c7\u00c3O AMPLA\u00a0 \u00a0 \u00a0 \u00a0 \u00a0 \u00a0 \u00a0 \u00a0 \u00a0 \u00a0 \u00a0 \u00a0 \u00a0 \u00a0 \u00a0 \u00a0 \u00a0 \u00a0 \u00a0 \u00a0 \u00a0 \u00a0 \u00a0 \u00a0 \u00a0 \u00a0 \u00a0 \u00a0 \u00a0 \u00a0 \u00a0 \u00a0 \u00a0 \u00a0 \u00a0 \u00a0 \u00a0 \u00a0 \u00a0 \u00a0 \u00a0 \u00a0 \u00a0 \u00a0 \u00a0 \u00a0 \u00a0 \u00a0 \u00a0 \u00a0<\/strong><\/span><\/p>\n<p><span style=\"text-align: justify\">DATA DE REALIZA\u00c7\u00c3O DA SESS\u00c3O P\u00daBLICA:\u00a0<\/span>Dia 25\/09\/2017<br \/>\nHOR\u00c1RIO: \u00e0s 09:30 horas.<\/td>\n<\/tr>\n<\/tbody>\n<\/table>\n","protected":false},"excerpt":{"rendered":"<p>EDITAL &#8211; PREG\u00c3O ELETR\u00d4NICO N\u00ba 01\/2017 OBJETIVANDO A PRESTA\u00c7\u00c3O DE SERVI\u00c7OS CONT\u00cdNUOS &#8211; PARTICIPA\u00c7\u00c3O AMPLA \u00a0 \u00a0 \u00a0 \u00a0 \u00a0 \u00a0 \u00a0 \u00a0 \u00a0 \u00a0 \u00a0 \u00a0 \u00a0 \u00a0 \u00a0 \u00a0 \u00a0 \u00a0 \u00a0 \u00a0 \u00a0 \u00a0 \u00a0 \u00a0 \u00a0 \u00a0 \u00a0 \u00a0 \u00a0 \u00a0 \u00a0 \u00a0 \u00a0 \u00a0 \u00a0 \u00a0 \u00a0 \u00a0 \u00a0 \u00a0 [&hellip;]<\/p>\n","protected":false},"author":73,"featured_media":0,"parent":0,"menu_order":0,"comment_status":"closed","ping_status":"closed","template":"","meta":[],"_links":{"self":[{"href":"https:\/\/www.infraestruturameioambiente.sp.gov.br\/institutodebotanica\/wp-json\/wp\/v2\/pages\/20546"}],"collection":[{"href":"https:\/\/www.infraestruturameioambiente.sp.gov.br\/institutodebotanica\/wp-json\/wp\/v2\/pages"}],"about":[{"href":"https:\/\/www.infraestruturameioambiente.sp.gov.br\/institutodebotanica\/wp-json\/wp\/v2\/types\/page"}],"author":[{"embeddable":true,"href":"https:\/\/www.infraestruturameioambiente.sp.gov.br\/institutodebotanica\/wp-json\/wp\/v2\/users\/73"}],"replies":[{"embeddable":true,"href":"https:\/\/www.infraestruturameioambiente.sp.gov.br\/institutodebotanica\/wp-json\/wp\/v2\/comments?post=20546"}],"version-history":[{"count":41,"href":"https:\/\/www.infraestruturameioambiente.sp.gov.br\/institutodebotanica\/wp-json\/wp\/v2\/pages\/20546\/revisions"}],"predecessor-version":[{"id":21080,"href":"https:\/\/www.infraestruturameioambiente.sp.gov.br\/institutodebotanica\/wp-json\/wp\/v2\/pages\/20546\/revisions\/21080"}],"wp:attachment":[{"href":"https:\/\/www.infraestruturameioambiente.sp.gov.br\/institutodebotanica\/wp-json\/wp\/v2\/media?parent=20546"}],"curies":[{"name":"wp","href":"https:\/\/api.w.org\/{rel}","templated":true}]}}