{"id":19217,"date":"2016-03-24T15:16:05","date_gmt":"2016-03-24T18:16:05","guid":{"rendered":"https:\/\/www.infraestruturameioambiente.sp.gov.br\/institutodebotanica\/?page_id=19217"},"modified":"2016-10-13T11:13:27","modified_gmt":"2016-10-13T14:13:27","slug":"editais-2016","status":"publish","type":"page","link":"https:\/\/www.infraestruturameioambiente.sp.gov.br\/institutodebotanica\/editais-2016\/","title":{"rendered":"Editais 2016"},"content":{"rendered":"<table border=\"0\">\n<tbody>\n<tr>\n<th style=\"text-align: left\" align=\"middle\"><strong><a href=\"https:\/\/www.infraestruturameioambiente.sp.gov.br\/institutodebotanica\/wp-content\/uploads\/sites\/235\/2016\/03\/edital_gerenc_abast_combustivel_veiculos_2016.pdf\" target=\"_blank\">EDITAL<\/a> &#8211; PREG\u00c3O ELETR\u00d4NICO N\u00ba 01\/2016<br \/>\n<\/strong><\/th>\n<\/tr>\n<tr>\n<td style=\"text-align: left\" align=\"middle\"><strong>OBJETIVANDO A PRESTA\u00c7\u00c3O DE SERVI\u00c7OS CONT\u00cdNUOS CONTRATADOS SOB O REGIME DE EMPREITADA POR PRE\u00c7OS UNIT\u00c1RIOS.\u00a0<\/strong><\/p>\n<p style=\"text-align: justify\">DATA DE REALIZA\u00c7\u00c3O DA SESS\u00c3O P\u00daBLICA: Dia 07\/04\/2016<br \/>\nHOR\u00c1RIO: \u00e0s 09:30 horas.<\/p>\n<\/td>\n<\/tr>\n<\/tbody>\n<\/table>\n<table border=\"0\">\n<tbody>\n<tr>\n<th style=\"text-align: left\" align=\"middle\"><strong><a href=\"https:\/\/www.infraestruturameioambiente.sp.gov.br\/institutodebotanica\/wp-content\/uploads\/sites\/235\/2016\/03\/edital_seguro_veiculos_Frota_IBt_31032016.pdf\" target=\"_blank\">EDITAL<\/a> &#8211; PREG\u00c3O ELETR\u00d4NICO N\u00ba 02\/2016<br \/>\n<\/strong><\/th>\n<\/tr>\n<tr>\n<td style=\"text-align: left\" align=\"middle\"><b><\/b><strong>CONTRATA\u00c7\u00c3O DE EMPRESA PARA PRESTA\u00c7\u00c3O DE SERVI\u00c7OS DE SEGURO TOTAL DOS VE\u00cdCULOS AUTOMOTIVOS PERTENCENTES A<br \/>\n<\/strong><strong><strong>FROTA DO INSTITUTO DE BOT\u00c2NICA.<\/strong><\/strong><span style=\"text-align: justify\">DATA DE REALIZA\u00c7\u00c3O DA SESS\u00c3O P\u00daBLICA:\u00a0<\/span>Dia 14\/04\/2016<br \/>\nHOR\u00c1RIO: \u00e0s 09:30 horas.<\/td>\n<\/tr>\n<\/tbody>\n<\/table>\n<table border=\"0\">\n<tbody>\n<tr>\n<th style=\"text-align: left\" align=\"middle\"><strong><a href=\"https:\/\/www.infraestruturameioambiente.sp.gov.br\/institutodebotanica\/wp-content\/uploads\/sites\/235\/2016\/03\/Edital_Lojinha_JBSP_16082016.pdf\" target=\"_blank\">EDITAL<\/a> &#8211; CONCORR\u00caNCIA N\u00ba 01\/2016<br \/>\n<\/strong><\/th>\n<\/tr>\n<tr>\n<td style=\"text-align: left\" align=\"middle\"><strong>OBJETO: PERMISS\u00c3O DE USO REMUNERADA DE UMA SALA PARA INSTALA\u00c7\u00c3O E EXPLORA\u00c7\u00c3O DE UMA LOJA DE CONVENI\u00caNCIAS<br \/>\n<\/strong><strong>E ARTESANATOS NO JARDIM BOT\u00c2NICO DE S\u00c3O PAULO.<\/strong><span style=\"text-align: justify;font-family: inherit;font-size: inherit;line-height: 1.5\">DATA DE REALIZA\u00c7\u00c3O DA SESS\u00c3O P\u00daBLICA: Dia 16\/09\/2016<br \/>\n<\/span>HOR\u00c1RIO: \u00e0s 10:00 horas.<\/td>\n<\/tr>\n<\/tbody>\n<\/table>\n<table border=\"0\">\n<tbody>\n<tr>\n<th style=\"text-align: left\" align=\"middle\"><strong><a href=\"https:\/\/www.infraestruturameioambiente.sp.gov.br\/institutodebotanica\/wp-content\/uploads\/sites\/235\/2016\/03\/edital-preg\u00e3o-eletr\u00f4nico-limpeza_Modelo_SMA_090916.pdf\" target=\"_blank\">EDITAL<\/a> &#8211; PREG\u00c3O ELETR\u00d4NICO N\u00ba 03\/2016<br \/>\n<\/strong><\/th>\n<\/tr>\n<tr>\n<td style=\"text-align: left\" align=\"middle\"><span style=\"text-align: justify;font-family: inherit;font-size: inherit;line-height: 1.5\">\u00a0<strong>OBJETIVANDO A PRESTA\u00c7\u00c3O DE SERVI\u00c7OS CONT\u00cdNUOS CONTRATADOS SOB O REGIME DE EMPREITADA POR PRE\u00c7OS UNIT\u00c1RIOS .<\/strong><\/span><\/p>\n<h3><strong><span style=\"color: #ff0000\">Publicado no Di\u00e1rio Oficial do dia 10\/09\/2016 &#8211; <\/span><\/strong><span style=\"color: #ff0000\"><a href=\"https:\/\/www.infraestruturameioambiente.sp.gov.br\/institutodebotanica\/wp-content\/uploads\/sites\/235\/2016\/03\/edital-pregao-eletronico-limpeza_Modelo_SMA_15_09_2016.pdf\" target=\"_blank\">EDITAL RETIFICADO<\/a><\/span><\/h3>\n<p><span style=\"color: #ff0000\">RETIFICA\u00c7\u00c3O DO EDITAL DE PREG\u00c3O ELETR\u00d4NICO N\u00b0 03\/2016 \u2013 PROCESSO SMA N\u00b0 4634\/2016, <\/span><\/p>\n<p><span style=\"color: #ff0000\">PUBLICADO NO DI\u00c1RIO OFICIAL DO EXECUTIVO SE\u00c7\u00c3O I DO DIA 10\/09\/2016:<\/span><\/p>\n<p><span style=\"color: #ff0000\">MEMORIAL DESCRITIVO ANEXO I \u2013 ITEM 5<\/span><\/p>\n<p><span style=\"color: #ff0000\">\u00a0QUANTITATIVOS ALMEJADOS ITEM \u00a095 \u2013 DESCRI\u00c7\u00c3O &#8211; \u00a0ITEM 07<\/span><\/p>\n<p><span style=\"color: #ff0000\">PLANILHA DE PROPOSTA ANEXO II \u2013 ITEM 07\u00a0\u00a0\u00a0\u00a0\u00a0\u00a0\u00a0\u00a0\u00a0\u00a0\u00a0\u00a0\u00a0\u00a0\u00a0\u00a0\u00a0\u00a0\u00a0\u00a0\u00a0\u00a0\u00a0\u00a0<\/span><\/p>\n<p><span style=\"color: #000000\">DATA DE REALIZA\u00c7\u00c3O DA SESS\u00c3O P\u00daBLICA: Dia 22\/09\/2016<\/span><\/p>\n<p style=\"text-align: justify\">HOR\u00c1RIO: \u00e0s 09:30 horas.<\/p>\n<\/td>\n<\/tr>\n<\/tbody>\n<\/table>\n<table border=\"0\">\n<tbody>\n<tr>\n<th style=\"text-align: left\" align=\"middle\"><strong><a href=\"https:\/\/www.infraestruturameioambiente.sp.gov.br\/institutodebotanica\/wp-content\/uploads\/sites\/235\/2016\/03\/edital-pregao-eletronico-limpeza-Modelo-SMA-06102016.pdf\" target=\"_blank\">EDITAL<\/a> &#8211; PREG\u00c3O ELETR\u00d4NICO\u00a0N\u00ba 04\/2016<br \/>\n<\/strong><\/th>\n<\/tr>\n<tr>\n<td style=\"text-align: left\" align=\"middle\"><strong>OBJETIVANDO A EXECU\u00c7\u00c3O DE SERVI\u00c7OS DE LIMPEZA, ASSEIO E CONSERVA\u00c7\u00c3O PREDIAL\u00a0NAS DEPEND\u00caNCIAS DO INSTITUTO DE BOT\u00c2NICA.<br \/>\n<\/strong><span style=\"text-align: justify;font-family: inherit;font-size: inherit;line-height: 1.5\">DATA DE REALIZA\u00c7\u00c3O DA SESS\u00c3O P\u00daBLICA: Dia 21\/10\/2016<br \/>\n<\/span>HOR\u00c1RIO: \u00e0s 09:30 horas.<\/td>\n<\/tr>\n<\/tbody>\n<\/table>\n","protected":false},"excerpt":{"rendered":"<p>EDITAL &#8211; PREG\u00c3O ELETR\u00d4NICO N\u00ba 01\/2016 OBJETIVANDO A PRESTA\u00c7\u00c3O DE SERVI\u00c7OS CONT\u00cdNUOS CONTRATADOS SOB O REGIME DE EMPREITADA POR PRE\u00c7OS UNIT\u00c1RIOS.\u00a0 DATA DE REALIZA\u00c7\u00c3O DA SESS\u00c3O P\u00daBLICA: Dia 07\/04\/2016 HOR\u00c1RIO: \u00e0s 09:30 horas. EDITAL &#8211; PREG\u00c3O ELETR\u00d4NICO N\u00ba 02\/2016 CONTRATA\u00c7\u00c3O DE EMPRESA PARA PRESTA\u00c7\u00c3O DE SERVI\u00c7OS DE SEGURO TOTAL DOS VE\u00cdCULOS AUTOMOTIVOS PERTENCENTES A FROTA [&hellip;]<\/p>\n","protected":false},"author":68,"featured_media":0,"parent":0,"menu_order":1,"comment_status":"closed","ping_status":"closed","template":"","meta":[],"_links":{"self":[{"href":"https:\/\/www.infraestruturameioambiente.sp.gov.br\/institutodebotanica\/wp-json\/wp\/v2\/pages\/19217"}],"collection":[{"href":"https:\/\/www.infraestruturameioambiente.sp.gov.br\/institutodebotanica\/wp-json\/wp\/v2\/pages"}],"about":[{"href":"https:\/\/www.infraestruturameioambiente.sp.gov.br\/institutodebotanica\/wp-json\/wp\/v2\/types\/page"}],"author":[{"embeddable":true,"href":"https:\/\/www.infraestruturameioambiente.sp.gov.br\/institutodebotanica\/wp-json\/wp\/v2\/users\/68"}],"replies":[{"embeddable":true,"href":"https:\/\/www.infraestruturameioambiente.sp.gov.br\/institutodebotanica\/wp-json\/wp\/v2\/comments?post=19217"}],"version-history":[{"count":28,"href":"https:\/\/www.infraestruturameioambiente.sp.gov.br\/institutodebotanica\/wp-json\/wp\/v2\/pages\/19217\/revisions"}],"predecessor-version":[{"id":20220,"href":"https:\/\/www.infraestruturameioambiente.sp.gov.br\/institutodebotanica\/wp-json\/wp\/v2\/pages\/19217\/revisions\/20220"}],"wp:attachment":[{"href":"https:\/\/www.infraestruturameioambiente.sp.gov.br\/institutodebotanica\/wp-json\/wp\/v2\/media?parent=19217"}],"curies":[{"name":"wp","href":"https:\/\/api.w.org\/{rel}","templated":true}]}}