{"id":18030,"date":"2015-03-10T11:16:03","date_gmt":"2015-03-10T14:16:03","guid":{"rendered":"https:\/\/www.infraestruturameioambiente.sp.gov.br\/institutodebotanica\/?page_id=18030"},"modified":"2015-09-15T15:04:34","modified_gmt":"2015-09-15T18:04:34","slug":"editais-2015","status":"publish","type":"page","link":"https:\/\/www.infraestruturameioambiente.sp.gov.br\/institutodebotanica\/editais-2015\/","title":{"rendered":"Editais 2015"},"content":{"rendered":"<table border=\"0\">\n<tbody>\n<tr>\n<th style=\"text-align: left\" align=\"middle\"><strong><a href=\"https:\/\/www.infraestruturameioambiente.sp.gov.br\/institutodebotanica\/wp-content\/uploads\/sites\/235\/2014\/02\/edital_01_2015.pdf\" target=\"_blank\">EDITAL<\/a> &#8211; PREG\u00c3O ELETR\u00d4NICO N\u00ba 01\/2015<br \/>\n<\/strong><\/th>\n<\/tr>\n<tr>\n<td style=\"text-align: left\" align=\"middle\">\n<p style=\"text-align: justify\"><strong>OBJETIVANDO\u00a0A\u00a0CONTRATA\u00c7\u00c3O DE EMPRESA PARA PRESTA\u00c7\u00c3O DE SERVI\u00c7OS DE SEGURO TOTAL DE 18 (DEZOITO) VE\u00cdCULOS AUTOMOTIVOS PERTENCENTES A FROTA DO INSTITUTO DE BOT\u00c2NICA.<\/strong><\/p>\n<p style=\"text-align: justify\">DATA DE REALIZA\u00c7\u00c3O DA SESS\u00c3O P\u00daBLICA: Dia 23\/03\/2015<br \/>\nHOR\u00c1RIO: \u00e0s 09:30 horas.<\/p>\n<\/td>\n<\/tr>\n<tr>\n<th style=\"text-align: left\" align=\"middle\"><strong><a href=\"https:\/\/www.infraestruturameioambiente.sp.gov.br\/institutodebotanica\/wp-content\/uploads\/sites\/235\/2015\/03\/edital_02_2015.pdf\" target=\"_blank\">EDITAL<\/a> &#8211; PREG\u00c3O ELETR\u00d4NICO N\u00ba 02\/2015<br \/>\n<\/strong><\/th>\n<\/tr>\n<tr>\n<td style=\"text-align: left\" align=\"middle\">\n<p style=\"text-align: justify\"><strong>OBJETIVANDO A PRESTA\u00c7\u00c3O DE SERVI\u00c7OS DE IMPRESS\u00c3O E REPROGRAFIA CORPORATIVA PARA ATENDER AS UNIDADES DO INSTITUTO DE BOT\u00c2NICA.<\/strong><\/p>\n<p style=\"text-align: justify\">DATA DE REALIZA\u00c7\u00c3O DA SESS\u00c3O P\u00daBLICA: Dia\u00a015\/04\/2015<br \/>\nHOR\u00c1RIO: \u00e0s 09:30 horas.<\/p>\n<\/td>\n<\/tr>\n<tr>\n<th style=\"text-align: left\" align=\"middle\"><strong><a href=\"https:\/\/www.infraestruturameioambiente.sp.gov.br\/institutodebotanica\/wp-content\/uploads\/sites\/235\/2015\/07\/edital-03_2015.pdf\">EDITAL <\/a>&#8211; PREG\u00c3O ELETR\u00d4NICO N\u00ba 03\/2015<br \/>\n<\/strong><\/th>\n<\/tr>\n<tr>\n<td style=\"text-align: left\" align=\"middle\">\n<p style=\"text-align: justify\"><strong>OBJETIVANDO A AQUISI\u00c7\u00c3O DE 01 (UM) ULTRA-FREEZER DE BAIXA TEMPERATURA PARA ARMAZENAMENTO DE AMOSTRAS BIOL\u00d3GICAS, PARA O LABORAT\u00d3RIO DO NUCLEO DE FISIOLOGIA DO INSTITUTO DE BOT\u00c2NICA, SITO \u00c0 AVENIDA MIGUEL EST\u00c9FANO, n\u00b0 3687 \u2013 \u00c1GUA FUNDA \u2013 S\u00c3O PAULO- SP<\/strong><\/p>\n<p style=\"text-align: justify\">DATA DE REALIZA\u00c7\u00c3O DA SESS\u00c3O P\u00daBLICA: Dia 28\/07\/2015<br \/>\nHOR\u00c1RIO: \u00e0s 09:30 horas.<\/p>\n<\/td>\n<\/tr>\n<tr>\n<th style=\"text-align: left\" align=\"middle\"><strong><a href=\"https:\/\/www.infraestruturameioambiente.sp.gov.br\/institutodebotanica\/wp-content\/uploads\/sites\/235\/2015\/07\/edital_04_2015.pdf\" target=\"_blank\">EDITAL<\/a> &#8211; PREG\u00c3O ELETR\u00d4NICO N\u00ba 04\/2015<br \/>\n<\/strong><\/th>\n<\/tr>\n<tr>\n<td style=\"text-align: left\" align=\"middle\">\n<p style=\"text-align: justify\"><strong>OBJETIVANDO A AQUISI\u00c7\u00c3O DE 01 (UM) GRUPO GERADOR LINHA DIESEL, DESTINADO AO N\u00daCLEO DE ECOLOGIA DO INSTITUTO DE BOT\u00c2NICA, SITO \u00c0 AVENIDA MIGUEL EST\u00c9FANO, n\u00b0 3687 \u2013 \u00c1GUA FUNDA \u2013 S\u00c3O PAULO- SP<\/strong><\/p>\n<h3><strong><span style=\"color: #ff0000\">Publicado no Di\u00e1rio Oficial do dia 23\/07\/2015 &#8211; <\/span><\/strong><span style=\"color: #ff0000\"><a href=\"https:\/\/www.infraestruturameioambiente.sp.gov.br\/institutodebotanica\/wp-content\/uploads\/sites\/235\/2015\/07\/edital_04_2015_retificado.pdf\">EDITAL RETIFICADO<\/a><\/span><\/h3>\n<p><span style=\"color: #ff0000;line-height: 1.5em\">RETIFICA\u00c7\u00c3O DO EDITAL PREG\u00c3O ELETRONICO N\u00b0 04\/2015- TERMO DE REFER\u00caNCIA &#8211; ANEXO I &#8211; PRAZO E LOCAL DE ENTREGA &#8211; ONDE SE L\u00ca 30 (TRINTA) DIAS, LEIA-SE 60 (SESSENTA) DIAS.<\/span><\/p>\n<p><span style=\"color: #ff0000;line-height: 1.5em\">(REPUBLICADO NOVAMENTE POR TER SA\u00cdDO COM INCORRE\u00c7\u00d5ES).<\/span><\/p>\n<p>&nbsp;<\/p>\n<p><strong><span style=\"color: #ff0000\">\u00a0<\/span><\/strong><\/p>\n<p style=\"text-align: justify\">DATA DE REALIZA\u00c7\u00c3O DA SESS\u00c3O P\u00daBLICA: Dia 29\/07\/2015<br \/>\nHOR\u00c1RIO: \u00e0s 09:30 horas.<\/p>\n<\/td>\n<\/tr>\n<tr>\n<th style=\"text-align: left\" align=\"middle\"><strong><a href=\"https:\/\/www.infraestruturameioambiente.sp.gov.br\/institutodebotanica\/wp-content\/uploads\/sites\/235\/2015\/07\/edital_05_2015.pdf\" target=\"_blank\">EDITAL<\/a> &#8211; PREG\u00c3O ELETR\u00d4NICO N\u00ba 05\/2015<br \/>\n<\/strong><\/th>\n<\/tr>\n<tr>\n<td style=\"text-align: left\" align=\"middle\">\n<p style=\"text-align: justify\"><strong>OBJETIVANDO A\u00a0CONTRATA\u00c7\u00c3O DE SERVI\u00c7OS DE VIGIL\u00c2NCIA E SEGURAN\u00c7A PATRIMONIAL DESARMADA, PARA A RESERVA BIOL\u00d3GICA DE MOGI-GUA\u00c7U, SITO A RUA CIPRIANO DE CARVALHO, S\/N \u2013 FAZENDA CAMPININHA \u2013 BAIRRO MARTINHO PRADO JR \u2013 MOGI GUA\u00c7U-SP &#8211; CEP 13855-000<\/strong><\/p>\n<h3><strong><span style=\"color: #ff0000\">Publicado no Di\u00e1rio Oficial do dia 25\/07\/2015<\/span> &#8211;\u00a0<\/strong><a href=\"https:\/\/www.infraestruturameioambiente.sp.gov.br\/institutodebotanica\/wp-content\/uploads\/sites\/235\/2015\/07\/edital_05_2015_retificado.pdf\">EDITAL RETIFICADO<\/a><\/h3>\n<p><span style=\"color: #ff0000\">RETIFICA\u00c7\u00c3O DO EDITAL DE PREG\u00c3O ELETR\u00d4NICO N\u00b0 05\/2015 &#8211; PROCESSO SMA N\u00b0 500\/2015 &#8211; OBJETO &#8211; PRESTA\u00c7\u00c3O DE SERVI\u00c7OS DE VIGIL\u00c2NCIA E SEGURAN\u00c7A PATRIMONIAL, NA RESERVA BIOL\u00d3GICA DE MOGI GUA\u00c7U DO INSTITUTO DE BOT\u00c2NICA.<\/span><\/p>\n<p><span style=\"color: #ff0000\">(REPUBLICADO NOVAMENTE POR TER SA\u00cdDO COM INCORRE\u00c7\u00d5ES).<\/span><\/p>\n<p style=\"text-align: justify\">DATA DE REALIZA\u00c7\u00c3O DA SESS\u00c3O P\u00daBLICA: Dia 03\/08\/2015<br \/>\nHOR\u00c1RIO: \u00e0s 09:30 horas.<\/p>\n<\/td>\n<\/tr>\n<tr>\n<th style=\"text-align: left\" align=\"middle\"><strong><strong><a href=\"https:\/\/www.infraestruturameioambiente.sp.gov.br\/institutodebotanica\/wp-content\/uploads\/sites\/235\/2015\/03\/Edital_Lanchonete_Restaurante_Concorrencia_01_2015_06082015.pdf\" target=\"_blank\">EDITAL<\/a> &#8211; \u00a0<\/strong><\/strong><b>CONCORR\u00caNCIA N\u00ba 01\/2015<\/b><\/th>\n<\/tr>\n<tr>\n<td style=\"text-align: left\" align=\"middle\">\n<p style=\"text-align: justify\"><strong>PERMISS\u00c3O DE USO REMUNERADA DE UM IM\u00d3VEL PARA LANCHONETE\/RESTAURANTE.<\/strong><\/p>\n<p style=\"text-align: justify\">DATA DE REALIZA\u00c7\u00c3O DA SESS\u00c3O P\u00daBLICA: Dia 08\/09\/2015<br \/>\nHOR\u00c1RIO: \u00e0s 10:00 horas.<\/p>\n<p><a href=\"https:\/\/www.infraestruturameioambiente.sp.gov.br\/institutodebotanica\/wp-content\/uploads\/sites\/235\/2015\/03\/publicacao_jornal_grande_circulacao_PERMISSAO_DE_USO_LANCHONETE_2015.pdf\" target=\"_blank\">Publica\u00e7\u00e3o em jornal de grande circulac\u00e3o EDITAL PERMISSAO DE USO LANCHONETE 2015<\/a><\/td>\n<\/tr>\n<tr>\n<th style=\"text-align: left\" align=\"middle\"><strong><strong><a href=\"https:\/\/www.infraestruturameioambiente.sp.gov.br\/institutodebotanica\/wp-content\/uploads\/sites\/235\/2015\/03\/Edital_Lanchonete_Restaurante_Concorrencia_01_2015_06082015.pdf\" target=\"_blank\">EDITAL<\/a> &#8211; \u00a0<\/strong><\/strong><b>CONCORR\u00caNCIA N\u00ba 01\/2015<\/b><\/th>\n<\/tr>\n<tr>\n<td style=\"text-align: left\" align=\"middle\">\n<p style=\"text-align: justify\"><strong>PERMISS\u00c3O DE USO REMUNERADA DE UM IM\u00d3VEL PARA LANCHONETE\/RESTAURANTE.<\/strong><\/p>\n<h3><strong><span style=\"color: #ff0000\">Publicado no Di\u00e1rio Oficial do dia 07\/08\/2015<\/span> &#8211;\u00a0<\/strong><a href=\"https:\/\/www.infraestruturameioambiente.sp.gov.br\/institutodebotanica\/wp-content\/uploads\/sites\/235\/2015\/03\/Edital_Lanchonete_Restaurante_Concorrencia_01-_2015_06082015_retificado.pdf\" target=\"_blank\">EDITAL RETIFICADO<\/a><\/h3>\n<p><span style=\"color: #ff0000\">RETIFICA\u00c7\u00c3O DO EDITAL DE CONCORR\u00caNCIA N\u00b0 01\/2015 &#8211; PROCESSO SMA N\u00b0 10696\/2014 &#8211; OBJETO &#8211; PERMISS\u00c3O DE USO REMUNERADA DE UM IM\u00d3VEL PARA LANCHONETE\/RESTAURANTE.<\/span><\/p>\n<p><span style=\"color: #ff0000\">RETIFICANDO &#8211; OUTRAS COMPROVA\u00c7\u00d5ES E DISPOSI\u00c7\u00d5ES GERAIS DA HABILITA\u00c7\u00c3O.<\/span><\/p>\n<p style=\"text-align: justify\">DATA DE REALIZA\u00c7\u00c3O DA SESS\u00c3O P\u00daBLICA: Dia 08\/09\/2015<br \/>\nHOR\u00c1RIO: \u00e0s 10:00 horas.<\/p>\n<p><a href=\"https:\/\/www.infraestruturameioambiente.sp.gov.br\/institutodebotanica\/wp-content\/uploads\/sites\/235\/2015\/03\/publicacao_jornal_grande_circulacao_PERMISSAO_DE_USO_LANCHONETE_2015.pdf\" target=\"_blank\">Publica\u00e7\u00e3o em jornal de grande circulac\u00e3o EDITAL PERMISSAO DE USO LANCHONETE 2015<\/a><\/td>\n<\/tr>\n<tr>\n<th style=\"text-align: left\" align=\"middle\"><strong><strong><a href=\"https:\/\/www.infraestruturameioambiente.sp.gov.br\/institutodebotanica\/wp-content\/uploads\/sites\/235\/2015\/03\/EDITAL_LOCACAO_DIVISORIAS_BALCAO_SIMPOSIO_2015.pdf\" target=\"_blank\">EDITAL<\/a> &#8211; PREG\u00c3O ELETR\u00d4NICO<\/strong><\/strong><b> N\u00ba 06\/2015<\/b><\/th>\n<\/tr>\n<tr>\n<td style=\"text-align: left\" align=\"middle\">\n<p style=\"text-align: justify\"><strong><b>CONTRATA\u00c7\u00c3O DE EMPRESA ESPECIALIZADA EM LOCA\u00c7\u00c3O E MONTAGEM DE DIVIS\u00d3RIAS E BALC\u00c3O EM OCTANORM A SEREM UTILIZADOS NO VI SIMP\u00d3SIO DE RESTAURA\u00c7\u00c3O ECOL\u00d3GICA: NOVOS RUMOS E PERSPECTIVAS A SER REALIZADO NO PER\u00cdODO DE 11 A 13 DE NOVEMBRO DE 2015, NO INSTITUTO DE BOT\u00c2NICA.<\/b><\/strong><\/p>\n<p>DATA E HORA DA ABERTURA DA SESS\u00c3O P\u00daBLICA: <strong>Dia 23\/09\/2015 \u00e0s 09:30 horas.<\/strong><\/td>\n<\/tr>\n<tr>\n<th style=\"text-align: left\" align=\"middle\"><strong><strong><a href=\"https:\/\/www.infraestruturameioambiente.sp.gov.br\/institutodebotanica\/wp-content\/uploads\/sites\/235\/2015\/03\/EDITAL_LOCACAO_EQUIPAMENTOS_SIMPOSIO_-2015.pdf\" target=\"_blank\">EDITAL<\/a> &#8211; PREG\u00c3O ELETR\u00d4NICO<\/strong><\/strong><b> N\u00ba 07\/2015<\/b><\/th>\n<\/tr>\n<tr>\n<td style=\"text-align: left\" align=\"middle\"><strong>CONTRATA\u00c7\u00c3O DE SERVI\u00c7OS\u00a0\u00c1UDIO-VISUAIS PARA O VI SIMP\u00d3SIO DE RESTAURA\u00c7\u00c3O ECOL\u00d3GICA: NOVOS RUMOS E PERSPECTIVAS A SER REALIZADO NO\u00a0PER\u00cdODO\u00a0DE 09 A 13 DE NOVEMBRO DE 2015, NO\u00a0INSTITUTO\u00a0DE\u00a0BOT\u00c2NICA.<\/strong><br \/>\nDATA E HORA DA ABERTURA DA SESS\u00c3O P\u00daBLICA: <strong>Dia 24\/09\/2015 \u00e0s 09:30 horas.<\/strong><\/td>\n<\/tr>\n<tr>\n<th style=\"text-align: left\" align=\"middle\"><strong><strong><a href=\"https:\/\/www.infraestruturameioambiente.sp.gov.br\/institutodebotanica\/wp-content\/uploads\/sites\/235\/2015\/03\/EDITAL_LOCACAO_MOVEIS_SIMPOSIO_2015.pdf\" target=\"_blank\">EDITAL<\/a> &#8211; PREG\u00c3O ELETR\u00d4NICO<\/strong><\/strong><b> N\u00ba 08\/2015<\/b><\/th>\n<\/tr>\n<tr>\n<td style=\"text-align: left\" align=\"middle\"><strong>LOCA\u00c7\u00c3O DE<b> <\/b>M\u00d3VEIS<b> <\/b>A SEREM UTILIZADOS NO VI SIMP\u00d3SIO DE RESTAURA\u00c7\u00c3O ECOL\u00d3GICA: NOVOS RUMOS E PERSPECTIVAS A SER REALIZADO NO\u00a0PER\u00cdODO\u00a0DE 09 A 13 DE NOVEMBRO DE 2015, NO INSTITUTO DE\u00a0BOT\u00c2NICA.<\/strong><br \/>\nDATA E HORA DA ABERTURA DA SESS\u00c3O P\u00daBLICA:<strong> Dia 28\/09\/2015 \u00e0s 09:30 horas.<\/strong><\/td>\n<\/tr>\n<\/tbody>\n<\/table>\n","protected":false},"excerpt":{"rendered":"<p>EDITAL &#8211; PREG\u00c3O ELETR\u00d4NICO N\u00ba 01\/2015 OBJETIVANDO\u00a0A\u00a0CONTRATA\u00c7\u00c3O DE EMPRESA PARA PRESTA\u00c7\u00c3O DE SERVI\u00c7OS DE SEGURO TOTAL DE 18 (DEZOITO) VE\u00cdCULOS AUTOMOTIVOS PERTENCENTES A FROTA DO INSTITUTO DE BOT\u00c2NICA. DATA DE REALIZA\u00c7\u00c3O DA SESS\u00c3O P\u00daBLICA: Dia 23\/03\/2015 HOR\u00c1RIO: \u00e0s 09:30 horas. EDITAL &#8211; PREG\u00c3O ELETR\u00d4NICO N\u00ba 02\/2015 OBJETIVANDO A PRESTA\u00c7\u00c3O DE SERVI\u00c7OS DE IMPRESS\u00c3O E REPROGRAFIA [&hellip;]<\/p>\n","protected":false},"author":68,"featured_media":0,"parent":0,"menu_order":1,"comment_status":"closed","ping_status":"closed","template":"","meta":[],"_links":{"self":[{"href":"https:\/\/www.infraestruturameioambiente.sp.gov.br\/institutodebotanica\/wp-json\/wp\/v2\/pages\/18030"}],"collection":[{"href":"https:\/\/www.infraestruturameioambiente.sp.gov.br\/institutodebotanica\/wp-json\/wp\/v2\/pages"}],"about":[{"href":"https:\/\/www.infraestruturameioambiente.sp.gov.br\/institutodebotanica\/wp-json\/wp\/v2\/types\/page"}],"author":[{"embeddable":true,"href":"https:\/\/www.infraestruturameioambiente.sp.gov.br\/institutodebotanica\/wp-json\/wp\/v2\/users\/68"}],"replies":[{"embeddable":true,"href":"https:\/\/www.infraestruturameioambiente.sp.gov.br\/institutodebotanica\/wp-json\/wp\/v2\/comments?post=18030"}],"version-history":[{"count":20,"href":"https:\/\/www.infraestruturameioambiente.sp.gov.br\/institutodebotanica\/wp-json\/wp\/v2\/pages\/18030\/revisions"}],"predecessor-version":[{"id":18389,"href":"https:\/\/www.infraestruturameioambiente.sp.gov.br\/institutodebotanica\/wp-json\/wp\/v2\/pages\/18030\/revisions\/18389"}],"wp:attachment":[{"href":"https:\/\/www.infraestruturameioambiente.sp.gov.br\/institutodebotanica\/wp-json\/wp\/v2\/media?parent=18030"}],"curies":[{"name":"wp","href":"https:\/\/api.w.org\/{rel}","templated":true}]}}