{"id":16344,"date":"2014-02-13T15:41:15","date_gmt":"2014-02-13T17:41:15","guid":{"rendered":"https:\/\/www.infraestruturameioambiente.sp.gov.br\/institutodebotanica\/?page_id=16344"},"modified":"2015-03-10T11:08:59","modified_gmt":"2015-03-10T14:08:59","slug":"editais-2014","status":"publish","type":"page","link":"https:\/\/www.infraestruturameioambiente.sp.gov.br\/institutodebotanica\/editais-2014\/","title":{"rendered":"Editais 2014"},"content":{"rendered":"<table border=\"0\">\n<tbody>\n<tr>\n<th style=\"text-align: left\" align=\"middle\"><strong><a href=\"https:\/\/www.infraestruturameioambiente.sp.gov.br\/institutodebotanica\/wp-content\/uploads\/sites\/235\/2014\/02\/edital-01_2014.pdf\">EDITAL<\/a> &#8211; PREG\u00c3O ELETR\u00d4NICO N\u00ba 01\/2014<\/strong><\/th>\n<\/tr>\n<tr>\n<td style=\"text-align: left\" align=\"middle\"><strong><strong>OBJETIVANDO A COMPRA DE \u00c1GUA MINERAL NATURAL SEM\u00a0G\u00c1S, COM ENTREGA PARCELADA.<\/strong><\/strong><br \/>\nDATA DE REALIZA\u00c7\u00c3O DA SESS\u00c3O P\u00daBLICA: Dia 05\/02\/2014<br \/>\nHOR\u00c1RIO: \u00e0s 09:30 horas.<\/td>\n<\/tr>\n<tr>\n<th style=\"text-align: left\" align=\"middle\"><strong><a href=\"https:\/\/www.infraestruturameioambiente.sp.gov.br\/institutodebotanica\/wp-content\/uploads\/sites\/235\/2014\/02\/edital-02_2014.pdf\">EDITAL<\/a> &#8211; PREG\u00c3O ELETR\u00d4NICO N\u00ba 02\/2014<\/strong><\/th>\n<\/tr>\n<tr>\n<td style=\"text-align: left\" align=\"middle\"><strong> OBJETIVANDO <strong>A COMPRA DE 01 (UM) MICROTRATOR TIPO GIRO ZERO<\/strong>.<\/strong><br \/>\nDATA DE REALIZA\u00c7\u00c3O DA SESS\u00c3O P\u00daBLICA: Dia 18\/02\/2014<br \/>\nHOR\u00c1RIO: \u00e0s 09:30 horas.<\/td>\n<\/tr>\n<tr>\n<th style=\"text-align: left\" align=\"middle\"><strong><a href=\"https:\/\/www.infraestruturameioambiente.sp.gov.br\/institutodebotanica\/wp-content\/uploads\/sites\/235\/2014\/02\/edital-03_2014.pdf\">EDITAL<\/a> &#8211; PREG\u00c3O ELETR\u00d4NICO N\u00ba 03\/2014<\/strong><\/th>\n<\/tr>\n<tr>\n<td style=\"text-align: left\" align=\"middle\"><strong> OBJETIVANDO <strong>SERVI\u00c7O DE MONTAGEM DE C\u00c2MARA FRIA DE ARMAZENAMENTO DE SEMENTES, COM FORNECIMENTO DE MATERIAIS E EQUIPAMENTOS, NA UNIDADE DE PESQUISA E TECNOLOGIA DE SEMENTES, DO INSTITUTO DE BOT\u00c2NICA<\/strong>.<\/strong><br \/>\nDATA DE REALIZA\u00c7\u00c3O DA SESS\u00c3O P\u00daBLICA: Dia 20\/02\/2014<br \/>\nHOR\u00c1RIO: \u00e0s 09:30 horas.<\/td>\n<\/tr>\n<tr>\n<th style=\"text-align: left\" align=\"middle\"><strong><a href=\"https:\/\/www.infraestruturameioambiente.sp.gov.br\/institutodebotanica\/wp-content\/uploads\/sites\/235\/2014\/02\/edital-04_2014.pdf\">EDITAL<\/a> &#8211; PREG\u00c3O ELETR\u00d4NICO N\u00ba 04\/2014<\/strong><\/th>\n<\/tr>\n<tr>\n<td style=\"text-align: left\" align=\"middle\"><strong> OBJETIVANDO COMPRA DE 01 (UM) MICROTRATOR TIPO GIRO ZERO.<\/strong><br \/>\nDATA DE REALIZA\u00c7\u00c3O DA SESS\u00c3O P\u00daBLICA: Dia 12\/03\/2014<br \/>\nHOR\u00c1RIO: \u00e0s 09:30 horas.<\/td>\n<\/tr>\n<tr>\n<th style=\"text-align: left\" align=\"middle\"><strong><a href=\"https:\/\/www.infraestruturameioambiente.sp.gov.br\/institutodebotanica\/wp-content\/uploads\/sites\/235\/2014\/02\/edital-preg\u00e3o-eletr\u00f4nico-Seguros-veiculos-25032014.pdf\">EDITAL<\/a> &#8211; PREG\u00c3O ELETR\u00d4NICO N\u00ba 05\/2014<br \/>\n<\/strong>RETIFICA\u00c7\u00c3O DO ANEXO II &#8211; (MODELO) DE PROPOSTA COMERCIAL \u00a0REFERENTE AO EDITAL PREG\u00c3O ELETRONICO N\u00b0 05\/2014 &#8211; PROCESSO SMA N\u00b0 425\/2014.<\/th>\n<\/tr>\n<tr>\n<td style=\"text-align: left\" align=\"middle\"><strong>OBJETIVANDO A CONTRATA\u00c7\u00c3O DE SEGURO TOTAL DE 18 (dezoito), VE\u00cdCULOS AUTOMOTIVOS PERTENCENTES A FROTA DO INSTITUTO DE BOT\u00c2NICA.<\/strong><br \/>\nDATA DE REALIZA\u00c7\u00c3O DA SESS\u00c3O P\u00daBLICA: Dia 31\/03\/2014<br \/>\nHOR\u00c1RIO: \u00e0s 09:30 horas.<\/td>\n<\/tr>\n<tr>\n<th style=\"text-align: left\" align=\"middle\"><strong><a href=\"https:\/\/www.infraestruturameioambiente.sp.gov.br\/institutodebotanica\/wp-content\/uploads\/sites\/235\/2014\/02\/edital-CROMATOGRAFO-ORNAMENTAIS-CORRIGIDO.pdf\">EDITAL<\/a> &#8211; PREG\u00c3O ELETR\u00d4NICO N\u00ba 06\/2014<br \/>\n<\/strong><\/th>\n<\/tr>\n<tr>\n<td style=\"text-align: left\" align=\"middle\">\n<p style=\"text-align: justify\"><strong>OBJETIVANDO A AQUISI\u00c7\u00c3O DE UM SISTEMA DE CROMATOGRAFIA LIQUIDA DE ALTA PRESS\u00c3O, DESTINADO AO N\u00daCLEO DE PESQUISA EM PLANTAS.<\/strong><br \/>\nDATA DE REALIZA\u00c7\u00c3O DA SESS\u00c3O P\u00daBLICA: Dia 07\/04\/2014<br \/>\nHOR\u00c1RIO: \u00e0s 09:30 horas.<\/p>\n<\/td>\n<\/tr>\n<tr>\n<th style=\"text-align: left\" align=\"middle\"><strong><a href=\"https:\/\/www.infraestruturameioambiente.sp.gov.br\/institutodebotanica\/wp-content\/uploads\/sites\/235\/2014\/02\/EDITAL-MICROTRATORTIPO-GIRO-ZERO-01042014.pdf\">EDITAL<\/a> &#8211; PREG\u00c3O ELETR\u00d4NICO N\u00ba 07\/2014<br \/>\n<\/strong><\/th>\n<\/tr>\n<tr>\n<td style=\"text-align: left\" align=\"middle\">\n<p style=\"text-align: justify\"><strong>OBJETIVANDO A AQUISI\u00c7\u00c3O DE 01 (UM) MICROTRATOR TIPO GIRO ZERO<\/strong><br \/>\nDATA DE REALIZA\u00c7\u00c3O DA SESS\u00c3O P\u00daBLICA: Dia 15\/04\/2014<br \/>\nHOR\u00c1RIO: \u00e0s 09:30 horas.<\/p>\n<\/td>\n<\/tr>\n<tr>\n<th style=\"text-align: left\" align=\"middle\"><strong><a href=\"https:\/\/www.infraestruturameioambiente.sp.gov.br\/institutodebotanica\/wp-content\/uploads\/sites\/235\/2014\/04\/edital-08_2014.pdf\">EDITAL<\/a> &#8211; PREG\u00c3O ELETR\u00d4NICO N\u00ba 08\/2014<br \/>\n<\/strong><\/th>\n<\/tr>\n<tr>\n<td style=\"text-align: left\" align=\"middle\">\n<p style=\"text-align: justify\"><strong>OBJETIVANDO A COMPRA DE EQUIPAMENTO PARA USO NOS LABORAT\u00d3RIOS DO INSTITUTO DE BOT\u00c2NICA<\/strong><br \/>\nDATA DE REALIZA\u00c7\u00c3O DA SESS\u00c3O P\u00daBLICA: Dia 23\/04\/2014<br \/>\nHOR\u00c1RIO: \u00e0s 09:30 horas.<\/p>\n<\/td>\n<\/tr>\n<tr>\n<th style=\"text-align: left\" align=\"middle\"><strong><a href=\"https:\/\/www.infraestruturameioambiente.sp.gov.br\/institutodebotanica\/wp-content\/uploads\/sites\/235\/2014\/04\/edital-09_2014.pdf\">EDITAL<\/a> &#8211; PREG\u00c3O ELETR\u00d4NICO N\u00ba 09\/2014<br \/>\n<\/strong><\/th>\n<\/tr>\n<tr>\n<td style=\"text-align: left\" align=\"middle\">\n<p style=\"text-align: justify\"><strong>OBJETIVANDO\u00a0A EXECU\u00c7\u00c3O DE SERVI\u00c7OS DE VIGIL\u00c2NCIA\/SEGURAN\u00c7A PATRIMONIAL<\/strong><br \/>\nDATA DE REALIZA\u00c7\u00c3O DA SESS\u00c3O P\u00daBLICA: Dia 05\/05\/2014<br \/>\nHOR\u00c1RIO: \u00e0s 09:30 horas.<\/p>\n<\/td>\n<\/tr>\n<tr>\n<th style=\"text-align: left\" align=\"middle\"><strong><a href=\"https:\/\/www.infraestruturameioambiente.sp.gov.br\/institutodebotanica\/wp-content\/uploads\/sites\/235\/2014\/04\/edital-10_2014.pdf\">EDITAL<\/a> &#8211; PREG\u00c3O ELETR\u00d4NICO N\u00ba 10\/2014<br \/>\n<\/strong><\/th>\n<\/tr>\n<tr>\n<td style=\"text-align: left\" align=\"middle\">\n<p style=\"text-align: justify\"><strong>OBJETIVANDO\u00a0AQUISI\u00c7\u00c3O DE 01 (UM) VE\u00cdCULO TIPO PERUA, 5 PORTAS NA COR BRANCA DO GRUPO S-2, PARA O N\u00daCLEO DE ADMINISTRA\u00c7\u00c3O DE SUBFROTA DO INSTITUTO DE BOT\u00c2NICA<\/strong><br \/>\nDATA DE REALIZA\u00c7\u00c3O DA SESS\u00c3O P\u00daBLICA: Dia 14\/05\/2014<br \/>\nHOR\u00c1RIO: \u00e0s 09:30 horas.<\/p>\n<\/td>\n<\/tr>\n<tr>\n<th style=\"text-align: left\" align=\"middle\"><strong><a href=\"https:\/\/www.infraestruturameioambiente.sp.gov.br\/institutodebotanica\/wp-content\/uploads\/sites\/235\/2014\/04\/edital-11_2014.pdf\">EDITAL<\/a> &#8211; PREG\u00c3O ELETR\u00d4NICO N\u00ba 11\/2014<br \/>\n<\/strong><\/th>\n<\/tr>\n<tr>\n<td style=\"text-align: left\" align=\"middle\">\n<p style=\"text-align: justify\"><strong>OBJETIVANDO\u00a0A COMPRA DE 01 (UMA) CAPELA DE FLUXO LAMINAR HORIZONTAL DE BANCADA, DESTINADA AO N\u00daCLEO DE PESQUISA EM PLANTAS ORNAMENTAIS DO INSTITUTO DE BOT\u00c2NICA<\/strong><br \/>\nDATA DE REALIZA\u00c7\u00c3O DA SESS\u00c3O P\u00daBLICA: Dia 14\/05\/2014<br \/>\nHOR\u00c1RIO: \u00e0s 10:00 horas.<\/p>\n<\/td>\n<\/tr>\n<tr>\n<th style=\"text-align: left\" align=\"middle\"><strong><a href=\"https:\/\/www.infraestruturameioambiente.sp.gov.br\/institutodebotanica\/wp-content\/uploads\/sites\/235\/2014\/05\/edital-12_2014-Retificado.pdf\">EDITAL<\/a> &#8211; PREG\u00c3O ELETR\u00d4NICO N\u00ba 12\/2014<br \/>\n<\/strong><\/th>\n<\/tr>\n<tr>\n<td style=\"text-align: left\" align=\"middle\">\n<p style=\"text-align: justify\"><strong>OBJETIVANDO\u00a0A COMPRA DE 01 (UM) CROMAT\u00d3GRAFO A G\u00c1S COM DETECTOR FID, DESTINADO AO N\u00daCLEO DE PESQUISA ORQUID\u00c1RIO DO ESTADO<\/strong><br \/>\nDATA DE REALIZA\u00c7\u00c3O DA SESS\u00c3O P\u00daBLICA: Dia 03\/06\/2014<br \/>\nHOR\u00c1RIO: \u00e0s 09:30 horas.<\/p>\n<p style=\"text-align: justify\"><strong>RETIFICA\u00c7\u00c3O DO EDITAL PREG\u00c3O ELETR\u00d4NICO N\u00b0 12\/2014<\/strong> &#8211; PUBLICADO EM 21\/05\/2014:EDITAL IX \u2013 DAS CONDI\u00c7\u00d5ES DE RECEBIMENTO DO OBJETO E MINUTA DE CONTRATO: CL\u00c1USULA TERCEIRA \u2013 DAS CONDI\u00c7\u00d5ES DE RECEBIMENTO PROVIS\u00d3RIO E DEFINITIVO DO OBJETO.<\/p>\n<\/td>\n<\/tr>\n<tr>\n<th style=\"text-align: left\" align=\"middle\"><strong><a href=\"https:\/\/www.infraestruturameioambiente.sp.gov.br\/institutodebotanica\/wp-content\/uploads\/sites\/235\/2014\/07\/edital-13_2014.pdf\">EDITAL<\/a> &#8211; PREG\u00c3O ELETR\u00d4NICO N\u00ba 13\/2014<br \/>\n<\/strong><\/th>\n<\/tr>\n<tr>\n<td style=\"text-align: left\" align=\"middle\">\n<p style=\"text-align: justify\"><strong>OBJETIVANDO\u00a0A CONTRATA\u00c7\u00c3O DE PRESTA\u00c7\u00c3O DE SERVI\u00c7OS DE BUFFET, EM REGIME DE EMPREITADA POR PRE\u00c7OS UNIT\u00c1RIOS<\/strong><br \/>\nDATA DE REALIZA\u00c7\u00c3O DA SESS\u00c3O P\u00daBLICA: Dia 24\/07\/2014<br \/>\nHOR\u00c1RIO: \u00e0s 09:30 horas.<\/p>\n<\/td>\n<\/tr>\n<tr>\n<th style=\"text-align: left\" align=\"middle\"><strong><a href=\"https:\/\/www.infraestruturameioambiente.sp.gov.br\/institutodebotanica\/wp-content\/uploads\/sites\/235\/2014\/07\/edital-14_2014.pdf\">EDITAL<\/a> &#8211; PREG\u00c3O ELETR\u00d4NICO N\u00ba 14\/2014<br \/>\n<\/strong><\/th>\n<\/tr>\n<tr>\n<td style=\"text-align: left\" align=\"middle\">\n<p style=\"text-align: justify\"><strong>OBJETIVANDO\u00a0A PRESTA\u00c7\u00c3O DE SERVI\u00c7OS DE MOTOFRETE\u00a0<\/strong><br \/>\nDATA DE REALIZA\u00c7\u00c3O DA SESS\u00c3O P\u00daBLICA: Dia 28\/07\/2014<br \/>\nHOR\u00c1RIO: \u00e0s 09:30 horas.<\/p>\n<\/td>\n<\/tr>\n<tr>\n<th style=\"text-align: left\" align=\"middle\"><strong><a href=\"https:\/\/www.infraestruturameioambiente.sp.gov.br\/institutodebotanica\/wp-content\/uploads\/sites\/235\/2014\/07\/edital-15_2014_retificado.pdf\">EDITAL<\/a> &#8211; PREG\u00c3O ELETR\u00d4NICO N\u00ba 15\/2014<br \/>\n<\/strong><\/th>\n<\/tr>\n<tr>\n<td style=\"text-align: left\" align=\"middle\">\n<p style=\"text-align: justify\"><strong>OBJETIVANDO\u00a0A\u00a0LOCA\u00c7\u00c3O DE 160 (CENTO E SESSENTA) EQUIPAMENTOS DE\u00a0INFORM\u00c1TICA (DESKTOPS)<\/strong><br \/>\nDATA DE REALIZA\u00c7\u00c3O DA SESS\u00c3O P\u00daBLICA: Dia 30\/07\/2014<br \/>\nHOR\u00c1RIO: \u00e0s 09:30 horas.<\/p>\n<p style=\"text-align: justify\"><strong>Retifica\u00e7\u00e3o do Edital de Preg\u00e3o Eletr\u00f4nico n\u00ba 15\/2014 no memorial descritivo anexo I &#8211; Item 2.9\u00a0<\/strong><\/p>\n<p><strong>M\u00ednimo de 8(oito) interfaces USB on-board, sendo 2(duas) interfaces USB 3.0, e pelo menos 02 (duas) interfaces USB na parte frontal do gabinete, todas as USB dever\u00e3o ser externas; N\u00e3o ser\u00e3o aceitos hubs, adaptadores PCI, rabichos ou opcionais.<\/strong><\/td>\n<\/tr>\n<tr>\n<th style=\"text-align: left\" align=\"middle\"><strong><a href=\"https:\/\/www.infraestruturameioambiente.sp.gov.br\/institutodebotanica\/wp-content\/uploads\/sites\/235\/2014\/08\/edital-16_2014.pdf\">EDITAL <\/a>&#8211; PREG\u00c3O ELETR\u00d4NICO N\u00ba 16\/2014<br \/>\n<\/strong><\/th>\n<\/tr>\n<tr>\n<td style=\"text-align: left\" align=\"middle\">\n<p style=\"text-align: justify\"><strong>OBJETIVANDO\u00a0A COMPRA DE EQUIPAMENTO PARA USO NOS\u00a0LABORAT\u00d3RIOS DO INSTITUTO DE BOT\u00c2NICA<\/strong><br \/>\nDATA DE REALIZA\u00c7\u00c3O DA SESS\u00c3O P\u00daBLICA: Dia 12\/08\/2014<br \/>\nHOR\u00c1RIO: \u00e0s 09:30 horas.<\/p>\n<\/td>\n<\/tr>\n<tr>\n<th style=\"text-align: left\" align=\"middle\"><strong><a href=\"https:\/\/www.infraestruturameioambiente.sp.gov.br\/institutodebotanica\/wp-content\/uploads\/sites\/235\/2014\/08\/edital-17_2014.pdf\">EDITAL<\/a> &#8211; PREG\u00c3O ELETR\u00d4NICO N\u00ba 17\/2014<br \/>\n<\/strong><\/th>\n<\/tr>\n<tr>\n<td style=\"text-align: left\" align=\"middle\">\n<p style=\"text-align: justify\"><strong>OBJETIVANDO A CONTRATA\u00c7\u00c3O\u00a0DE \u201cPRESTA\u00c7\u00c3O DE SERVI\u00c7OS DE NUTRI\u00c7\u00c3O E ALIMENTA\u00c7\u00c3O, PARA A OPERACIONALIZA\u00c7\u00c3O E DESENVOLVIMENTO DE TODAS AS ATIVIDADES PARA O FORNECIMENTO DE REFEI\u00c7\u00d5ES DESTINADAS A SERVIDORES E\/OU EMPREGADOS, DO INSTITUTO DE BOT\u00c2NICA, ASSEGURANDO UMA ALIMENTA\u00c7\u00c3O BALANCEADA E EM CONDI\u00c7\u00d5ES HIGI\u00caNICO-SANIT\u00c1RIAS ADEQUADAS\u201d, COM A QUANTIDADE ESTIMADA DE 150 (CENTO E CINQUENTA) REFEI\u00c7\u00d5ES DI\u00c1RIAS<\/strong><br \/>\nDATA DE REALIZA\u00c7\u00c3O DA SESS\u00c3O P\u00daBLICA: Dia 13\/08\/2014<br \/>\nHOR\u00c1RIO: \u00e0s 09:30 horas.<\/p>\n<\/td>\n<\/tr>\n<tr>\n<th style=\"text-align: left\" align=\"middle\"><strong>EDITAL &#8211; PREG\u00c3O ELETR\u00d4NICO N\u00ba 18\/2014<br \/>\n<\/strong><\/th>\n<\/tr>\n<tr>\n<td style=\"text-align: left\" align=\"middle\">\n<p style=\"text-align: justify\"><strong>A AUTORIDADE COMPETENTE ANULA ESTA OFERTA DE COMPRAS EM VIRTUDE DA EDI\u00c7\u00c3O DA LEI COMPLEMENTAR N\u00b0 147\/2014, PUBLICADA EM 08\/08\/2014.<\/strong><\/p>\n<\/td>\n<\/tr>\n<tr>\n<th style=\"text-align: left\" align=\"middle\"><strong>EDITAL &#8211; PREG\u00c3O ELETR\u00d4NICO N\u00ba 19\/2014<br \/>\n<\/strong><\/th>\n<\/tr>\n<tr>\n<td style=\"text-align: left\" align=\"middle\">\n<p style=\"text-align: justify\"><strong>\u00a0<\/strong><strong>A AUTORIDADE COMPETENTE ANULA ESTA OFERTA DE COMPRAS EM VIRTUDE DA EDI\u00c7\u00c3O DA LEI COMPLEMENTAR N\u00b0 147\/2014, PUBLICADA EM 08\/08\/2014.<\/strong><\/p>\n<\/td>\n<\/tr>\n<tr>\n<th style=\"text-align: left\" align=\"middle\"><strong><a href=\"https:\/\/www.infraestruturameioambiente.sp.gov.br\/institutodebotanica\/wp-content\/uploads\/sites\/235\/2014\/08\/edital-20_2014.pdf\">EDITAL<\/a> &#8211; PREG\u00c3O ELETR\u00d4NICO N\u00ba 20\/2014<br \/>\n<\/strong><\/th>\n<\/tr>\n<tr>\n<td style=\"text-align: left\" align=\"middle\">\n<p style=\"text-align: justify\"><strong>OBJETIVANDO\u00a0<b>CONTRATA\u00c7\u00c3O DE<\/b><b> \u201cPRESTA\u00c7\u00c3O DE SERVI\u00c7OS DE NUTRI\u00c7\u00c3O E ALIMENTA\u00c7\u00c3O, PARA A OPERACIONALIZA\u00c7\u00c3O E DESENVOLVIMENTO DE TODAS AS ATIVIDADES PARA O FORNECIMENTO DE REFEI\u00c7\u00d5ES DESTINADAS A SERVIDORES E\/OU EMPREGADOS, DO INSTITUTO DE BOT\u00c2NICA, ASSEGURANDO UMA ALIMENTA\u00c7\u00c3O BALANCEADA E EM CONDI\u00c7\u00d5ES HIGI\u00caNICO-SANIT\u00c1RIAS ADEQUADAS\u201d, COM A QUANTIDADE ESTIMADA DE 150 (CENTO E CINQUENTA) REFEI\u00c7\u00d5ES DI\u00c1RIAS<\/b><\/strong><br \/>\nDATA DE REALIZA\u00c7\u00c3O DA SESS\u00c3O P\u00daBLICA: Dia 02\/09\/2014<br \/>\nHOR\u00c1RIO: \u00e0s 09:30 horas.<\/p>\n<\/td>\n<\/tr>\n<tr>\n<th style=\"text-align: left\" align=\"middle\"><strong><a href=\"https:\/\/www.infraestruturameioambiente.sp.gov.br\/institutodebotanica\/wp-content\/uploads\/sites\/235\/2014\/09\/edital-21_2014.pdf\">EDITAL<\/a> &#8211; PREG\u00c3O ELETR\u00d4NICO N\u00ba 21\/2014<br \/>\n<\/strong><\/th>\n<\/tr>\n<tr>\n<td style=\"text-align: left\" align=\"middle\">\n<p style=\"text-align: justify\"><strong>OBJETIVANDO\u00a0A COMPRA DE EQUIPAMENTO PARA USO NOS\u00a0LABORAT\u00d3RIOS DO INSTITUTO DE BOT\u00c2NICA<\/strong><br \/>\nDATA DE REALIZA\u00c7\u00c3O DA SESS\u00c3O P\u00daBLICA: Dia 24\/09\/2014<br \/>\nHOR\u00c1RIO: \u00e0s 09:30 horas.<\/p>\n<\/td>\n<\/tr>\n<tr>\n<th style=\"text-align: left\" align=\"middle\"><strong><a href=\"https:\/\/www.infraestruturameioambiente.sp.gov.br\/institutodebotanica\/wp-content\/uploads\/sites\/235\/2014\/09\/edital-22_2014.pdf\">EDITAL<\/a> &#8211; PREG\u00c3O ELETR\u00d4NICO N\u00ba 22\/2014<br \/>\n<\/strong><\/th>\n<\/tr>\n<tr>\n<td style=\"text-align: left\" align=\"middle\">\n<p style=\"text-align: justify\"><strong>OBJETIVANDO\u00a0A COMPRA DE EQUIPAMENTO PARA USO NOS\u00a0LABORAT\u00d3RIOS DO INSTITUTO DE BOT\u00c2NICA<\/strong><br \/>\nDATA DE REALIZA\u00c7\u00c3O DA SESS\u00c3O P\u00daBLICA: Dia 24\/09\/2014<br \/>\nHOR\u00c1RIO: \u00e0s 10:00 horas.<\/p>\n<\/td>\n<\/tr>\n<tr>\n<th style=\"text-align: left\" align=\"middle\"><strong><a href=\"https:\/\/www.infraestruturameioambiente.sp.gov.br\/institutodebotanica\/wp-content\/uploads\/sites\/235\/2014\/09\/edital-23_2014.pdf\">EDITAL<\/a> &#8211; PREG\u00c3O ELETR\u00d4NICO N\u00ba 23\/2014<br \/>\n<\/strong><\/th>\n<\/tr>\n<tr>\n<td style=\"text-align: left\" align=\"middle\">\n<p style=\"text-align: justify\"><strong>OBJETIVANDO\u00a0A LOCA\u00c7\u00c3O DE 160 (CENTO E SESSENTA) EQUIPAMENTOS DE\u00a0INFORM\u00c1TICA (DESKTOPS), CONTEMPLANDO EQUIPAMENTOS ATUALIZADOS PROVIDOS\u00a0DE SOFTWARE, NOBREAK, COM MANUTEN\u00c7\u00c3O \u201cON-SITE\u201d, PARA O INSTITUTO DE\u00a0BOT\u00c2NICA<\/strong><br \/>\nDATA DE REALIZA\u00c7\u00c3O DA SESS\u00c3O P\u00daBLICA: Dia 02\/10\/2014<br \/>\nHOR\u00c1RIO: \u00e0s 09:30 horas.<\/p>\n<\/td>\n<\/tr>\n<tr>\n<th style=\"text-align: left\" align=\"middle\"><strong><a href=\"https:\/\/www.infraestruturameioambiente.sp.gov.br\/institutodebotanica\/wp-content\/uploads\/sites\/235\/2014\/10\/edital-24_2014.pdf\">EDITAL<\/a> &#8211; PREG\u00c3O ELETR\u00d4NICO N\u00ba 24\/2014<br \/>\n<\/strong><\/th>\n<\/tr>\n<tr>\n<td style=\"text-align: left\" align=\"middle\">\n<p style=\"text-align: justify\"><strong>OBJETIVANDO\u00a0<b>PRESTA\u00c7\u00c3O DE SERVI\u00c7OS DE CONTROLE, OPERA\u00c7\u00c3O E FISCALIZA\u00c7\u00c3O DE PORTARIAS E EDIF\u00cdCIOS COM A EFETIVA COBERTURA DOS POSTOS DESIGNADOS<\/b>, <b>NO \u00c2MBITO DO INSTITUTO DE BOT\u00c2NICA E JARDIM BOT\u00c2NICO DE S\u00c3O PAULO\u00a0<\/b><\/strong><br \/>\nDATA DE REALIZA\u00c7\u00c3O DA SESS\u00c3O P\u00daBLICA: Dia 23\/10\/2014<br \/>\nHOR\u00c1RIO: \u00e0s 09:30 horas.<\/p>\n<p style=\"text-align: justify\"><strong><span style=\"text-align: left;line-height: 1.5em;color: #ff0000\">O INSTITUTO DE BOT\u00c2NICA DA SECRETARIA DO MEIO AMBIENTE TORNA P\u00daBLICO E CONVIDA OS INTERESSADOS PARA A RETOMADA DA SESS\u00c3O P\u00daBLICA DA LICITA\u00c7\u00c3O NA MODALIDADE PREG\u00c3O ELETR\u00d4NICO N\u00ba 24\/2014, PROCESSO N\u00ba 7.259\/2014, DESTINADA \u00c0 CONTRATA\u00c7\u00c3O DE SERVI\u00c7OS DE CONTROLE, OPERA\u00c7\u00c3O E FISCALIZA\u00c7\u00c3O DE PORTARIAS E EDIF\u00cdCIOS DO INSTITUTO DE BOT\u00c2NICA E JARDIM BOT\u00c2NICO DE S\u00c3O PAULO. A SESS\u00c3O P\u00daBLICA DE RETOMADA DO CERTAME DAR-SE-\u00c1 NO DIA 01\/12\/2014 \u00c0S 09H00, NO SITE WWW.BEC.SP.GOV.BR, WWW.IBOT.SP.GOV.BR, WWW.IMESP.COM.BR<\/span><\/strong><\/p>\n<p><strong><span style=\"color: #ff0000\">OP\u00c7\u00c3O E-NEGOCIOSPUBLICOS, ATRAV\u00c9S DA OFERTA DE COMPRA 260106000012014OC00087<\/span><\/strong><\/td>\n<\/tr>\n<tr>\n<th style=\"text-align: left\" align=\"middle\"><strong><a href=\"https:\/\/www.infraestruturameioambiente.sp.gov.br\/institutodebotanica\/wp-content\/uploads\/sites\/235\/2014\/10\/edital-25_2014.pdf\">EDITAL<\/a> &#8211; PREG\u00c3O ELETR\u00d4NICO N\u00ba 25\/2014<br \/>\n<\/strong><\/th>\n<\/tr>\n<tr>\n<td style=\"text-align: left\" align=\"middle\">\n<p style=\"text-align: justify\"><strong>OBJETIVANDO\u00a0A PRESTA\u00c7\u00c3O DE SERVI\u00c7OS DE GERENCIAMENTO DO ABASTECIMENTO DE COMBUST\u00cdVEIS DE VE\u00cdCULOS PRESTADOS POR POSTOS CREDENCIADOS, POR MEIO DA IMPLANTA\u00c7\u00c3O E OPERA\u00c7\u00c3O DE UM SISTEMA INFORMATIZADO E INTEGRADO COM UTILIZA\u00c7\u00c3O DE CART\u00c3O DE PAGAMENTO MAGN\u00c9TICO OU MICRO PROCESSADO E DISPONIBILIZA\u00c7\u00c3O DE REDE CREDENCIADA DE POSTOS DE COMBUST\u00cdVEL, COMPREENDENDO A DISTRIBUI\u00c7\u00c3O DE: ETANOL, GASOLINA COMUM, DIESEL E BIODIESEL, PARA M\u00c1QUINAS DE JARDINAGEM MOVIDAS A GASOLINA PARA A FROTA DE VE\u00cdCULOS AUTOMOTORES DO CONTRATANTE \u2013 INSTITUTO DE BOT\u00c2NICA<\/strong><br \/>\nDATA DE REALIZA\u00c7\u00c3O DA SESS\u00c3O P\u00daBLICA: Dia 28\/10\/2014<br \/>\nHOR\u00c1RIO: \u00e0s 09:30 horas.<\/p>\n<\/td>\n<\/tr>\n<\/tbody>\n<\/table>\n","protected":false},"excerpt":{"rendered":"<p>EDITAL &#8211; PREG\u00c3O ELETR\u00d4NICO N\u00ba 01\/2014 OBJETIVANDO A COMPRA DE \u00c1GUA MINERAL NATURAL SEM\u00a0G\u00c1S, COM ENTREGA PARCELADA. DATA DE REALIZA\u00c7\u00c3O DA SESS\u00c3O P\u00daBLICA: Dia 05\/02\/2014 HOR\u00c1RIO: \u00e0s 09:30 horas. EDITAL &#8211; PREG\u00c3O ELETR\u00d4NICO N\u00ba 02\/2014 OBJETIVANDO A COMPRA DE 01 (UM) MICROTRATOR TIPO GIRO ZERO. DATA DE REALIZA\u00c7\u00c3O DA SESS\u00c3O P\u00daBLICA: Dia 18\/02\/2014 HOR\u00c1RIO: \u00e0s [&hellip;]<\/p>\n","protected":false},"author":39,"featured_media":0,"parent":0,"menu_order":4,"comment_status":"closed","ping_status":"closed","template":"","meta":[],"_links":{"self":[{"href":"https:\/\/www.infraestruturameioambiente.sp.gov.br\/institutodebotanica\/wp-json\/wp\/v2\/pages\/16344"}],"collection":[{"href":"https:\/\/www.infraestruturameioambiente.sp.gov.br\/institutodebotanica\/wp-json\/wp\/v2\/pages"}],"about":[{"href":"https:\/\/www.infraestruturameioambiente.sp.gov.br\/institutodebotanica\/wp-json\/wp\/v2\/types\/page"}],"author":[{"embeddable":true,"href":"https:\/\/www.infraestruturameioambiente.sp.gov.br\/institutodebotanica\/wp-json\/wp\/v2\/users\/39"}],"replies":[{"embeddable":true,"href":"https:\/\/www.infraestruturameioambiente.sp.gov.br\/institutodebotanica\/wp-json\/wp\/v2\/comments?post=16344"}],"version-history":[{"count":52,"href":"https:\/\/www.infraestruturameioambiente.sp.gov.br\/institutodebotanica\/wp-json\/wp\/v2\/pages\/16344\/revisions"}],"predecessor-version":[{"id":18026,"href":"https:\/\/www.infraestruturameioambiente.sp.gov.br\/institutodebotanica\/wp-json\/wp\/v2\/pages\/16344\/revisions\/18026"}],"wp:attachment":[{"href":"https:\/\/www.infraestruturameioambiente.sp.gov.br\/institutodebotanica\/wp-json\/wp\/v2\/media?parent=16344"}],"curies":[{"name":"wp","href":"https:\/\/api.w.org\/{rel}","templated":true}]}}