{"id":15718,"date":"2013-09-20T16:09:42","date_gmt":"2013-09-20T19:09:42","guid":{"rendered":"https:\/\/www.infraestruturameioambiente.sp.gov.br\/institutodebotanica\/?page_id=15718"},"modified":"2014-02-13T15:52:20","modified_gmt":"2014-02-13T17:52:20","slug":"editais","status":"publish","type":"page","link":"https:\/\/www.infraestruturameioambiente.sp.gov.br\/institutodebotanica\/editais-2014\/editais\/","title":{"rendered":"Editais 2013"},"content":{"rendered":"<table border=\"0\">\n<tbody>\n<tr>\n<th style=\"text-align: left\" align=\"middle\"><strong><a href=\"https:\/\/www.infraestruturameioambiente.sp.gov.br\/institutodebotanica\/wp-content\/uploads\/sites\/235\/2013\/09\/edital2013_01.pdf\">EDITAL<\/a> &#8211; PREG\u00c3O ELETR\u00d4NICO N\u00ba 01\/2013<\/strong><\/th>\n<\/tr>\n<tr>\n<td style=\"text-align: left\" align=\"middle\"><strong> OBJETIVANDO A CONTRATA\u00c7\u00c3O DE EMPRESA PARA FORNECIMENTO DE \u00c1GUA MINERAL NATURAL SEM GAS.<\/strong><br \/>\nDATA DE REALIZA\u00c7\u00c3O DA SESS\u00c3O P\u00daBLICA: Dia 04\/03\/2013<br \/>\nHOR\u00c1RIO: \u00e0s 10:00 horas.<\/td>\n<\/tr>\n<tr>\n<th style=\"text-align: left\" align=\"middle\"><strong><a href=\"https:\/\/www.infraestruturameioambiente.sp.gov.br\/institutodebotanica\/wp-content\/uploads\/sites\/235\/2013\/09\/edital2013_02.pdf\">EDITAL<\/a> &#8211; PREG\u00c3O ELETR\u00d4NICO N\u00ba 02\/2013<\/strong><\/th>\n<\/tr>\n<tr>\n<td style=\"text-align: left\" align=\"middle\"><strong> OBJETIVANDO A AQUISI\u00c7\u00c3O DE DOIS VE\u00cdCULOS UM VE\u00cdCULO DO GRUPO S-2 UTILIT\u00c1RIO ESPORTIVO E OUTRO DO GRUPO S-1 TIPO SEDAN, PARA O N\u00daCLEO DE ADMINISTRA\u00c7\u00c3O DE SUBFROTA DO INSTITUTO DE BOT\u00c2NICA.<\/strong><br \/>\nDATA DE REALIZA\u00c7\u00c3O DA SESS\u00c3O P\u00daBLICA: Dia 07\/03\/2013<br \/>\nHOR\u00c1RIO: \u00e0s 10:00 horas.<\/td>\n<\/tr>\n<tr>\n<th style=\"text-align: left\" align=\"middle\"><strong><a href=\"https:\/\/www.infraestruturameioambiente.sp.gov.br\/institutodebotanica\/wp-content\/uploads\/sites\/235\/2013\/09\/edital2013_03.pdf\">EDITAL<\/a> &#8211; PREG\u00c3O ELETR\u00d4NICO N\u00ba 03\/2013<\/strong><\/th>\n<\/tr>\n<tr>\n<td style=\"text-align: left\" align=\"middle\"><strong> OBJETIVANDO A CONTRATA\u00c7\u00c3O DE SERVI\u00c7OS SEGURO TOTAL DE 18 (dezoito) VEICULOS AUTOMOTIVOS PERTENCENTES AO N\u00daCLEO DE ADMINISTRA\u00c7\u00c3O DE SUBFROTA DO INSTITUTO DE BOT\u00c2NICA.<\/strong><br \/>\nDATA DE REALIZA\u00c7\u00c3O DA SESS\u00c3O P\u00daBLICA: Dia 13\/03\/2013<br \/>\nHOR\u00c1RIO: \u00e0s 10:00 horas.<\/td>\n<\/tr>\n<tr>\n<th style=\"text-align: left\" align=\"middle\"><strong><a href=\"https:\/\/www.infraestruturameioambiente.sp.gov.br\/institutodebotanica\/wp-content\/uploads\/sites\/235\/2013\/09\/edital2013_04.pdf\">EDITAL<\/a> &#8211; PREG\u00c3O ELETR\u00d4NICO N\u00ba 04\/2013<\/strong><\/th>\n<\/tr>\n<tr>\n<td style=\"text-align: left\" align=\"middle\"><strong> OBJETIVANDO A COMPRA DE 01 (UM) TRATOR DE RODAS.<\/strong><br \/>\nDATA DE REALIZA\u00c7\u00c3O DA SESS\u00c3O P\u00daBLICA: Dia 18\/03\/2013<br \/>\nHOR\u00c1RIO: \u00e0s 10:00 horas.<\/td>\n<\/tr>\n<tr>\n<th style=\"text-align: left\" align=\"middle\"><strong><a href=\"https:\/\/www.infraestruturameioambiente.sp.gov.br\/institutodebotanica\/wp-content\/uploads\/sites\/235\/2013\/09\/edital2013_05.pdf\">EDITAL<\/a> &#8211; PREG\u00c3O ELETR\u00d4NICO N\u00ba 05\/2013<\/strong><\/th>\n<\/tr>\n<tr>\n<td style=\"text-align: left\" align=\"middle\"><strong> OBJETIVANDO A AQUISI\u00c7\u00c3O DE 01 (UM) VEICULO DO GRUPO S-1 TIPO SEDAN, PARA O N\u00daCLEO DE ADMINISTRA\u00c7\u00c3O DE SUBFROTA DO INSTITUTO DE BOT\u00c2NICA.<\/strong><br \/>\nDATA DE REALIZA\u00c7\u00c3O DA SESS\u00c3O P\u00daBLICA: Dia 26\/03\/2013<br \/>\nHOR\u00c1RIO: \u00e0s 09:30 horas.<\/td>\n<\/tr>\n<tr>\n<th style=\"text-align: left\" align=\"middle\"><strong><a href=\"https:\/\/www.infraestruturameioambiente.sp.gov.br\/institutodebotanica\/wp-content\/uploads\/sites\/235\/2013\/09\/edital2013_06.pdf\">EDITAL<\/a> &#8211; PREG\u00c3O ELETR\u00d4NICO N\u00ba 06\/2013<\/strong><\/th>\n<\/tr>\n<tr>\n<td style=\"text-align: left\" align=\"middle\"><strong> OBJETIVANDO A EXECU\u00c7\u00c3O DE SERVI\u00c7OS DE CONSERVA\u00c7\u00c3O E MANUTEN\u00c7\u00c3O PREDIAL, BEM COMO PEQUENOS SERVI\u00c7OS DE ADEQUA\u00c7\u00c3O DA INFRAESTRUTURA NAS DEPEND\u00caNCIAS DO INSTITUTO DE BOT\u00c2NICA.<\/strong><br \/>\nDATA DE REALIZA\u00c7\u00c3O DA SESS\u00c3O P\u00daBLICA: Dia 18\/04\/2013<br \/>\nHOR\u00c1RIO: \u00e0s 09:30 horas.<\/td>\n<\/tr>\n<tr>\n<th style=\"text-align: left\" align=\"middle\"><strong><a href=\"https:\/\/www.infraestruturameioambiente.sp.gov.br\/institutodebotanica\/wp-content\/uploads\/sites\/235\/2013\/09\/edital2013_07.pdf\">EDITAL<\/a> &#8211; PREG\u00c3O ELETR\u00d4NICO N\u00ba 07\/2013<\/strong><\/th>\n<\/tr>\n<tr>\n<td style=\"text-align: left\" align=\"middle\"><strong> OBJETIVANDO A CONTRATA\u00c7\u00c3O DE EMPRESA ESPECIALIZADA PARA FORNECIMENTO E INSTALA\u00c7\u00c3O DE PORTAS E PAIN\u00c9IS DE VIDRO TEMPERADO NO PR\u00c9DIO DO N\u00daCLEO DE PESQUISA CURADORIA DO HERB\u00c1RIO DE S\u00c3O PAULO.<\/strong><br \/>\nDATA DE REALIZA\u00c7\u00c3O DA SESS\u00c3O P\u00daBLICA: Dia 22\/04\/2013<br \/>\nHOR\u00c1RIO: \u00e0s 09:30 horas.<\/td>\n<\/tr>\n<tr>\n<th style=\"text-align: left\" align=\"middle\"><strong><a href=\"https:\/\/www.infraestruturameioambiente.sp.gov.br\/institutodebotanica\/wp-content\/uploads\/sites\/235\/2013\/09\/edital2013_08.pdf\">EDITAL<\/a> &#8211; PREG\u00c3O ELETR\u00d4NICO N\u00ba 08\/2013<\/strong><\/th>\n<\/tr>\n<tr>\n<td style=\"text-align: left\" align=\"middle\"><strong> OBJETIVANDO A CONTRATA\u00c7\u00c3O DE EMPRESA ESPECIALIZADA EM SERVI\u00c7OS DE MANUTEN\u00c7\u00c3O CORRETIVA E PREVENTIVA DA CENTRAL DE PABX NEAX 2000 IPS.<\/strong><br \/>\nDATA DE REALIZA\u00c7\u00c3O DA SESS\u00c3O P\u00daBLICA: Dia 02\/05\/2013<br \/>\nHOR\u00c1RIO: \u00e0s 09:30 horas.<\/td>\n<\/tr>\n<tr>\n<th style=\"text-align: left\" align=\"middle\"><strong><a href=\"https:\/\/www.infraestruturameioambiente.sp.gov.br\/institutodebotanica\/wp-content\/uploads\/sites\/235\/2013\/09\/edital2013_09.pdf\">EDITAL<\/a> &#8211; PREG\u00c3O ELETR\u00d4NICO N\u00ba 09\/2013<\/strong><\/th>\n<\/tr>\n<tr>\n<td style=\"text-align: left\" align=\"middle\"><strong> OBJETIVANDO A CONTRATA\u00c7\u00c3O DE EMPRESA ESPECIALIZADA EM LOCA\u00c7\u00c3O DE ESTRUTURA E EQUIPAMENTOS A SEREM UTILIZADOS NO V SIMP\u00d3SIO DE RESTAURA\u00c7\u00c3O ECOL\u00d3GICA: POL\u00cdTICAS P\u00daBLICAS PARA A CONSERVA\u00c7\u00c3O DA BIODIVERSIDADE, A SER REALIZADO NO PERI\u00d3DO DE 04 A 08 DE NOVEMBRO DE 2013.<\/strong><br \/>\nDATA DE REALIZA\u00c7\u00c3O DA SESS\u00c3O P\u00daBLICA: Dia 31\/07\/2013<br \/>\nHOR\u00c1RIO: \u00e0s 10:00 horas.<\/td>\n<\/tr>\n<tr>\n<th style=\"text-align: left\" align=\"middle\"><strong><a href=\"https:\/\/www.infraestruturameioambiente.sp.gov.br\/institutodebotanica\/wp-content\/uploads\/sites\/235\/2013\/09\/edital2013_10.pdf\">EDITAL<\/a> &#8211; PREG\u00c3O ELETR\u00d4NICO N\u00ba 10\/2013<\/strong><\/th>\n<\/tr>\n<tr>\n<td style=\"text-align: left\" align=\"middle\"><strong> OBJETIVANDO A CONTRATA\u00c7\u00c3O DE EMPRESA PARA SERVI\u00c7OS DE CONFEC\u00c7\u00c3O DE KIT DIVULGA\u00c7\u00c3O PARA DISTRIBUI\u00c7\u00c3O NO V SIMP\u00d3SIO DE RESTAURA\u00c7\u00c3O ECOL\u00d3GICA: POL\u00cdTICAS P\u00daBLICAS PARA A CONSERVA\u00c7\u00c3O DA BIODIVERSIDADE, A SER REALIZADO NO PERI\u00d3DO DE 04 A 08 DE NOVEMBRO DE 2013.<\/strong><br \/>\nDATA DE REALIZA\u00c7\u00c3O DA SESS\u00c3O P\u00daBLICA: Dia 01\/08\/2013<br \/>\nHOR\u00c1RIO: \u00e0s 10:00 horas.<\/td>\n<\/tr>\n<tr>\n<th style=\"text-align: left\" align=\"middle\"><strong><a href=\"https:\/\/www.infraestruturameioambiente.sp.gov.br\/institutodebotanica\/wp-content\/uploads\/sites\/235\/2013\/09\/edital2013_11.pdf\">EDITAL<\/a> &#8211; PREG\u00c3O ELETR\u00d4NICO N\u00ba 11\/2013<\/strong><\/th>\n<\/tr>\n<tr>\n<td style=\"text-align: left\" align=\"middle\"><strong> OBJETIVANDO A CONTRATA\u00c7\u00c3O DE SERVI\u00c7OS DE CONFEC\u00c7\u00c3O E INSTALA\u00c7\u00c3O DE MOBILI\u00c1RIO NAS NOVAS DEPEND\u00caNCIAS DO N\u00daCLEO DE PESQUISA CURADORIA DO HERB\u00c1RIO DE S\u00c3O PAULO.<\/strong><br \/>\nDATA DE REALIZA\u00c7\u00c3O DA SESS\u00c3O P\u00daBLICA: Dia 14\/08\/2013<br \/>\nHOR\u00c1RIO: \u00e0s 10:00 horas.<\/td>\n<\/tr>\n<tr>\n<th style=\"text-align: left\" align=\"middle\"><strong><a href=\"https:\/\/www.infraestruturameioambiente.sp.gov.br\/institutodebotanica\/wp-content\/uploads\/sites\/235\/2013\/09\/edital2013_12.pdf\">EDITAL<\/a> &#8211; PREG\u00c3O ELETR\u00d4NICO N\u00ba 12\/2013<\/strong><\/th>\n<\/tr>\n<tr>\n<td style=\"text-align: left\" align=\"middle\"><strong> OBJETIVANDO A CONTRATA\u00c7\u00c3O DE SERVI\u00c7OS DE MANUTEN\u00c7\u00c3O E CONSERVA\u00c7\u00c3O DE \u00c1REAS VERDES DO INSTITUTO DE BOT\u00c2NICA, COM FORNECIMENTO DE MATERIAL E EQUIPAMENTOS.<\/strong><br \/>\nDATA DE REALIZA\u00c7\u00c3O DA SESS\u00c3O P\u00daBLICA: Dia 05\/09\/2013<br \/>\nHOR\u00c1RIO: \u00e0s 10:00 horas.<\/td>\n<\/tr>\n<tr>\n<th style=\"text-align: left\" align=\"middle\"><strong>PREG\u00c3O PRESENCIAL N\u00ba 13\/2013 &#8211; PROCESSO SMA N\u00b0 4397\/2013<\/strong><\/th>\n<\/tr>\n<tr>\n<td style=\"text-align: left\" align=\"middle\"><strong> &#8221; CANCELAMENTO &#8220;<\/strong><br \/>\nFICA CANCELADO O PREG\u00c3O PRESENCIAL N\u00b0 13\/2013, QUE TERIA A SUA ABERTURA PARA O DIA 02\/09\/2013, \u00c1S 10:00 HORAS, EM VIRTUDE DE TER SIDO REALIZADA REVIS\u00c3O GERAL NOS LOTES &#8211; MEMORIAL DESCRITIVO ANEXO I QUE INTEGRA O EDITAL. INFORMAMOS QUE A NOVA ABERTURA SER\u00c1 EM BREVE.<\/td>\n<\/tr>\n<tr>\n<th style=\"text-align: left\" align=\"middle\"><strong><a href=\"https:\/\/www.infraestruturameioambiente.sp.gov.br\/institutodebotanica\/wp-content\/uploads\/sites\/235\/2013\/09\/edital2013_presencial-14.pdf\">EDITAL<\/a> &#8211; PREG\u00c3O PRESENCIAL N\u00ba 14\/2013<\/strong><\/th>\n<\/tr>\n<tr>\n<td style=\"text-align: left\" align=\"middle\"><strong> OBJETIVANDO A COMPRA DE MATERIAIS DE LABORAT\u00d3RIO (REAGENTES, VIDRARIAS, ETC.).<\/strong><br \/>\nDATA DE REALIZA\u00c7\u00c3O DA SESS\u00c3O P\u00daBLICA: Dia 19\/09\/2013<br \/>\nHOR\u00c1RIO: \u00e0s 10:00 horas<strong>RETIFICA\u00c7\u00c3O:<\/strong> NO LOTE N\u00b0 03 &#8211; ITEM 08, ONDE SE L\u00ca: 1 UG &#8211; LEIA-SE 100 UG.<br \/>\n<strong><a href=\"https:\/\/www.infraestruturameioambiente.sp.gov.br\/institutodebotanica\/wp-content\/uploads\/sites\/235\/2013\/09\/edital2013_ata_presencial-14.pdf\">ATA DA SESS\u00c3O P\u00daBLICA<\/a><\/strong><\/td>\n<\/tr>\n<tr>\n<th style=\"text-align: left\" align=\"middle\"><strong><a href=\"https:\/\/www.infraestruturameioambiente.sp.gov.br\/institutodebotanica\/wp-content\/uploads\/sites\/235\/2013\/09\/edital2013_15.pdf\">EDITAL<\/a> &#8211; PREG\u00c3O ELETR\u00d4NICO N\u00ba 15\/2013<\/strong><\/th>\n<\/tr>\n<tr>\n<td style=\"text-align: left\" align=\"middle\"><strong> OBJETIVANDO A CONTRATA\u00c7\u00c3O DE EMPRESA ESPECIALIZADA PARA PRESTA\u00c7\u00c3O DE SERVI\u00c7OS DE DESINFESTA\u00c7\u00c3O (CONTROLE DE PRAGAS E DOEN\u00c7AS) DAS COLE\u00c7\u00d5ES VIVAS DO INSTITUTO, CONTEMPLANDO OS N\u00daCLEOS DE PESQUISA ORQUID\u00c1RIO DO ESTADO, ORNAMENTAIS, MANUTEN\u00c7\u00c3O DE PARQUES E JARDINS (JBSP, SETOR DE PRODU\u00c7\u00c3O DE MUDAS E VIVEIRO TAMBORIL).<\/strong><br \/>\nDATA DE REALIZA\u00c7\u00c3O DA SESS\u00c3O P\u00daBLICA: Dia 23\/09\/2013<br \/>\nHOR\u00c1RIO: \u00e0s 10:00 horas.<\/td>\n<\/tr>\n<tr>\n<th style=\"text-align: left\" align=\"middle\"><strong><a href=\"https:\/\/www.infraestruturameioambiente.sp.gov.br\/institutodebotanica\/wp-content\/uploads\/sites\/235\/2013\/09\/edital2013_16.pdf\">EDITAL<\/a> &#8211; PREG\u00c3O ELETR\u00d4NICO N\u00ba 16\/2013<\/strong><\/th>\n<\/tr>\n<tr>\n<td style=\"text-align: left\" align=\"middle\"><strong> OBJETIVANDO A CONTRATA\u00c7\u00c3O DE SERVI\u00c7OS DE TELEFONIA FIXA LOCAL E LONGA DIST\u00c2NCIA, DESTINADOS AO TR\u00c1FEGO DE CHAMADAS ENTRE A REDE P\u00daBLICA DE TELEFONIA E O INSTITUTO DE BOT\u00c2NICA.<\/strong><br \/>\nDATA DE REALIZA\u00c7\u00c3O DA SESS\u00c3O P\u00daBLICA: Dia 23\/09\/2013<br \/>\nHOR\u00c1RIO: \u00e0s 14:30 horas.<strong>RETIFICA\u00c7\u00c3O DO PREG\u00c3O ELETRONICO N\u00b0 16\/2013 \u2013 PROCESSO SMA N\u00b0 4301\/2013.<\/strong><br \/>\nPUBLICADO NOVAMENTE O EDITAL POR TER SAIDO COM INCORRE\u00c7\u00d5ES, E PUBLICADO NA BOLSA ELETRONICA DE COMPRAS SEM DEVOLU\u00c7\u00c3O DE PRAZOS.<\/td>\n<\/tr>\n<tr>\n<th style=\"text-align: left\" align=\"middle\"><strong><a href=\"https:\/\/www.infraestruturameioambiente.sp.gov.br\/institutodebotanica\/wp-content\/uploads\/sites\/235\/2013\/12\/edital-17.pdf\">EDITAL<\/a> &#8211; PREG\u00c3O ELETR\u00d4NICO N\u00ba 17\/2013<\/strong><\/th>\n<\/tr>\n<tr>\n<td style=\"text-align: left\" align=\"middle\"><strong>OBJETIVANDO A CONTRATA\u00c7\u00c3O DE PRESTA\u00c7\u00c3O DE SERVI\u00c7OS DE BUFFET, EM REGIME DE EMPREITADA POR PRE\u00c7OS UNIT\u00c1RIOS.<\/strong><br \/>\nDATA DE REALIZA\u00c7\u00c3O DA SESS\u00c3O P\u00daBLICA: Dia 10\/10\/2013<br \/>\nHOR\u00c1RIO: \u00e0s 10:00 horas.<strong>REPUBLICADO NOVAMENTE POR TER SAIDO COM INCORRE\u00c7\u00d5ES ITEM V \u2013 DA SESS\u00c3O P\u00daBLICA E DO JULGAMENTO \u2013 ITEM 4.1.1.<\/strong>4.1.1. Os lances dever\u00e3o ser formulados em valores distintos e decrescentes, inferiores \u00e0 proposta de menor pre\u00e7o, observada a redu\u00e7\u00e3o m\u00ednima entre eles de acordo com os respectivos itens:<strong> item 1: R$ 0,03 (tres centavos); item 2: R$ 0,02 (dois centavos); item 3: R$ 0,05 (cinco centavos)<\/strong> aplic\u00e1vel inclusive, em rela\u00e7\u00e3o ao primeiro formulado, prevalecendo o primeiro lance recebido, quando ocorrerem 2 (dois) ou mais lances do mesmo valor.<\/td>\n<\/tr>\n<tr>\n<th style=\"text-align: left\" align=\"middle\"><strong><a href=\"https:\/\/www.infraestruturameioambiente.sp.gov.br\/institutodebotanica\/wp-content\/uploads\/sites\/235\/2013\/09\/edital2013_18.pdf\">EDITAL<\/a> &#8211; PREG\u00c3O ELETR\u00d4NICO N\u00ba 18\/2013<\/strong><\/th>\n<\/tr>\n<tr>\n<td style=\"text-align: left\" align=\"middle\"><strong> OBJETIVANDO A CONTRATA\u00c7\u00c3O DE SERVI\u00c7OS DE MANUTEN\u00c7\u00c3O E CONSERVA\u00c7\u00c3O DE \u00c1REAS VERDES DO INSTITUTO DE BOT\u00c2NICA.<\/strong><br \/>\nDATA DE REALIZA\u00c7\u00c3O DA SESS\u00c3O P\u00daBLICA: Dia 02\/10\/2013<br \/>\nHOR\u00c1RIO: \u00e0s 10:00 horas.<\/td>\n<\/tr>\n<tr>\n<th style=\"text-align: left\" align=\"middle\"><strong><a href=\"https:\/\/www.infraestruturameioambiente.sp.gov.br\/institutodebotanica\/wp-content\/uploads\/sites\/235\/2013\/12\/edital2013_19.pdf\">EDITAL<\/a> &#8211; PREG\u00c3O ELETR\u00d4NICO N\u00ba 19\/2013<\/strong><\/th>\n<\/tr>\n<tr>\n<td style=\"text-align: left\" align=\"middle\"><strong> OBJETIVANDO A CONTRATA\u00c7\u00c3O DE SERVI\u00c7OS DE LOCA\u00c7\u00c3O, INSTALA\u00c7\u00c3O, MANUTEN\u00c7\u00c3O E MONITORAMENTO REMOTO DE CFTV (CIRCUITO FECHADO DE TELEVIS\u00c3O), PARA AS DIVERSAS \u00c1REAS DO INSTITUTO DE BOT\u00c2NICA.<\/strong><br \/>\nDATA DE REALIZA\u00c7\u00c3O DA SESS\u00c3O P\u00daBLICA: Dia 07\/10\/2013<br \/>\nHOR\u00c1RIO: \u00e0s 10:00 horas.<strong>RETIFICA\u00c7\u00c3O DO PREG\u00c3O ELETRONICO N\u00b0 19\/2013<\/strong>\u00a0&#8211; RETIRANDO O TERMO &#8221; MONITORAMENTO REMOTO&#8221;, POIS O MESMO N\u00c3O EST\u00c1 SENDO CONTRATADO.<strong>RETIFICA\u00c7\u00c3O DO EDITAL PREG\u00c3O ELETRONICO N\u00b0 19\/2013 &#8211;<\/strong>\u00a0PUBLICADO NO D.O DE 24\/09\/2013 &#8211; REPUBLICADO NOVAMENTE POR TER SAIDO COM INCORRE\u00c7\u00d5ES &#8211; PLANILHA DE QUANTIDADES.<\/td>\n<\/tr>\n<tr>\n<th style=\"text-align: left\" align=\"middle\"><strong><a href=\"https:\/\/www.infraestruturameioambiente.sp.gov.br\/institutodebotanica\/wp-content\/uploads\/sites\/235\/2013\/12\/edital2013_20.pdf\">EDITAL<\/a> &#8211; PREG\u00c3O ELETR\u00d4NICO N\u00ba 20\/2013<\/strong><\/th>\n<\/tr>\n<tr>\n<td style=\"text-align: left\" align=\"middle\"><strong>OBJETIVANDO A CONTRATA\u00c7\u00c3O DE EMPRESA PARA SERVI\u00c7OS DE FORNECIMENTO E INSTALA\u00c7\u00c3O DE MANTA ASF\u00c1LTICA EM COBERTURA DE DOIS EDIFICIOS DO INSTITUTO DE BOT\u00c2NICA.<\/strong><br \/>\nDATA DE REALIZA\u00c7\u00c3O DA SESS\u00c3O P\u00daBLICA: Dia 18\/10\/2013<br \/>\nHOR\u00c1RIO: \u00e0s 10:00 horas<\/td>\n<\/tr>\n<tr>\n<th style=\"text-align: left\" align=\"middle\"><strong><a href=\"https:\/\/www.infraestruturameioambiente.sp.gov.br\/institutodebotanica\/wp-content\/uploads\/sites\/235\/2013\/12\/edital2013_21.pdf\">EDITAL<\/a> &#8211; PREG\u00c3O ELETR\u00d4NICO N\u00ba 21\/2013<\/strong><\/th>\n<\/tr>\n<tr>\n<td style=\"text-align: left\" align=\"middle\"><strong>OBJETIVANDO A CONTRATA\u00c7\u00c3O DE SERVI\u00c7OS DE PRESTA\u00c7\u00c3O DE SERVI\u00c7OS DE VIGIL\u00c2NCIA ELETR\u00d4NICA, COMPREENDENDO A INSTALA\u00c7\u00c3O, LOCA\u00c7\u00c3O, MANUTEN\u00c7\u00c3O E MONITORAMENTO REMOTO DE ALARMES PERIMETRAIS, CONTROLE DE ACESSO PARA AS DIVERSAS \u00c1REAS DO INSTITUTO DE BOT\u00c2NICA E SERVI\u00c7O DE GERENCIAMENTO DE BILHETERIA DO JARDIM BOT\u00c2NICO.<\/strong><br \/>\nDATA DE REALIZA\u00c7\u00c3O DA SESS\u00c3O P\u00daBLICA: Dia 31\/10\/2013<br \/>\nHOR\u00c1RIO: \u00e0s 09:30 horas<\/td>\n<\/tr>\n<tr>\n<th style=\"text-align: left\" align=\"middle\"><strong><a href=\"https:\/\/www.infraestruturameioambiente.sp.gov.br\/institutodebotanica\/wp-content\/uploads\/sites\/235\/2013\/12\/edital_presencial_2013_22.pdf\">EDITAL<\/a> &#8211; PREG\u00c3O PRESENCIAL N\u00ba 22\/2013<\/strong><\/th>\n<\/tr>\n<tr>\n<td style=\"text-align: left\" align=\"middle\"><strong>OBJETIVANDO A COMPRA DE MATERIAIS DE LABORAT\u00d3RIO (REAGENTES, VIDRARIAS, ETC.).<\/strong><br \/>\nDATA DE REALIZA\u00c7\u00c3O DA SESS\u00c3O P\u00daBLICA: Dia 01\/11\/2013<br \/>\nHOR\u00c1RIO: \u00e0s 09:30 horas<strong>RETIFICA\u00c7\u00c3O DO EDITAL PREG\u00c3O PRESENCIAL N\u00b0 22\/2013 ABERTURA DIA 01\/11\/2013, \u00c0S 9:30 HORAS<\/strong>No Item V &#8211; DO CONTE\u00daDO DO ENVELOPE PROPOSTA, FICA EXCLUIDO A LETRA C.1.<\/td>\n<\/tr>\n<tr>\n<th style=\"text-align: left\" align=\"middle\"><strong><a href=\"https:\/\/www.infraestruturameioambiente.sp.gov.br\/institutodebotanica\/wp-content\/uploads\/sites\/235\/2013\/12\/edital2013_23.pdf\">EDITAL<\/a> &#8211; PREG\u00c3O ELETRONICO N\u00ba 23\/2013<\/strong><\/th>\n<\/tr>\n<tr>\n<td style=\"text-align: left\" align=\"middle\"><strong>OBJETIVANDO A CONTRATA\u00c7\u00c3O DE PRESTA\u00c7\u00c3O DE SERVI\u00c7OS DE VIGIL\u00c2NCIA\/SEGURAN\u00c7A PATRIMONIAL ARMADA COM A EFETIVA COBERTURA DOS POSTOS DESIGNADOS, COM ABRANG\u00caNCIA PARA AS \u00c1REAS DA SEDE DO INSTITUTO DE BOT\u00c2NICA .<\/strong><br \/>\nDATA DE REALIZA\u00c7\u00c3O DA SESS\u00c3O P\u00daBLICA: Dia 05\/11\/2013<br \/>\nHOR\u00c1RIO: \u00e0s 09:30 horas<\/td>\n<\/tr>\n<tr>\n<th style=\"text-align: left\" align=\"middle\"><strong><a href=\"https:\/\/www.infraestruturameioambiente.sp.gov.br\/institutodebotanica\/wp-content\/uploads\/sites\/235\/2013\/12\/edital2013_25.pdf\">EDITAL<\/a> &#8211; PREG\u00c3O ELETRONICO N\u00ba 25\/2013<\/strong><\/th>\n<\/tr>\n<tr>\n<td style=\"text-align: left\" align=\"middle\"><strong>OBJETIVANDO A CONTRATA\u00c7\u00c3O DE PRESTA\u00c7\u00c3O DE SERVI\u00c7OS DE VIGIL\u00c2NCIA ELETR\u00d4NICA, COMPREENDENDO A INSTALA\u00c7\u00c3O, LOCA\u00c7\u00c3O, MANUTEN\u00c7\u00c3O E MONITORAMENTO REMOTO DE ALARMES PERIMETRAIS, CONTROLE DE ACESSO PARA AS DIVERSAS \u00c1REAS DO INSTITUTO DE BOT\u00c2NICA E SERVI\u00c7O DE GERENCIAMENTO DE BILHETERIA DO JARDIM BOT\u00c2NICO .<\/strong><br \/>\nDATA DE REALIZA\u00c7\u00c3O DA SESS\u00c3O P\u00daBLICA: Dia 14\/11\/2013<br \/>\nHOR\u00c1RIO: \u00e0s 09:30 horas<\/td>\n<\/tr>\n<tr>\n<th style=\"text-align: left\" align=\"middle\"><strong><a href=\"https:\/\/www.infraestruturameioambiente.sp.gov.br\/institutodebotanica\/wp-content\/uploads\/sites\/235\/2013\/12\/edital2013_26.pdf\">EDITAL<\/a> &#8211; PREG\u00c3O ELETRONICO N\u00ba 26\/2013<\/strong><\/th>\n<\/tr>\n<tr>\n<td style=\"text-align: left\" align=\"middle\"><strong>OBJETIVANDO A CONTRATA\u00c7\u00c3O DE SERVI\u00c7OS DE MANUTEN\u00c7\u00c3O E CONSERVA\u00c7\u00c3O DE \u00c1REAS VERDES DO INSTITUTO DE BOT\u00c2NICA.<\/strong><br \/>\nDATA DE REALIZA\u00c7\u00c3O DA SESS\u00c3O P\u00daBLICA: Dia 25\/11\/2013<br \/>\nHOR\u00c1RIO: \u00e0s 09:30 horas<\/td>\n<\/tr>\n<tr>\n<th style=\"text-align: left\" align=\"middle\"><strong><a href=\"https:\/\/www.infraestruturameioambiente.sp.gov.br\/institutodebotanica\/wp-content\/uploads\/sites\/235\/2013\/12\/edital2013_28.pdf\">EDITAL<\/a> &#8211; PREG\u00c3O ELETRONICO N\u00ba 28\/2013<\/strong><\/th>\n<\/tr>\n<tr>\n<td style=\"text-align: left\" align=\"middle\"><strong>OBJETIVANDO A COMPRA DE EQUIPAMENTOS PARA USO NOS LABORAT\u00d3RIOS DO INSTITUTO DE BOT\u00c2NICA.<\/strong><br \/>\nDATA DE REALIZA\u00c7\u00c3O DA SESS\u00c3O P\u00daBLICA: Dia 26\/11\/2013<br \/>\nHOR\u00c1RIO: \u00e0s 09:30 horas<\/td>\n<\/tr>\n<tr>\n<th style=\"text-align: left\" align=\"middle\"><strong><a href=\"https:\/\/www.infraestruturameioambiente.sp.gov.br\/institutodebotanica\/wp-content\/uploads\/sites\/235\/2013\/12\/edital2013_29.pdf\">EDITAL<\/a> &#8211; PREG\u00c3O ELETRONICO N\u00ba 29\/2013<\/strong><\/th>\n<\/tr>\n<tr>\n<td style=\"text-align: left\" align=\"middle\"><strong>OBJETIVANDO A COMPRA DE EQUIPAMENTOS PARA USO NOS LABORAT\u00d3RIOS DO INSTITUTO DE BOT\u00c2NICA.<\/strong><br \/>\nDATA DE REALIZA\u00c7\u00c3O DA SESS\u00c3O P\u00daBLICA: Dia 26\/11\/2013<br \/>\nHOR\u00c1RIO: \u00e0s 09:30 horas<\/td>\n<\/tr>\n<tr>\n<th style=\"text-align: left\" align=\"middle\"><strong><a href=\"https:\/\/www.infraestruturameioambiente.sp.gov.br\/institutodebotanica\/wp-content\/uploads\/sites\/235\/2013\/12\/edital2013_30.pdf\">EDITAL<\/a> &#8211; PREG\u00c3O ELETRONICO N\u00ba 30\/2013<\/strong><\/th>\n<\/tr>\n<tr>\n<td style=\"text-align: left\" align=\"middle\"><strong>OBJETIVANDO A COMPRA DE EQUIPAMENTOS PARA USO NOS LABORAT\u00d3RIOS DO INSTITUTO DE BOT\u00c2NICA.<\/strong><br \/>\nDATA DE REALIZA\u00c7\u00c3O DA SESS\u00c3O P\u00daBLICA: Dia 26\/11\/2013<br \/>\nHOR\u00c1RIO: \u00e0s 09:30 horas<\/td>\n<\/tr>\n<tr>\n<th style=\"text-align: left\" align=\"middle\"><strong><a href=\"https:\/\/www.infraestruturameioambiente.sp.gov.br\/institutodebotanica\/wp-content\/uploads\/sites\/235\/2013\/12\/edital2013_31.pdf\">EDITAL<\/a> &#8211; PREG\u00c3O ELETRONICO N\u00ba 31\/2013<\/strong><\/th>\n<\/tr>\n<tr>\n<td style=\"text-align: left\" align=\"middle\"><strong>OBJETIVANDO CONTRATA\u00c7\u00c3O DE SERVI\u00c7OS DE CONFEC\u00c7\u00c3O E INSTALA\u00c7\u00c3O DE MOBILI\u00c1RIO NAS NOVAS DEPEND\u00caNCIAS DO N\u00daCLEO DE PESQUISA CURADORIA DO HERB\u00c1RIO DE S\u00c3O PAULO(COMPLEMENTA\u00c7\u00c3O).<\/strong><br \/>\nDATA DE REALIZA\u00c7\u00c3O DA SESS\u00c3O P\u00daBLICA: Dia 28\/11\/2013<br \/>\nHOR\u00c1RIO: \u00e0s 09:30 horas<\/td>\n<\/tr>\n<tr>\n<th style=\"text-align: left\" align=\"middle\"><strong><a href=\"https:\/\/www.infraestruturameioambiente.sp.gov.br\/institutodebotanica\/wp-content\/uploads\/sites\/235\/2013\/12\/edital2013_32.pdf\">EDITAL<\/a> &#8211; PREG\u00c3O ELETRONICO N\u00ba 32\/2013<\/strong><\/th>\n<\/tr>\n<tr>\n<td style=\"text-align: left\" align=\"middle\"><strong>OBJETIVANDO A CONTRATA\u00c7\u00c3O DE EMPRESA PARA SERVI\u00c7OS DE FORNECIMENTO E INSTALA\u00c7\u00c3O DE MANTA ASF\u00c1LTICA EM COBERTURA DE DOIS EDIFICIOS DO INSTITUTO DE BOT\u00c2NICA.<\/strong><br \/>\nDATA DE REALIZA\u00c7\u00c3O DA SESS\u00c3O P\u00daBLICA: Dia 29\/11\/2013<br \/>\nHOR\u00c1RIO: \u00e0s 09:30 horas<\/td>\n<\/tr>\n<tr>\n<th style=\"text-align: left\" align=\"middle\"><strong><a href=\"https:\/\/www.infraestruturameioambiente.sp.gov.br\/institutodebotanica\/wp-content\/uploads\/sites\/235\/2013\/12\/edital2013_33.pdf\">EDITAL<\/a> &#8211; PREG\u00c3O ELETRONICO N\u00ba 33\/2013<\/strong><\/th>\n<\/tr>\n<tr>\n<td style=\"text-align: left\" align=\"middle\"><strong>OBJETIVANDO A CONTRATA\u00c7\u00c3O DE SERVI\u00c7OS DE PRESTA\u00c7\u00c3O DE SERVI\u00c7OS DE VIGIL\u00c2NCIA ELETR\u00d4NICA, COMPREENDENDO A INSTALA\u00c7\u00c3O, LOCA\u00c7\u00c3O, MANUTEN\u00c7\u00c3O E MONITORAMENTO REMOTO DE ALARMES PERIMETRAIS, CONTROLE DE ACESSO PARA AS DIVERSAS \u00c1REAS DO INSTITUTO DE BOT\u00c2NICA E SERVI\u00c7O DE GERENCIAMENTO DE BILHETERIA DO JARDIM BOT\u00c2NICO.<\/strong><br \/>\nDATA DE REALIZA\u00c7\u00c3O DA SESS\u00c3O P\u00daBLICA: Dia 02\/12\/2013<br \/>\nHOR\u00c1RIO: \u00e0s 09:30 horas<\/td>\n<\/tr>\n<\/tbody>\n<\/table>\n","protected":false},"excerpt":{"rendered":"<p>EDITAL &#8211; PREG\u00c3O ELETR\u00d4NICO N\u00ba 01\/2013 OBJETIVANDO A CONTRATA\u00c7\u00c3O DE EMPRESA PARA FORNECIMENTO DE \u00c1GUA MINERAL NATURAL SEM GAS. DATA DE REALIZA\u00c7\u00c3O DA SESS\u00c3O P\u00daBLICA: Dia 04\/03\/2013 HOR\u00c1RIO: \u00e0s 10:00 horas. EDITAL &#8211; PREG\u00c3O ELETR\u00d4NICO N\u00ba 02\/2013 OBJETIVANDO A AQUISI\u00c7\u00c3O DE DOIS VE\u00cdCULOS UM VE\u00cdCULO DO GRUPO S-2 UTILIT\u00c1RIO ESPORTIVO E OUTRO DO GRUPO S-1 [&hellip;]<\/p>\n","protected":false},"author":58,"featured_media":0,"parent":16344,"menu_order":3,"comment_status":"open","ping_status":"open","template":"","meta":[],"_links":{"self":[{"href":"https:\/\/www.infraestruturameioambiente.sp.gov.br\/institutodebotanica\/wp-json\/wp\/v2\/pages\/15718"}],"collection":[{"href":"https:\/\/www.infraestruturameioambiente.sp.gov.br\/institutodebotanica\/wp-json\/wp\/v2\/pages"}],"about":[{"href":"https:\/\/www.infraestruturameioambiente.sp.gov.br\/institutodebotanica\/wp-json\/wp\/v2\/types\/page"}],"author":[{"embeddable":true,"href":"https:\/\/www.infraestruturameioambiente.sp.gov.br\/institutodebotanica\/wp-json\/wp\/v2\/users\/58"}],"replies":[{"embeddable":true,"href":"https:\/\/www.infraestruturameioambiente.sp.gov.br\/institutodebotanica\/wp-json\/wp\/v2\/comments?post=15718"}],"version-history":[{"count":40,"href":"https:\/\/www.infraestruturameioambiente.sp.gov.br\/institutodebotanica\/wp-json\/wp\/v2\/pages\/15718\/revisions"}],"predecessor-version":[{"id":16353,"href":"https:\/\/www.infraestruturameioambiente.sp.gov.br\/institutodebotanica\/wp-json\/wp\/v2\/pages\/15718\/revisions\/16353"}],"up":[{"embeddable":true,"href":"https:\/\/www.infraestruturameioambiente.sp.gov.br\/institutodebotanica\/wp-json\/wp\/v2\/pages\/16344"}],"wp:attachment":[{"href":"https:\/\/www.infraestruturameioambiente.sp.gov.br\/institutodebotanica\/wp-json\/wp\/v2\/media?parent=15718"}],"curies":[{"name":"wp","href":"https:\/\/api.w.org\/{rel}","templated":true}]}}