{"id":15716,"date":"2013-09-20T16:08:48","date_gmt":"2013-09-20T19:08:48","guid":{"rendered":"https:\/\/www.infraestruturameioambiente.sp.gov.br\/institutodebotanica\/?page_id=15716"},"modified":"2014-02-13T15:52:01","modified_gmt":"2014-02-13T17:52:01","slug":"editais-2012","status":"publish","type":"page","link":"https:\/\/www.infraestruturameioambiente.sp.gov.br\/institutodebotanica\/editais-2014\/editais-2012\/","title":{"rendered":"Editais 2012"},"content":{"rendered":"<table border=\"0\">\n<tbody>\n<tr>\n<th style=\"text-align: left\" align=\"middle\"><strong><a href=\"https:\/\/www.infraestruturameioambiente.sp.gov.br\/institutodebotanica\/wp-content\/uploads\/sites\/235\/2013\/09\/edital2012_tomada-de-pre\u00e7o-01.pdf\">EDITAL<\/a> TOMADA DE PRE\u00c7OS N\u00ba 01\/2012<\/strong><\/th>\n<\/tr>\n<tr>\n<td style=\"text-align: left\" align=\"middle\"><strong> OBJETIVANDO A CONTRATA\u00c7\u00c3O DE SERVI\u00c7OS DE CONSTRU\u00c7\u00c3O DA REDE DE ENERGIA SUBTERR\u00c2NEA.<\/strong><br \/>\nDATA DE REALIZA\u00c7\u00c3O DA SESS\u00c3O P\u00daBLICA: Dia 08\/11\/2012.HOR\u00c1RIO: \u00e0s 10:00 horas<br \/>\nENTREGA DOS ENVELOPES: \u00e0s 9:00 horas.<\/td>\n<\/tr>\n<tr>\n<th style=\"text-align: left\" align=\"middle\"><strong><a href=\"https:\/\/www.infraestruturameioambiente.sp.gov.br\/institutodebotanica\/wp-content\/uploads\/sites\/235\/2013\/09\/edital2012_01.pdf\">EDITAL<\/a> DE PREG\u00c3O ELETR\u00d4NICO N\u00ba 01\/2012<\/strong><\/th>\n<\/tr>\n<tr>\n<td style=\"text-align: left\" align=\"middle\"><strong> OBJETIVANDO CONTRATA\u00c7\u00c3O DE SERVI\u00c7OS SEGURO TOTAL DE 17 (DEZESSETE) VEICULOS AUTOMOTIVOS PERTENCENTES AO N\u00daCLEO DE ADMINISTRA\u00c7\u00c3O DE SUBFROTA DO INSTITUTO DE BOT\u00c2NICA.<\/strong><br \/>\nDATA E HORA DA SESS\u00c3O DE ABERTURA:<br \/>\n13\/02\/2012\u00e0s 10:00 horas.<\/td>\n<\/tr>\n<tr>\n<th style=\"text-align: left\" align=\"middle\"><strong><a href=\"https:\/\/www.infraestruturameioambiente.sp.gov.br\/institutodebotanica\/wp-content\/uploads\/sites\/235\/2013\/09\/edital2012_02.pdf\">EDITAL<\/a>\u00a0DE PREG\u00c3O ELETR\u00d4NICO N\u00ba 02\/2012<\/strong><\/th>\n<\/tr>\n<tr>\n<td style=\"text-align: left\" align=\"middle\"><strong> OBJETIVANDO A CONTRATA\u00c7\u00c3O DE EMPRESA PARA PRESTA\u00c7\u00c3O DE SERVI\u00c7OS ESPECIALIZADOS DE DISPONIBILIZA\u00c7\u00c3O DE EQUIPAMENTOS PARA COLETA E TRANSPORTE DE LIXO COMUM CONSISTENTE EM RES\u00cdDUOS S\u00d3LIDOS, GERADO NAS INSTALA\u00c7\u00d5ES DO INSTITUTO DE BOT\u00c2NICA, TENDO COMO DESTINA\u00c7\u00c3O FINAL OS ATERROS SANIT\u00c1RIOS AUTORIZADOS PELA CETESB.<\/strong><br \/>\nDATA E HORA DA SESS\u00c3O DE ABERTURA:<br \/>\n28\/02\/2012 \u00e0s 10:00 horas.<\/td>\n<\/tr>\n<tr>\n<th style=\"text-align: left\" align=\"middle\"><strong><a href=\"https:\/\/www.infraestruturameioambiente.sp.gov.br\/institutodebotanica\/wp-content\/uploads\/sites\/235\/2013\/09\/edital2012_03.pdf\">EDITAL<\/a>\u00a0DE PREG\u00c3O ELETR\u00d4NICO N\u00ba 03\/2012<\/strong><\/th>\n<\/tr>\n<tr>\n<td style=\"text-align: left\" align=\"middle\"><strong> OBJETIVANDO A PRESTA\u00c7\u00c3O DE SERVI\u00c7OS DE VIGIL\u00c2NCIA\/SEGURAN\u00c7A PATRIMONIAL COM A EFETIVA COBERTURA DOS POSTOS DESIGNADOS, NO \u00c2MBITO DA RESERVA BIOL\u00d3GICA DO ALTO DA SERRA DE PARANAPIACABA.<\/strong><br \/>\nDATA E HORA DA SESS\u00c3O DE ABERTURA:<br \/>\n05\/03\/2012 \u00e0s 09:30 horas.<\/td>\n<\/tr>\n<tr>\n<th style=\"text-align: left\" align=\"middle\"><strong><a href=\"https:\/\/www.infraestruturameioambiente.sp.gov.br\/institutodebotanica\/wp-content\/uploads\/sites\/235\/2013\/09\/edital2012_04.pdf\">EDITAL<\/a>\u00a0DE PREG\u00c3O ELETR\u00d4NICO N\u00ba 04\/2012<\/strong><\/th>\n<\/tr>\n<tr>\n<td style=\"text-align: left\" align=\"middle\"><strong> OBJETIVANDO A CONTRATA\u00c7\u00c3O DE EMPRESA PARA FORNECIMENTO DE \u00c1GUA NATURAL SEM GAS, PARA O EXERCICIO DE 2012, DESTINADOS A TODOS OS CENTROS E N\u00daCLEOS DO INSTITUTO DE BOT\u00c2NICA.<\/strong><br \/>\nDATA E HORA DA SESS\u00c3O DE ABERTURA:<br \/>\n15\/03\/2012 \u00e0s 10:00 horas.<\/td>\n<\/tr>\n<tr>\n<th style=\"text-align: left\" align=\"middle\"><strong><a href=\"https:\/\/www.infraestruturameioambiente.sp.gov.br\/institutodebotanica\/wp-content\/uploads\/sites\/235\/2013\/09\/edital2012_05.pdf\">EDITAL<\/a>\u00a0DE PREG\u00c3O ELETR\u00d4NICO N\u00ba 05\/2012<\/strong><\/th>\n<\/tr>\n<tr>\n<td style=\"text-align: left\" align=\"middle\"><strong> OBJETIVANDO A CONTRATA\u00c7\u00c3O DE EMPRESA PARA PRESTA\u00c7\u00c3O DE SERVI\u00c7OS ESPECIALIZADOS DE DISPONIBILIZA\u00c7\u00c3O DE EQUIPAMENTOS PARA COLETA E TRANSPORTE DE LIXO COMUM CONSISTENTE EM RES\u00cdDUOS S\u00d3LIDOS, GERADO NAS INSTALA\u00c7\u00d5ES DO INSTITUTO DE BOT\u00c2NICA, TENDO COMO DESTINA\u00c7\u00c3O FINAL OS ATERROS SANIT\u00c1RIOS AUTORIZADOS PELA CETESB.<\/strong><br \/>\nDATA E HORA DA SESS\u00c3O DE ABERTURA:<br \/>\n15 \/03\/2012 \u00e0s 15:00 horas.<\/td>\n<\/tr>\n<tr>\n<th style=\"text-align: left\" align=\"middle\"><strong><a href=\"https:\/\/www.infraestruturameioambiente.sp.gov.br\/institutodebotanica\/wp-content\/uploads\/sites\/235\/2013\/09\/edital2012_06.pdf\">EDITAL<\/a>\u00a0DE PREG\u00c3O ELETR\u00d4NICO N\u00ba 06\/2012<\/strong><\/th>\n<\/tr>\n<tr>\n<td style=\"text-align: left\" align=\"middle\"><strong> OBJETIVANDO A PRESTA\u00c7\u00c3O DE SERVI\u00c7O TELEF\u00d4NICO FIXO COMUTADO (STFC) NO INSTITUTO DE BOT\u00c2NICA.<\/strong><br \/>\nDATA E HORA DA SESS\u00c3O DE ABERTURA:<br \/>\n27\/03\/2012 \u00e0s 10:00 horas.<\/td>\n<\/tr>\n<tr>\n<th style=\"text-align: left\" align=\"middle\"><strong><a href=\"https:\/\/www.infraestruturameioambiente.sp.gov.br\/institutodebotanica\/wp-content\/uploads\/sites\/235\/2013\/09\/edital2012_07.pdf\">EDITAL<\/a>\u00a0DE PREG\u00c3O ELETR\u00d4NICO N\u00ba 07\/2012<\/strong><\/th>\n<\/tr>\n<tr>\n<td style=\"text-align: left\" align=\"middle\"><strong> OBJETIVANDO A CONTRATA\u00c7\u00c3O DE PRESTA\u00c7\u00c3O DE SERVI\u00c7OS DE CONTROLE, OPERA\u00c7\u00c3O E FISCALIZA\u00c7\u00c3O DE PORTARIAS EDIF\u00cdCIOS COM A COBERTURA EFETIVA DOS POSTOS DESIGNADOS NO \u00c2MBITO DO INSTITUTO DE BOT\u00c2NICA.<\/strong><br \/>\nDATA E HORA DA SESS\u00c3O DE ABERTURA:<br \/>\n29\/03\/2012 \u00e0s 10:00 horas.<strong> <\/strong><strong>Edital republicado em 21\/03\/2012<\/strong><\/td>\n<\/tr>\n<tr>\n<th style=\"text-align: left\" align=\"middle\"><strong><a href=\"https:\/\/www.infraestruturameioambiente.sp.gov.br\/institutodebotanica\/wp-content\/uploads\/sites\/235\/2013\/09\/edital2012_08.pdf\">EDITAL<\/a>\u00a0DE PREG\u00c3O ELETR\u00d4NICO N\u00ba 08\/2012<\/strong><\/th>\n<\/tr>\n<tr>\n<td style=\"text-align: left\" align=\"middle\"><strong> OBJETIVANDO A PRESTA\u00c7\u00c3O DE SERVI\u00c7OS DE SERVI\u00c7OS DE IMPRESS\u00c3O, MONTAGEM E ACABAMENTO DOS FASCICULOS 1 A 4, DA REVISTA HOEHNEA VOLUME 39, ANO DE 2012.<\/strong><br \/>\nDATA E HORA DA SESS\u00c3O DE ABERTURA:<br \/>\n27\/04\/2012 \u00e0s 10:00 horas.<\/td>\n<\/tr>\n<tr>\n<th style=\"text-align: left\" align=\"middle\"><strong><a href=\"https:\/\/www.infraestruturameioambiente.sp.gov.br\/institutodebotanica\/wp-content\/uploads\/sites\/235\/2013\/09\/edital2012_09.pdf\">EDITAL<\/a>\u00a0DE PREG\u00c3O ELETR\u00d4NICO N\u00ba 09\/2012<\/strong><\/th>\n<\/tr>\n<tr>\n<td style=\"text-align: left\" align=\"middle\"><strong> OBJETIVANDO A PRESTA\u00c7\u00c3O DE SERVI\u00c7O TELEF\u00d4NICO FIXO COMUTADO (STFC) NO INSTITUTO DE BOT\u00c2NICA.<\/strong><br \/>\nDATA E HORA DA SESS\u00c3O DE ABERTURA:<br \/>\n09\/05\/2012 \u00e0s 10:00 horas.<\/td>\n<\/tr>\n<tr>\n<th style=\"text-align: left\" align=\"middle\"><strong><a href=\"https:\/\/www.infraestruturameioambiente.sp.gov.br\/institutodebotanica\/wp-content\/uploads\/sites\/235\/2013\/09\/edital2012_10.pdf\">EDITAL<\/a>\u00a0DE PREG\u00c3O ELETR\u00d4NICO N\u00ba 10\/2012<\/strong><\/th>\n<\/tr>\n<tr>\n<td style=\"text-align: left\" align=\"middle\"><strong> OBJETIVANDO A COMPRA DE 01 (UM) MICRO\u00d4NIBUS, DO GRUPO S-4, PARA A SUBFROTA DO INSTITUTO DE BOT\u00c2NICA.<\/strong><br \/>\nDATA E HORA DA SESS\u00c3O DE ABERTURA:<br \/>\n14\/06\/2012 \u00e0s 10:00 horas.<\/td>\n<\/tr>\n<tr>\n<th style=\"text-align: left\" align=\"middle\"><strong><a href=\"https:\/\/www.infraestruturameioambiente.sp.gov.br\/institutodebotanica\/wp-content\/uploads\/sites\/235\/2013\/09\/edital2012_11.pdf\">EDITAL<\/a>\u00a0DE PREG\u00c3O ELETR\u00d4NICO N\u00ba 11\/2012<\/strong><\/th>\n<\/tr>\n<tr>\n<td style=\"text-align: left\" align=\"middle\"><strong> OBJETIVANDO A COMPRA DE 01 (UM) MICRO\u00d4NIBUS, DO GRUPO S-4, PARA A SUBFROTA DO INSTITUTO DE BOT\u00c2NICA.<\/strong><br \/>\nDATA E HORA DA SESS\u00c3O DE ABERTURA:<br \/>\n02\/07\/2012 \u00e0s 10:00 horas.<\/td>\n<\/tr>\n<tr>\n<th style=\"text-align: left\" align=\"middle\"><strong><a href=\"https:\/\/www.infraestruturameioambiente.sp.gov.br\/institutodebotanica\/wp-content\/uploads\/sites\/235\/2013\/09\/edital2012_12.pdf\">EDITAL<\/a>\u00a0DE PREG\u00c3O ELETR\u00d4NICO N\u00ba 12\/2012<\/strong><\/th>\n<\/tr>\n<tr>\n<td style=\"text-align: left\" align=\"middle\"><strong> OBJETIVANDO A COMPRA DE 01 (UM) MICRO\u00d4NIBUS, DO GRUPO S-4, PARA A SUBFROTA DO INSTITUTO DE BOT\u00c2NICA.<\/strong><br \/>\nDATA E HORA DA SESS\u00c3O DE ABERTURA:<br \/>\n18\/07\/2012 \u00e0s 10:00 horas.<\/td>\n<\/tr>\n<tr>\n<th style=\"text-align: left\" align=\"middle\"><strong><a href=\"https:\/\/www.infraestruturameioambiente.sp.gov.br\/institutodebotanica\/wp-content\/uploads\/sites\/235\/2013\/09\/edital2012_13.pdf\">EDITAL<\/a>\u00a0DE PREG\u00c3O ELETR\u00d4NICO N\u00ba 13\/2012<\/strong><\/th>\n<\/tr>\n<tr>\n<td style=\"text-align: left\" align=\"middle\"><strong> OBJETIVANDO A COMPRA DE 01 (UM) MICRO\u00d4NIBUS, DO GRUPO S-4, PARA A SUBFROTA DO INSTITUTO DE BOT\u00c2NICA.<\/strong><br \/>\nDATA E HORA DA SESS\u00c3O DE ABERTURA:<br \/>\n02\/08\/2012 \u00e0s 10:00 horas.<\/td>\n<\/tr>\n<tr>\n<th style=\"text-align: left\" align=\"middle\"><strong><a href=\"https:\/\/www.infraestruturameioambiente.sp.gov.br\/institutodebotanica\/wp-content\/uploads\/sites\/235\/2013\/09\/edital2012_14.pdf\">EDITAL<\/a>\u00a0DE PREG\u00c3O PRESENCIAL N\u00ba 14\/2012<\/strong><\/th>\n<\/tr>\n<tr>\n<td style=\"text-align: left\" align=\"middle\"><strong> OBJETIVANDO COMPRA DE MATERIAIS DE LABORAT\u00d3RIO.<\/strong><br \/>\nDATA E HORA DA SESS\u00c3O DE ABERTURA:<br \/>\n12\/09\/2012 \u00e0s 10:00 horas.<strong>Edital republicado em 05\/09\/2012<\/strong><\/td>\n<\/tr>\n<tr>\n<th style=\"text-align: left\" align=\"middle\"><strong><a href=\"https:\/\/www.infraestruturameioambiente.sp.gov.br\/institutodebotanica\/wp-content\/uploads\/sites\/235\/2013\/09\/edital2012_15.pdf\">EDITAL<\/a>\u00a0DE PREG\u00c3O ELETR\u00d4NICO N\u00ba 15\/2012<\/strong><\/th>\n<\/tr>\n<tr>\n<td style=\"text-align: left\" align=\"middle\"><strong> OBJETIVANDO A CONFEC\u00c7\u00c3O DE ENVELOPES PARA CORRESPOND\u00caNCIA DE PL\u00c1STICO.<\/strong><br \/>\nDATA E HORA DA SESS\u00c3O DE ABERTURA:<br \/>\n04\/10\/2012 \u00e0s 10:00 horas.<\/td>\n<\/tr>\n<tr>\n<th style=\"text-align: left\" align=\"middle\"><strong><a href=\"https:\/\/www.infraestruturameioambiente.sp.gov.br\/institutodebotanica\/wp-content\/uploads\/sites\/235\/2013\/09\/edital2012_16.pdf\">EDITAL<\/a>\u00a0DE PREG\u00c3O ELETR\u00d4NICO N\u00ba 16\/2012<\/strong><\/th>\n<\/tr>\n<tr>\n<td style=\"text-align: left\" align=\"middle\"><strong> OBJETIVANDO A AQUISI\u00c7\u00c3O DE VE\u00cdCULOS DO GRUPO S-2, PARA O N\u00daCLEO DE ADMINISTRA\u00c7\u00c3O DE SUBFROTA DO INSTITUTO DE BOT\u00c2NICA.<\/strong><br \/>\nDATA E HORA DA SESS\u00c3O DE ABERTURA:<br \/>\n27\/11\/2012 \u00e0s 10:00 horas.<\/td>\n<\/tr>\n<tr>\n<th style=\"text-align: left\" align=\"middle\"><strong><a href=\"https:\/\/www.infraestruturameioambiente.sp.gov.br\/institutodebotanica\/wp-content\/uploads\/sites\/235\/2013\/09\/edital2012_17.pdf\">EDITAL<\/a>\u00a0DE PREG\u00c3O ELETR\u00d4NICO N\u00ba 17\/2012<\/strong><\/th>\n<\/tr>\n<tr>\n<td style=\"text-align: left\" align=\"middle\"><strong> OBJETIVANDO A CONTRATA\u00c7\u00c3O DE EMPRESA ESPECIALIZADA PARA FORNECIMENTO E INSTALA\u00c7\u00c3O DE PORTAS E PAIN\u00c9IS DE VIDRO TEMPERADO NO PR\u00c9DIO DO N\u00daCLEO DE PESQUISA CURADORIA DO HERB\u00c1RIO DE S\u00c3O PAULO.<\/strong><br \/>\nDATA E HORA DA SESS\u00c3O DE ABERTURA:<br \/>\n27\/11\/2012 \u00e0s 10:00 horas.<\/td>\n<\/tr>\n<tr>\n<th style=\"text-align: left\" align=\"middle\"><strong><a href=\"https:\/\/www.infraestruturameioambiente.sp.gov.br\/institutodebotanica\/wp-content\/uploads\/sites\/235\/2013\/09\/edital2012_18.pdf\">EDITAL<\/a>\u00a0DE PREG\u00c3O ELETR\u00d4NICO N\u00ba 18\/2012<\/strong><\/th>\n<\/tr>\n<tr>\n<td style=\"text-align: left\" align=\"middle\"><strong> OBJETIVANDO A AQUISI\u00c7\u00c3O DE DOIS VE\u00cdCULOS UM VE\u00cdCULOS DO GRUPO S-2 UTILIT\u00c1RIO ESPORTIVO E OUTRO DO GRUPO S-1 TIPO SEDAN, PARA O N\u00daCLEO DE ADMINISTRA\u00c7\u00c3O DE SUBFROTA DO INSTITUTO DE BOT\u00c2NICA.<\/strong><br \/>\nDATA E HORA DA SESS\u00c3O DE ABERTURA:<br \/>\n06\/12\/2012 \u00e0s 09:30 horas.<\/td>\n<\/tr>\n<\/tbody>\n<\/table>\n","protected":false},"excerpt":{"rendered":"<p>EDITAL TOMADA DE PRE\u00c7OS N\u00ba 01\/2012 OBJETIVANDO A CONTRATA\u00c7\u00c3O DE SERVI\u00c7OS DE CONSTRU\u00c7\u00c3O DA REDE DE ENERGIA SUBTERR\u00c2NEA. DATA DE REALIZA\u00c7\u00c3O DA SESS\u00c3O P\u00daBLICA: Dia 08\/11\/2012.HOR\u00c1RIO: \u00e0s 10:00 horas ENTREGA DOS ENVELOPES: \u00e0s 9:00 horas. EDITAL DE PREG\u00c3O ELETR\u00d4NICO N\u00ba 01\/2012 OBJETIVANDO CONTRATA\u00c7\u00c3O DE SERVI\u00c7OS SEGURO TOTAL DE 17 (DEZESSETE) VEICULOS AUTOMOTIVOS PERTENCENTES AO N\u00daCLEO [&hellip;]<\/p>\n","protected":false},"author":58,"featured_media":0,"parent":16344,"menu_order":2,"comment_status":"open","ping_status":"open","template":"","meta":[],"_links":{"self":[{"href":"https:\/\/www.infraestruturameioambiente.sp.gov.br\/institutodebotanica\/wp-json\/wp\/v2\/pages\/15716"}],"collection":[{"href":"https:\/\/www.infraestruturameioambiente.sp.gov.br\/institutodebotanica\/wp-json\/wp\/v2\/pages"}],"about":[{"href":"https:\/\/www.infraestruturameioambiente.sp.gov.br\/institutodebotanica\/wp-json\/wp\/v2\/types\/page"}],"author":[{"embeddable":true,"href":"https:\/\/www.infraestruturameioambiente.sp.gov.br\/institutodebotanica\/wp-json\/wp\/v2\/users\/58"}],"replies":[{"embeddable":true,"href":"https:\/\/www.infraestruturameioambiente.sp.gov.br\/institutodebotanica\/wp-json\/wp\/v2\/comments?post=15716"}],"version-history":[{"count":20,"href":"https:\/\/www.infraestruturameioambiente.sp.gov.br\/institutodebotanica\/wp-json\/wp\/v2\/pages\/15716\/revisions"}],"predecessor-version":[{"id":15765,"href":"https:\/\/www.infraestruturameioambiente.sp.gov.br\/institutodebotanica\/wp-json\/wp\/v2\/pages\/15716\/revisions\/15765"}],"up":[{"embeddable":true,"href":"https:\/\/www.infraestruturameioambiente.sp.gov.br\/institutodebotanica\/wp-json\/wp\/v2\/pages\/16344"}],"wp:attachment":[{"href":"https:\/\/www.infraestruturameioambiente.sp.gov.br\/institutodebotanica\/wp-json\/wp\/v2\/media?parent=15716"}],"curies":[{"name":"wp","href":"https:\/\/api.w.org\/{rel}","templated":true}]}}