{"id":75,"date":"2013-04-25T11:38:05","date_gmt":"2013-04-25T14:38:05","guid":{"rendered":"http:\/\/www.ambiente.sp.gov.br\/hoehnea\/?page_id=75"},"modified":"2019-07-24T10:58:34","modified_gmt":"2019-07-24T13:58:34","slug":"v30f03","status":"publish","type":"page","link":"https:\/\/www.infraestruturameioambiente.sp.gov.br\/hoehnea\/fasciculos\/v30f03\/","title":{"rendered":"VOLUME 30 \u2013 F3 &#8211;  2003"},"content":{"rendered":"<p><strong>CONTE\u00daDO DESTE VOLUME<\/strong><\/p>\n<p>Esta publica\u00e7\u00e3o \u00e9 indexada pelo LATINDEX, SCIRUS , SciELO Brasil e Rede BHL SciELO &#8211; Peri\u00f3dicos em Biodiversidade. This publicaction is indexed in the LATINDEX, SCIRUS , SciELO Brasil and Rede BHL SciELO &#8211; Peri\u00f3dicos em Biodiversidade.<\/p>\n<p><strong>ARTIGOS\/ARTICLES<\/strong><\/p>\n<p><strong>CAVALHEIRO, L., PERALTA, D.F. &amp; FURLAN, A.<\/strong><br \/>\nFl\u00f3rula fanerog\u00e2mica da plan\u00edcie litor\u00e2nea de Picinguaba, Ubatuba-SP, Brasil: Boraginaceae. (Fanerogamic florula from coastal plain of Picinguaba, Ubatuba, S\u00e3o Paulo, Brazil: Boraginaceae)<br \/>\n<a href=\"https:\/\/smastr16.blob.core.windows.net\/hoehnea\/2015\/07\/303_T01_21_07_2015.pdf\">artigo completo em pdf<\/a><\/p>\n<p><strong>BARROS, F.\u00a0<\/strong><br \/>\nNotas taxon\u00f4micas para esp\u00e9cies brasileiras dos g\u00eaneros<em> Catasetum<\/em>, <em>Isabelia<\/em>, <em>Veyretia<\/em>, <em>Acianthera<\/em> e <em>Anathallis\u00a0<\/em>(Orchidaceae). (Taxonomic notes for Brazilian species of the genera<em> Catasetum<\/em>, <em>Isabelia<\/em>, <em>Veyretia<\/em>, <em>Acianthera<\/em>, and <em>Anathallis<\/em> (Orchidaceae))<br \/>\n<a href=\"https:\/\/smastr16.blob.core.windows.net\/hoehnea\/2015\/07\/303_T02_21_07_2015.pdf\">artigo completo em pdf<\/a><\/p>\n<p><strong>PRATA, A.P. &amp; L\u00d3PEZ, M.G.<\/strong><br \/>\nO G\u00eanero\u00a0<em>Bulbostylis<\/em>\u00a0(Cyperaceae) no estado de Roraima, Brasil (The Genus\u00a0<em>Bulbostylis<\/em>\u00a0(Cyperaceae) in the State of Roraima, Brazil)<br \/>\n<a href=\"https:\/\/smastr16.blob.core.windows.net\/hoehnea\/2016\/12\/303_T03_21_07_2015.pdf\">artigo completo em pdf<\/a><\/p>\n<p><strong>OLIVEIRA-CARVALHO, M.F., PEREIRA, S.M.B. &amp; ZICKEL, C.S.<\/strong><br \/>\nFlor\u00edstica e distribui\u00e7\u00e3o espa\u00e7o-temporal das clorof\u00edceas bent\u00f4nicas em trechos recifais do litoral norte do estado de Pernambuco &#8211; Brasil. (Floristic and spatial temporal distribution of benthic Chlorophyceae in reef intervals at the north coast of the State of Pernambuco &#8211; Brazil)<br \/>\n<a href=\"https:\/\/smastr16.blob.core.windows.net\/hoehnea\/2016\/12\/303_T04_21_07_2015.pdf\">artigo completo em pdf<\/a><\/p>\n<p><strong>MARQUES, M.C.M.<\/strong><br \/>\n<em>Polygala bevilacquai<\/em>\u00a0Marques (Polygalaceae), uma nova esp\u00e9cie de Polygalaceae, end\u00eamica de S\u00e3o Paulo, Brasil. (<em>Polygala bevilacquai<\/em>\u00a0Marques (Polygalaceae), a new species endemic of S\u00e3o Paulo, Brazil)<br \/>\n<a href=\"https:\/\/smastr16.blob.core.windows.net\/hoehnea\/2015\/07\/303_T05_21_07_2015.pdf\">artigo completo em pdf<\/a><\/p>\n<p><strong>GARCIA, R.J.F. &amp; PIRANI, J.R.<\/strong><br \/>\nRevis\u00e3o sobre o diagn\u00f3stico e caracteriza\u00e7\u00e3o da vegeta\u00e7\u00e3o campestre junto \u00e0 crista de serras, no Parque Estadual da Serra do Mar, S\u00e3o Paulo, SP, Brasil. (A review of diagnosis and characterization of montane grassland in Estadual da Serra do Mar in S\u00e3o Paulo, SP, Brazil)<br \/>\n<a href=\"https:\/\/smastr16.blob.core.windows.net\/hoehnea\/2017\/05\/303_t06_21_07_2015.pdf\">artigo completo em pdf<\/a><\/p>\n<p><strong>LABIAK, P.H. &amp; PRADO, J.<\/strong><br \/>\nGrammitidaceae (Pteridophyta) no Brasil com \u00eanfase nos g\u00eaneros\u00a0<em>Ceradenia<\/em>,\u00a0<em>Cochlidium<\/em>\u00a0e\u00a0<em>Grammitis<\/em>. (Grammitidaceae (Pteridophyta) from Brazil with emphasis on the genera\u00a0<em>Ceradenia<\/em>,\u00a0<em>Cochlidium<\/em>\u00a0and\u00a0<em>Grammitis<\/em>)<br \/>\n<a href=\"https:\/\/smastr16.blob.core.windows.net\/hoehnea\/2016\/12\/303_T07_21_07_2015.pdf\">artigo completo em pdf<\/a><\/p>\n<p><strong>AZEVEDO, M.T.P., SANT&#8217;ANNA, C.L., SENNA, P.A.C., KOM\u00c1REK, J. &amp; KOM\u00c1RCOV\u00c1, J.<\/strong><br \/>\nContribution to the microflora of chroococcalean cyanoprokaryotes from S\u00e3o Paulo State, Southeast, Brazil.(Contribui\u00e7\u00e3o \u00e0 microflora de cianoprocariotas coc\u00f3ides do estado de S\u00e3o Paulo, Brasil)<br \/>\n<a href=\"https:\/\/smastr16.blob.core.windows.net\/hoehnea\/2016\/12\/303_T08_21_07_2015.pdf\">artigo completo em pdf<\/a><\/p>\n","protected":false},"excerpt":{"rendered":"<p>CONTE\u00daDO DESTE VOLUME Esta publica\u00e7\u00e3o \u00e9 indexada pelo LATINDEX, SCIRUS , SciELO Brasil e Rede BHL SciELO &#8211; Peri\u00f3dicos em Biodiversidade. This publicaction is indexed in the LATINDEX, SCIRUS , SciELO Brasil and Rede BHL SciELO &#8211; Peri\u00f3dicos em Biodiversidade. ARTIGOS\/ARTICLES CAVALHEIRO, L., PERALTA, D.F. &amp; FURLAN, A. Fl\u00f3rula fanerog\u00e2mica da plan\u00edcie litor\u00e2nea de Picinguaba, [&hellip;]<\/p>\n","protected":false},"author":1,"featured_media":0,"parent":40,"menu_order":3003,"comment_status":"closed","ping_status":"closed","template":"","meta":[],"_links":{"self":[{"href":"https:\/\/www.infraestruturameioambiente.sp.gov.br\/hoehnea\/wp-json\/wp\/v2\/pages\/75"}],"collection":[{"href":"https:\/\/www.infraestruturameioambiente.sp.gov.br\/hoehnea\/wp-json\/wp\/v2\/pages"}],"about":[{"href":"https:\/\/www.infraestruturameioambiente.sp.gov.br\/hoehnea\/wp-json\/wp\/v2\/types\/page"}],"author":[{"embeddable":true,"href":"https:\/\/www.infraestruturameioambiente.sp.gov.br\/hoehnea\/wp-json\/wp\/v2\/users\/1"}],"replies":[{"embeddable":true,"href":"https:\/\/www.infraestruturameioambiente.sp.gov.br\/hoehnea\/wp-json\/wp\/v2\/comments?post=75"}],"version-history":[{"count":1,"href":"https:\/\/www.infraestruturameioambiente.sp.gov.br\/hoehnea\/wp-json\/wp\/v2\/pages\/75\/revisions"}],"predecessor-version":[{"id":2218,"href":"https:\/\/www.infraestruturameioambiente.sp.gov.br\/hoehnea\/wp-json\/wp\/v2\/pages\/75\/revisions\/2218"}],"up":[{"embeddable":true,"href":"https:\/\/www.infraestruturameioambiente.sp.gov.br\/hoehnea\/wp-json\/wp\/v2\/pages\/40"}],"wp:attachment":[{"href":"https:\/\/www.infraestruturameioambiente.sp.gov.br\/hoehnea\/wp-json\/wp\/v2\/media?parent=75"}],"curies":[{"name":"wp","href":"https:\/\/api.w.org\/{rel}","templated":true}]}}